{"id":1451,"date":"2010-08-26T02:33:13","date_gmt":"2010-08-26T02:33:13","guid":{"rendered":"http:\/\/staging.verztec.com\/verztec\/media-release\/"},"modified":"2025-03-18T07:20:41","modified_gmt":"2025-03-18T07:20:41","slug":"media-release","status":"publish","type":"page","link":"https:\/\/www.verztec.com\/media-release","title":{"rendered":"Pressemitteilung"},"content":{"rendered":"<p>Verztec ist bestrebt, Transparenz und Kommunikation mit unseren Interessengruppen zu f\u00f6rdern. Unsere Seite f\u00fcr Pressemitteilungen bietet zeitnahe Updates zu Unternehmensnachrichten, Veranstaltungen und Initiativen. Als aktiver Teilnehmer an Branchenkonferenzen und f\u00fchrendes Unternehmen f\u00fcr digitale L\u00f6sungen und Lokalisierung setzen wir uns daf\u00fcr ein, unser Publikum \u00fcber unsere kontinuierlichen Beitr\u00e4ge zum globalen Markt zu informieren. Bleiben Sie mit uns verbunden, um mehr \u00fcber unsere neuesten Erfolge und zuk\u00fcnftigen Vorhaben zu erfahren.<\/p>\n<p><em style=\"color: #000; font-weight: normal;\">14. April 2020<\/em><\/p>\n<p><a style=\"text-decoration: none;\" title=\"Nutzen Sie diese Zeit, um ein m\u00e4chtiges digitales Trojanisches Pferd zu bauen (The Business Times)\" href=\"https:\/\/www.businesstimes.com.sg\/sme\/use-this-time-to-build-powerful-digital-trojan-horse\" target=\"_blank\" rel=\"noopener\">Nutzen Sie diese Zeit, um ein m\u00e4chtiges digitales Trojanisches Pferd zu bauen (The Business Times)<\/a><\/p>\n<hr style=\"border-top: 1px solid rgb(238, 238, 238); margin: 20px 0\" \/>\n<p><em style=\"color: #000; font-weight: normal;\">27. November 2019<\/em><\/p>\n<p><a style=\"text-decoration: none;\" title=\"Die Geschichte von Verztec wurde auf ChannelNewsAsia vorgestellt\" href=\"https:\/\/www.facebook.com\/verztec\/videos\/519553068631233\/\" target=\"_blank\" rel=\"noopener\">Die Geschichte von Verztec wurde auf ChannelNewsAsia vorgestellt<\/a><\/p>\n<hr style=\"border-top: 1px solid rgb(238, 238, 238); margin: 20px 0\" \/>\n<p><em style=\"color: #000; font-weight: normal;\">7. November 2017<\/em><\/p>\n<p><a style=\"text-decoration: none;\" title=\"Verztec wurde von NVPC zum Champion of Good ernannt (The Straits Times)\" href=\"http:\/\/www.straitstimes.com\/singapore\/corporate-giving-not-just-a-business-practice-but-helps-to-build-a-caring-society-heng\" target=\"_blank\" rel=\"noopener\">Verztec wurde von NVPC zum Champion of Good ernannt (The Straits Times)<\/a><\/p>\n<hr style=\"border-top: 1px solid rgb(238, 238, 238); margin: 20px 0\" \/>\n<p><em style=\"color: #000; font-weight: normal;\">15. Oktober 2017<\/em><\/p>\n<p><a style=\"text-decoration: none;\" title=\"PORTFOLIO Magazine interviewt Verztec \u00fcber CSR\" href=\"http:\/\/www.portfoliomagsg.com\/article\/looking-out-for-disadvantaged-children.html\" target=\"_blank\" rel=\"noopener\">PORTFOLIO Magazine interviewt Verztec \u00fcber CSR<\/a><\/p>\n<hr style=\"border-top: 1px solid rgb(238, 238, 238); margin: 20px 0\" \/>\n<p><em style=\"color: #000; font-weight: normal;\">7. September 2017<\/em><\/p>\n<p><a style=\"text-decoration: none;\" title=\"ACE kooperiert mit Verztec (The Straits Times)\" href=\"http:\/\/www.businesstimes.com.sg\/government-economy\/one-stop-centre-to-help-spore-startups-ace-it-abroad\" target=\"_blank\" rel=\"noopener\">ACE kooperiert mit Verztec (The Straits Times)<\/a><\/p>\n<hr style=\"border-top: 1px solid rgb(238, 238, 238); margin: 20px 0\" \/>\n<p><em style=\"color: #000; font-weight: normal;\">13. M\u00e4rz 2017<\/em><\/p>\n<p><a style=\"text-decoration: none;\" title=\"Verztec w\u00e4hlt Wohlt\u00e4tigkeitspartner aus, die seinen Fokus teilen (The Business Times)\" href=\"http:\/\/www.businesstimes.com.sg\/companies-markets\/company-of-good\/verztec-selects-charity-partners-that-share-its-focus\" target=\"_blank\" rel=\"noopener\">Verztec w\u00e4hlt Wohlt\u00e4tigkeitspartner aus, die seinen Fokus teilen (The Business Times)<\/a><\/p>\n<hr style=\"border-top: 1px solid rgb(238, 238, 238); margin: 20px 0\" \/>\n<p><em style=\"color: #000; font-weight: normal;\">6. M\u00e4rz 2017<\/em><\/p>\n<p><a style=\"text-decoration: none;\" title=\"The Straits Times stellt SwiftTranslate vor, einen Online-\u00dcbersetzungsdienst f\u00fcr mehrere asiatische Sprachen\" href=\"http:\/\/www.straitstimes.com\/business\/helping-businesses-to-overcome-language-barriers\" target=\"_blank\" rel=\"noopener\">The Straits Times stellt SwiftTranslate vor, einen Online-\u00dcbersetzungsdienst f\u00fcr mehrere asiatische Sprachen<\/a><\/p>\n<hr style=\"border-top: 1px solid rgb(238, 238, 238); margin: 20px 0\" \/>\n<p><em style=\"color: #000; font-weight: normal;\">27. November 2015<\/em><\/p>\n<p><a style=\"text-decoration: none;\" title=\"Neues Programm, um KMU online global zu helfen (The Straits Times)\" href=\"http:\/\/www.straitstimes.com\/business\/new-scheme-to-help-smes-go-global-online\" target=\"_blank\" rel=\"noopener\">Neues Programm, um KMU online global zu helfen (The Straits Times)<\/a><\/p>\n<hr style=\"border-top: 1px solid rgb(238, 238, 238); margin: 20px 0\" \/>\n<p><em style=\"color: #000; font-weight: normal;\">13. Juli 2015<\/em><\/p>\n<p><a style=\"text-decoration: none;\" title=\"Verztec gewinnt den Influential Brands Award 2015\" href=\"http:\/\/www.prweb.com\/releases\/2015\/07\/prweb12843195.htm\" target=\"_blank\" rel=\"noopener\">Verztec gewinnt den Influential Brands Award 2015<\/a><\/p>\n<hr style=\"border-top: 1px solid rgb(238, 238, 238); margin: 20px 0\" \/>\n<p><em style=\"color: #000; font-weight: normal;\">5. M\u00e4rz 2015<\/em><\/p>\n<p><a style=\"text-decoration: none;\" title=\"Verztec stellt FastTrack\u2122 vor, eine praktische Online-L\u00f6sung f\u00fcr schnellen \u00dcbersetzungsservice\" href=\"http:\/\/www.prweb.com\/releases\/2015\/03\/prweb12556713.htm\" target=\"_blank\" rel=\"noopener\">Verztec stellt FastTrack\u2122 vor, eine praktische Online-L\u00f6sung f\u00fcr schnellen \u00dcbersetzungsservice<\/a><\/p>\n<hr style=\"border-top: 1px solid rgb(238, 238, 238); margin: 20px 0\" \/>\n<p><em style=\"color: #000; font-weight: normal;\">16. August 2014<\/em><\/p>\n<p>Der CEO von Verztec, Nicholas Goh, wird in The Business Times als Gewinner des Asia Pacific Entrepreneurship Award 2014, Kategorie Herausragend, vorgestellt<\/p>\n<hr style=\"border-top: 1px solid rgb(238, 238, 238); margin: 20px 0\" \/>\n<p><em style=\"color: #000; font-weight: normal;\">16. Juni 2014<\/em><\/p>\n<p><a style=\"text-decoration: none;\" title=\"Verztec gewinnt den Business Superbrands 2014 Award\" href=\"http:\/\/www.prweb.com\/releases\/2014\/06\/prweb11942271.htm\" target=\"_blank\" rel=\"noopener\">Verztec gewinnt den Business Superbrands 2014 Award<\/a><\/p>\n<hr style=\"border-top: 1px solid rgb(238, 238, 238); margin: 20px 0\" \/>\n<p><em style=\"color: #000; font-weight: normal;\">11. Februar 2014<\/em><\/p>\n<p><a style=\"text-decoration: none;\" title=\"Verztec sponsert die Er\u00f6ffnungskonferenz Localization World 2014 in Thailand\" href=\"http:\/\/www.bangkokbusinessbrief.com\/2014\/02\/11\/verztec-sponsors-inaugural-localization-world-conference-2014-in-thailand\/#ixzz2sytgyf73\" target=\"_blank\" rel=\"noopener\">Verztec sponsert die Er\u00f6ffnungskonferenz Localization World 2014 in Thailand<\/a><\/p>\n<hr style=\"border-top: 1px solid rgb(238, 238, 238); margin: 20px 0\" \/>\n<p><em style=\"color: #000; font-weight: normal;\">20. Januar 2014<\/em><\/p>\n<p>Panorama berichtet \u00fcber VerztecLearning\u2122 in Gespr\u00e4chen \u00fcber ein Joint Venture mit einem laotischen Partner<\/p>\n<hr style=\"border-top: 1px solid rgb(238, 238, 238); margin: 20px 0\" \/>\n<p><em style=\"color: #000; font-weight: normal;\">15. Januar 2014<\/em><\/p>\n<p><a style=\"text-decoration: none;\" title=\"VerztecLearning\u2122 in Gespr\u00e4chen \u00fcber ein Joint Venture mit einem laotischen Partner\" href=\"http:\/\/www.bangkokbusinessbrief.com\/2014\/01\/15\/verztec-learning-in-joint-venture-talks-with-laotian-counterpart\/#ixzz2rmDDnNby\" target=\"_blank\" rel=\"noopener\">VerztecLearning\u2122 in Gespr\u00e4chen \u00fcber ein Joint Venture mit einem laotischen Partner<\/a><\/p>\n<hr style=\"border-top: 1px solid rgb(238, 238, 238); margin: 20px 0\" \/>\n<p><em style=\"color: #000; font-weight: normal;\">4. Januar 2014<\/em><\/p>\n<p><a style=\"text-decoration: none;\" title=\"Verztec k\u00fcndigt 'Hotel Suite' f\u00fcr Corporate eLearning und Entwicklung in Hotels in Thailand an\" href=\"http:\/\/www.bangkokbusinessbrief.com\/2013\/01\/04\/verztec-announces-hotel-suite-of-corporate-elearning-development-for-hotels-in-thailand\/\" target=\"_blank\" rel=\"noopener\">Verztec k\u00fcndigt &#8216;Hotel Suite&#8217; f\u00fcr Corporate eLearning und Entwicklung in Hotels in Thailand an<\/a><\/p>\n<hr style=\"border-top: 1px solid rgb(238, 238, 238); margin: 20px 0\" \/>\n<p><em style=\"color: #000; font-weight: normal;\">10. August 2013<\/em><\/p>\n<p>The Business Times berichtet \u00fcber Verztec als Gewinner des Emerging Enterprise Award 2013<\/p>\n<hr style=\"border-top: 1px solid rgb(238, 238, 238); margin: 20px 0\" \/>\n<p><em style=\"color: #000; font-weight: normal;\">27. Juli 2013<\/em><\/p>\n<p><a style=\"text-decoration: none;\" title=\"Die Zeitung TODAY berichtet \u00fcber Verztec bei der Canon SuperSeries Bowling Championship\" href=\"http:\/\/www.todayonline.com\/sports\/networking-and-bonding-through-bowling\" target=\"_blank\" rel=\"noopener\">Die Zeitung TODAY berichtet \u00fcber Verztec bei der Canon SuperSeries Bowling Championship<\/a><\/p>\n<hr style=\"border-top: 1px solid rgb(238, 238, 238); margin: 20px 0\" \/>\n<p><em style=\"color: #000; font-weight: normal;\">22. Juli 2013<\/em><\/p>\n<p>Singtel interviewt Verztecs CEO Nicholas Goh \u00fcber Lokalisierung und professionelle \u00dcbersetzungen<\/p>\n<hr style=\"border-top: 1px solid rgb(238, 238, 238); margin: 20px 0\" \/>\n<p><em style=\"color: #000; font-weight: normal;\">31. Mai 2013<\/em><\/p>\n<p>SIMM unterzeichnet ein Memorandum of Understanding (MOU) mit Verztec<\/p>\n<hr style=\"border-top: 1px solid rgb(238, 238, 238); margin: 20px 0\" \/>\n<p><em style=\"color: #000; font-weight: normal;\">7. November 2012<\/em><\/p>\n<p>Verztec ist der offizielle \u00dcbersetzungssponsor f\u00fcr die ASTD-STADA Asia Pacific Conference 2012<\/p>\n<hr style=\"border-top: 1px solid rgb(238, 238, 238); margin: 20px 0\" \/>\n<p><em style=\"color: #000; font-weight: normal;\">23. August 2012<\/em><\/p>\n<p>Sonderbericht von The Business Times \u00fcber Verztec Consulting als Gewinner des Prominent Award of the Year 2012<\/p>\n<hr style=\"border-top: 1px solid rgb(238, 238, 238); margin: 20px 0\" \/>\n<p><em style=\"color: #000; font-weight: normal;\">23. August 2012<\/em><\/p>\n<p>Lianhe Zaobao berichtet \u00fcber Verztec Consulting im Rahmen der SME1 Asia Awards 2012<\/p>\n<hr style=\"border-top: 1px solid rgb(238, 238, 238); margin: 20px 0\" \/>\n<p><em style=\"color: #000; font-weight: normal;\">2. August 2012<\/em><\/p>\n<p>Verztec Consulting wird als Gewinner des Arts Supporter Awards 2012 ausgezeichnet<\/p>\n<hr style=\"border-top: 1px solid rgb(238, 238, 238); margin: 20px 0\" \/>\n<p><em style=\"color: #000; font-weight: normal;\">1. August 2012<\/em><\/p>\n<p>Verztec gewinnt die Platin-Auszeichnung bei Promising SME 500 2012<\/p>\n<hr style=\"border-top: 1px solid rgb(238, 238, 238); margin: 20px 0\" \/>\n<p><em style=\"color: #000; font-weight: normal;\">30. Juli 2012<\/em><\/p>\n<p>Channel NewsAsia interviewt den CEO von Verztec, Nicholas Goh, w\u00e4hrend der SME1 Asia Awards 2012<\/p>\n<hr style=\"border-top: 1px solid rgb(238, 238, 238); margin: 20px 0\" \/>\n<p><em style=\"color: #000; font-weight: normal;\">24. Juli 2012<\/em><\/p>\n<p>Verztec Consulting gewinnt die Auszeichnung Prominent Award of the Year bei den SME1 Asia Awards 2012<\/p>\n<hr style=\"border-top: 1px solid rgb(238, 238, 238); margin: 20px 0\" \/>\n<p><em style=\"color: #000; font-weight: normal;\">22. Februar 2012<\/em><\/p>\n<p>Verztec geht eine Partnerschaft mit dem TUNE BIG Loyalty Program ein<\/p>\n<hr style=\"border-top: 1px solid rgb(238, 238, 238); margin: 20px 0\" \/>\n<p><em style=\"color: #000; font-weight: normal;\">8. Juni 2011<\/em><\/p>\n<p>Verztec stellt mehrsprachige Personalbeschaffungsl\u00f6s<\/p>\n<hr style=\"border-top: 1px solid rgb(238, 238, 238); margin: 20px 0\" \/>\n<p><em style=\"color: #000; font-weight: normal;\">23. Mai 2011<\/em><\/p>\n<p>L\u00f6sungen f\u00fcr Lernen und Entwicklung mit einem neuen kulturellen Ansatz.<\/p>\n<hr style=\"border-top: 1px solid rgb(238, 238, 238); margin: 20px 0\" \/>\n<p><em style=\"color: #000; font-weight: normal;\">13. Januar 2011<\/em><\/p>\n<p><a style=\"text-decoration: none;\" title=\"Verztec k\u00fcndigt seinen Einstieg in die Welt des unternehmerischen Lernens und der Entwicklung an\" href=\"http:\/\/www.i-newswire.com\/verztec-announces-its-foray-into\/110504\" target=\"_blank\" rel=\"noopener\">Verztec k\u00fcndigt seinen Einstieg in die Welt des unternehmerischen Lernens und der Entwicklung an.<\/a><\/p>\n<hr style=\"border-top: 1px solid rgb(238, 238, 238); margin: 20px 0\" \/>\n<p><em style=\"color: #000; font-weight: normal;\">29. November 2010<\/em><\/p>\n<p>Verztec im Rennen um den SPBA &#8211; Most Popular Brand Award.<\/p>\n<hr style=\"border-top: 1px solid rgb(238, 238, 238); margin: 20px 0\" \/>\n<p><em style=\"color: #000; font-weight: normal;\">3. August 2010<\/em><\/p>\n<p>Offizieller Haftungsausschluss von Verztec zur Kl\u00e4rung eines vergangenen Missverst\u00e4ndnisses in Bezug auf einige Webinhalte, das ordnungsgem\u00e4\u00df gel\u00f6st wurde.<\/p>\n<hr style=\"border-top: 1px solid rgb(238, 238, 238); margin: 20px 0\" \/>\n<p><em style=\"color: #000; font-weight: normal;\">13. Juli 2010<\/em><\/p>\n<p>Der CEO von Verztec, Herr Nicholas Goh, gibt Tipps zur Verbesserung der Kommunikation mit Kunden in The Nation.<\/p>\n<hr style=\"border-top: 1px solid rgb(238, 238, 238); margin: 20px 0\" \/>\n<p><em style=\"color: #000; font-weight: normal;\">1. Juli 2010<\/em><\/p>\n<p>Der CEO von Verztec, Nicholas Goh, wird in einem exklusiven Interview mit The Nation (Thailand) vorgestellt.<\/p>\n<hr style=\"border-top: 1px solid rgb(238, 238, 238); margin: 20px 0\" \/>\n<p>F\u00fcr alle medienbezogenen Anfragen senden Sie bitte eine E-Mail an <a style=\"text-decoration: none;\" href=\"mailto:media@verztec.com\">media@verztec.com<\/a>.<\/p>\n","protected":false},"excerpt":{"rendered":"<p>Verztec ist bestrebt, Transparenz und Kommunikation mit unseren Interessengruppen zu f\u00f6rdern. Unsere Seite f\u00fcr Pressemitteilungen bietet zeitnahe Updates zu Unternehmensnachrichten, Veranstaltungen und Initiativen. Als aktiver Teilnehmer an Branchenkonferenzen und f\u00fchrendes&hellip;<\/p>\n","protected":false},"author":1,"featured_media":2024,"parent":0,"menu_order":11,"comment_status":"closed","ping_status":"closed","template":"","meta":{"footnotes":""},"class_list":["post-1451","page","type-page","status-publish","has-post-thumbnail","hentry"],"_links":{"self":[{"href":"https:\/\/www.verztec.com\/wp-json\/wp\/v2\/pages\/1451"}],"collection":[{"href":"https:\/\/www.verztec.com\/wp-json\/wp\/v2\/pages"}],"about":[{"href":"https:\/\/www.verztec.com\/wp-json\/wp\/v2\/types\/page"}],"author":[{"embeddable":true,"href":"https:\/\/www.verztec.com\/wp-json\/wp\/v2\/users\/1"}],"replies":[{"embeddable":true,"href":"https:\/\/www.verztec.com\/wp-json\/wp\/v2\/comments?post=1451"}],"version-history":[{"count":9,"href":"https:\/\/www.verztec.com\/wp-json\/wp\/v2\/pages\/1451\/revisions"}],"predecessor-version":[{"id":4247,"href":"https:\/\/www.verztec.com\/wp-json\/wp\/v2\/pages\/1451\/revisions\/4247"}],"wp:featuredmedia":[{"embeddable":true,"href":"https:\/\/www.verztec.com\/wp-json\/wp\/v2\/media\/2024"}],"wp:attachment":[{"href":"https:\/\/www.verztec.com\/wp-json\/wp\/v2\/media?parent=1451"}],"curies":[{"name":"wp","href":"https:\/\/api.w.org\/{rel}","templated":true}]}}