{"id":607,"date":"2009-06-22T06:50:14","date_gmt":"2009-06-22T06:50:14","guid":{"rendered":"http:\/\/staging.verztec.com\/verztec\/news-and-event-1\/"},"modified":"2024-12-20T08:40:51","modified_gmt":"2024-12-20T08:40:51","slug":"news-and-event-1","status":"publish","type":"page","link":"https:\/\/www.verztec.com\/news-and-event-1","title":{"rendered":"Nachrichten und Veranstaltungen"},"content":{"rendered":"\r\n\r\n\r\n<style>\r\n    p {\r\n        line-height: 1.5;\r\n    }\r\n<\/style>\r\n<p style=\"line-height: 1.5;\">Bleiben Sie auf dem neuesten Stand mit den neuesten Nachrichten und Veranstaltungen von Verztec! Entdecken Sie unsere Teilnahme an Branchenkonferenzen, bevorstehenden Seminaren und spannenden Initiativen. Begleiten Sie uns, w\u00e4hrend wir Einblicke und Innovationen teilen, die unsere Mission unterst\u00fctzen, globale Unternehmen mit hochwertigen digitalen L\u00f6sungen und Lokalisierungsdiensten zu f\u00f6rdern.<\/p>\r\n<div id=\"page1\" class=\"page\">\r\n<p class=\"first1\"><\/p> \r\n<p><em><a name=\"aug2023\"><\/a>August 2023<\/em><\/p>\r\n<p><strong>Verztec Movie Night 2023<\/strong><\/p>\r\n<p>Verztec hat unser Kinoevent im Bugis+ Golden Village zur\u00fcckgebracht. Ein gro\u00dfes Dankesch\u00f6n an unsere \u00fcber 300 Kunden und Partner, die mit dabei waren. Wir hoffen, Sie haben den Film genossen!<\/p>\r\n<div id=\"gallery\" class=\"small\">\r\n    <a href=\"https:\/\/www.verztec.com\/wp-content\/uploads\/events\/movie2023\/1.jpg\" class=\"gallery-item\">\r\n        <img decoding=\"async\" src=\"https:\/\/www.verztec.com\/wp-content\/uploads\/events\/movie2023\/1.jpg\" alt=\"Verztec Movie Night 2023\" \/>\r\n    <\/a>\r\n    <a href=\"https:\/\/www.verztec.com\/wp-content\/uploads\/events\/movie2023\/2.jpg\" class=\"gallery-item\">\r\n        <img decoding=\"async\" src=\"https:\/\/www.verztec.com\/wp-content\/uploads\/events\/movie2023\/2.jpg\" alt=\"Verztec Movie Night 2023\" \/>\r\n    <\/a>\r\n    <a href=\"https:\/\/www.verztec.com\/wp-content\/uploads\/events\/movie2023\/3.jpg\" class=\"gallery-item\">\r\n        <img decoding=\"async\" src=\"https:\/\/www.verztec.com\/wp-content\/uploads\/events\/movie2023\/3.jpg\" alt=\"Verztec Movie Night 2023\" \/>\r\n    <\/a>\r\n    <a href=\"https:\/\/www.verztec.com\/wp-content\/uploads\/events\/movie2023\/4.jpg\" class=\"gallery-item\">\r\n        <img decoding=\"async\" src=\"https:\/\/www.verztec.com\/wp-content\/uploads\/events\/movie2023\/4.jpg\" alt=\"Verztec Movie Night 2023\" \/>\r\n    <\/a>\r\n<\/div>\r\n<hr style=\"margin-top: 20px; margin-bottom: 20px; border: 0; border-top: 1px solid rgb(238, 238, 238);\">\r\n<p><em><a name=\"apr2020\"><\/a>April 2020<\/em><\/p>\r\n<p><strong>Artikel des Verztec-Group-CEO in The Business Times \u2013 Nutzen Sie diese Zeit, um ein leistungsstarkes digitales Trojanisches Pferd zu bauen<\/strong><\/p>\r\n<p>The Business Times heute \u2013 14. April 2020<\/p>\r\n<p>Lesen Sie die Nachricht: <a href=\"https:\/\/www.businesstimes.com.sg\/sme\/use-this-time-to-build-powerful-digital-trojan-horse\" target=\"_blank\" rel=\"noopener\">https:\/\/www.businesstimes.com.sg\/sme\/use-this-time-to-build-powerful-digital-trojan-horse<\/a>.<\/p>\r\n<div id=\"gallery\" class=\"small\">\r\n    <a href=\"https:\/\/www.verztec.com\/wp-content\/uploads\/events\/businesstimes\/1.jpg\" class=\"gallery-item\">\r\n        <img decoding=\"async\" src=\"https:\/\/www.verztec.com\/wp-content\/uploads\/events\/businesstimes\/1.jpg\" alt=\"Verztec Group CEO Article featured in The Business Times - Use This Time to Build Powerful Digital Trojan Horse\" \/>\r\n    <\/a>\r\n<\/div>\r\n<hr style=\"margin-top: 20px; margin-bottom: 20px; border: 0; border-top: 1px solid rgb(238, 238, 238);\">\r\n<p><em><a name=\"feb2020\"><\/a>Februar 2020<\/em><\/p>\r\n<p><strong>Verztec-Group-CEO zu Pre-Budget-Session eingeladen<\/strong><\/p>\r\n<p>Nicholas Goh, CEO der Verztec Group, wurde eingeladen, an einer Pre-Budget-Session mit Arbeitsministerin Josephine Teo und verschiedenen anderen Unternehmen aus Singapur am 7. Februar 2020 teilzunehmen.<\/p>\r\n<div id=\"gallery\" class=\"small\">\r\n    <a href=\"https:\/\/www.verztec.com\/wp-content\/uploads\/events\/prebudget\/1.jpg\" class=\"gallery-item\">\r\n        <img decoding=\"async\" src=\"https:\/\/www.verztec.com\/wp-content\/uploads\/events\/prebudget\/1.jpg\" alt=\"Verztec Group CEO invited to Pre-Budget Session\" \/>\r\n    <\/a>\r\n    <a href=\"https:\/\/www.verztec.com\/wp-content\/uploads\/events\/prebudget\/2.jpg\" class=\"gallery-item\">\r\n        <img decoding=\"async\" src=\"https:\/\/www.verztec.com\/wp-content\/uploads\/events\/prebudget\/2.jpg\" alt=\"Verztec Group CEO invited to Pre-Budget Session\" \/>\r\n    <\/a>\r\n<\/div>\r\n<hr style=\"margin-top: 20px; margin-bottom: 20px; border: 0; border-top: 1px solid rgb(238, 238, 238);\">\r\n<p><em><a name=\"jan2020\"><\/a>Januar 2020<\/em><\/p>\r\n<p><strong>Verztec Thailand Kundendankes-Lunch<\/strong><\/p>\r\n<p>Verztec Thailand begr\u00fc\u00dft das neue Jahr mit einem privaten Lunch zur Wertsch\u00e4tzung der Kunden.<\/p>\r\n<div id=\"gallery\" class=\"small\">\r\n    <a href=\"https:\/\/www.verztec.com\/wp-content\/uploads\/events\/thai2020\/1.jpg\" class=\"gallery-item\">\r\n        <img decoding=\"async\" src=\"https:\/\/www.verztec.com\/wp-content\/uploads\/events\/thai2020\/1.jpg\" alt=\"Verztec Thailand Client Appreciation Luncheon\" \/>\r\n    <\/a>\r\n    <a href=\"https:\/\/www.verztec.com\/wp-content\/uploads\/events\/thai2020\/2.jpg\" class=\"gallery-item\">\r\n        <img decoding=\"async\" src=\"https:\/\/www.verztec.com\/wp-content\/uploads\/events\/thai2020\/2.jpg\" alt=\"Verztec Thailand Client Appreciation Luncheon\" \/>\r\n    <\/a>\r\n    <a href=\"https:\/\/www.verztec.com\/wp-content\/uploads\/events\/thai2020\/3.jpg\" class=\"gallery-item\">\r\n        <img decoding=\"async\" src=\"https:\/\/www.verztec.com\/wp-content\/uploads\/events\/thai2020\/3.jpg\" alt=\"Verztec Thailand Client Appreciation Luncheon\" \/>\r\n    <\/a>\r\n    <a href=\"https:\/\/www.verztec.com\/wp-content\/uploads\/events\/thai2020\/4.jpg\" class=\"gallery-item\">\r\n        <img decoding=\"async\" src=\"https:\/\/www.verztec.com\/wp-content\/uploads\/events\/thai2020\/4.jpg\" alt=\"Verztec Thailand Client Appreciation Luncheon\" \/>\r\n    <\/a>\r\n    <a href=\"https:\/\/www.verztec.com\/wp-content\/uploads\/events\/thai2020\/5.jpg\" class=\"gallery-item\">\r\n        <img decoding=\"async\" src=\"https:\/\/www.verztec.com\/wp-content\/uploads\/events\/thai2020\/5.jpg\" alt=\"Verztec Thailand Client Appreciation Luncheon\" \/>\r\n    <\/a>\r\n<\/div>\r\n<hr style=\"margin-top: 20px; margin-bottom: 20px; border: 0; border-top: 1px solid rgb(238, 238, 238);\">\r\n<p><em><a name=\"jan2020\"><\/a>Januar 2020<\/em><\/p>\r\n<p><strong>Verztec-Group-CEO von ESM Goh Chok Tong zu privatem Lunch im Istana eingeladen<\/strong><\/p>\r\n<p>Nicholas Goh, CEO der Verztec Group, freut sich, zum Istana zu einem privaten Mittagessen mit dem ehemaligen Premierminister \u2013 ESM Goh Chok Tong \u2013 eingeladen worden zu sein, um Ideen auszutauschen und zu diskutieren.<\/p>\r\n<div id=\"gallery\" class=\"small\">\r\n    <a href=\"https:\/\/www.verztec.com\/wp-content\/uploads\/events\/istana2020\/1.jpg\" class=\"gallery-item\">\r\n        <img decoding=\"async\" src=\"https:\/\/www.verztec.com\/wp-content\/uploads\/events\/istana2020\/1.jpg\" alt=\"Verztec Group CEO invited by ESM Goh Chok Tong at Istana for Private Luncheon\" \/>\r\n    <\/a>\r\n    <a href=\"https:\/\/www.verztec.com\/wp-content\/uploads\/events\/istana2020\/2.jpg\" class=\"gallery-item\">\r\n        <img decoding=\"async\" src=\"https:\/\/www.verztec.com\/wp-content\/uploads\/events\/istana2020\/2.jpg\" alt=\"Verztec Group CEO invited by ESM Goh Chok Tong at Istana for Private Luncheon\" \/>\r\n    <\/a>\r\n<\/div>\r\n<hr style=\"margin-top: 20px; margin-bottom: 20px; border: 0; border-top: 1px solid rgb(238, 238, 238);\">\r\n<p><em><a name=\"nov2019\"><\/a>November 2019<\/em><\/p>\r\n<p><strong>Verztec-CEO nimmt an Edugrow Family Day mit ESM Goh Chok Tong teil<\/strong><\/p>\r\n<p>Nicholas Goh, CEO der Verztec Group, nahm zusammen mit ESM Goh Chok Tong (ehemaliger Premierminister von Singapur), Tony Tan (Gr\u00fcnder von Parkway Holdings) und Dr. Tan See Leng (Gr\u00fcnder von Healthway Medical) am Edugrow Family Day 2019 teil. Es ist eine Freude, anderen etwas Gutes zu tun.<\/p>\r\n<div id=\"gallery\" class=\"small\">\r\n    <a href=\"https:\/\/www.verztec.com\/wp-content\/uploads\/events\/edugrow\/1.jpg\" class=\"gallery-item\">\r\n        <img decoding=\"async\" src=\"https:\/\/www.verztec.com\/wp-content\/uploads\/events\/edugrow\/1.jpg\" alt=\"Verztec CEO joins ESM Goh Chok Tong for Edugrow Family Day\" \/>\r\n    <\/a>\r\n    <a href=\"https:\/\/www.verztec.com\/wp-content\/uploads\/events\/edugrow\/2.jpg\" class=\"gallery-item\">\r\n        <img decoding=\"async\" src=\"https:\/\/www.verztec.com\/wp-content\/uploads\/events\/edugrow\/2.jpg\" alt=\"Verztec CEO joins ESM Goh Chok Tong for Edugrow Family Day\" \/>\r\n    <\/a>\r\n    <a href=\"https:\/\/www.verztec.com\/wp-content\/uploads\/events\/edugrow\/3.jpg\" class=\"gallery-item\">\r\n        <img decoding=\"async\" src=\"https:\/\/www.verztec.com\/wp-content\/uploads\/events\/edugrow\/3.jpg\" alt=\"Verztec CEO joins ESM Goh Chok Tong for Edugrow Family Day\" \/>\r\n    <\/a>\r\n    <a href=\"https:\/\/www.verztec.com\/wp-content\/uploads\/events\/edugrow\/4.jpg\" class=\"gallery-item\">\r\n        <img decoding=\"async\" src=\"https:\/\/www.verztec.com\/wp-content\/uploads\/events\/edugrow\/4.jpg\" alt=\"Verztec CEO joins ESM Goh Chok Tong for Edugrow Family Day\" \/>\r\n    <\/a>\r\n<\/div>\r\n<hr style=\"margin-top: 20px; margin-bottom: 20px; border: 0; border-top: 1px solid rgb(238, 238, 238);\">\r\n<p><em><a name=\"oct2019\"><\/a>Oktober 2019<\/em><\/p>\r\n<p><strong>Verztec war Sponsorpartner der TAUS Asia<\/strong><\/p>\r\n<p>Verztec ist stolz darauf, Sponsorpartner der TAUS Asia Conference 2019 gewesen zu sein, die in Singapur stattfand und gemeinsam vom Ministerium f\u00fcr Kommunikation und Information organisiert wurde. Nicholas Goh, CEO von Verztec, wurde ebenfalls eingeladen, in einem CEO-Panel zu sprechen und \u00fcber KI und die vierte industrielle Revolution sowie deren Auswirkungen auf die Sprachtechnologiebranche vor mehr als 300 Branchenf\u00fchrern zu referieren.<\/p>\r\n<div id=\"gallery\" class=\"small\">\r\n    <a href=\"https:\/\/www.verztec.com\/wp-content\/uploads\/events\/taus\/1.jpg\" class=\"gallery-item\">\r\n        <img decoding=\"async\" src=\"https:\/\/www.verztec.com\/wp-content\/uploads\/events\/taus\/1.jpg\" alt=\"Verztec Thailand Client Appreciation Luncheon\" \/>\r\n    <\/a>\r\n    <a href=\"https:\/\/www.verztec.com\/wp-content\/uploads\/events\/taus\/2.jpg\" class=\"gallery-item\">\r\n        <img decoding=\"async\" src=\"https:\/\/www.verztec.com\/wp-content\/uploads\/events\/taus\/2.jpg\" alt=\"Verztec Thailand Client Appreciation Luncheon\" \/>\r\n    <\/a>\r\n    <a href=\"https:\/\/www.verztec.com\/wp-content\/uploads\/events\/taus\/3.jpg\" class=\"gallery-item\">\r\n        <img decoding=\"async\" src=\"https:\/\/www.verztec.com\/wp-content\/uploads\/events\/taus\/3.jpg\" alt=\"Verztec Thailand Client Appreciation Luncheon\" \/>\r\n    <\/a>\r\n    <a href=\"https:\/\/www.verztec.com\/wp-content\/uploads\/events\/taus\/4.jpg\" class=\"gallery-item\">\r\n        <img decoding=\"async\" src=\"https:\/\/www.verztec.com\/wp-content\/uploads\/events\/taus\/4.jpg\" alt=\"Verztec Thailand Client Appreciation Luncheon\" \/>\r\n    <\/a>\r\n    <a href=\"https:\/\/www.verztec.com\/wp-content\/uploads\/events\/taus\/5.jpg\" class=\"gallery-item\">\r\n        <img decoding=\"async\" src=\"https:\/\/www.verztec.com\/wp-content\/uploads\/events\/taus\/5.jpg\" alt=\"Verztec Thailand Client Appreciation Luncheon\" \/>\r\n    <\/a>\r\n<\/div>\r\n<hr style=\"margin-top: 20px; margin-bottom: 20px; border: 0; border-top: 1px solid rgb(238, 238, 238);\">\r\n<p><em><a name=\"aug2019\"><\/a>August 2019<\/em><\/p>\r\n<p><strong>Verztec-CEO zum Empfang zum Nationalfeiertag im Istana eingeladen<\/strong><\/p>\r\n<p>Nicholas Goh, CEO der Verztec Group, wurde zum Empfang zum Nationalfeiertag im Istana eingeladen, um mit Gemeindepartnern und Kabinettsministern zusammenzutreffen.<\/p>\r\n<div id=\"gallery\" class=\"small\">\r\n    <a href=\"https:\/\/www.verztec.com\/wp-content\/uploads\/events\/istana2019\/1.jpg\" class=\"gallery-item\">\r\n        <img decoding=\"async\" src=\"https:\/\/www.verztec.com\/wp-content\/uploads\/events\/istana2019\/1.jpg\" alt=\"Verztec CEO invited to attend National Day Reception Dinner at Istana\" \/>\r\n    <\/a>\r\n    <a href=\"https:\/\/www.verztec.com\/wp-content\/uploads\/events\/istana2019\/2.jpg\" class=\"gallery-item\">\r\n        <img decoding=\"async\" src=\"https:\/\/www.verztec.com\/wp-content\/uploads\/events\/istana2019\/2.jpg\" alt=\"Verztec CEO invited to attend National Day Reception Dinner at Istana\" \/>\r\n    <\/a>\r\n    <a href=\"https:\/\/www.verztec.com\/wp-content\/uploads\/events\/istana2019\/3.jpg\" class=\"gallery-item\">\r\n        <img decoding=\"async\" src=\"https:\/\/www.verztec.com\/wp-content\/uploads\/events\/istana2019\/3.jpg\" alt=\"Verztec CEO invited to attend National Day Reception Dinner at Istana\" \/>\r\n    <\/a>\r\n    <a href=\"https:\/\/www.verztec.com\/wp-content\/uploads\/events\/istana2019\/4.jpg\" class=\"gallery-item\">\r\n        <img decoding=\"async\" src=\"https:\/\/www.verztec.com\/wp-content\/uploads\/events\/istana2019\/4.jpg\" alt=\"Verztec CEO invited to attend National Day Reception Dinner at Istana\" \/>\r\n    <\/a>\r\n    <a href=\"https:\/\/www.verztec.com\/wp-content\/uploads\/events\/istana2019\/5.jpg\" class=\"gallery-item\">\r\n        <img decoding=\"async\" src=\"https:\/\/www.verztec.com\/wp-content\/uploads\/events\/istana2019\/5.jpg\" alt=\"Verztec CEO invited to attend National Day Reception Dinner at Istana\" \/>\r\n    <\/a>\r\n<\/div>\r\n<hr style=\"margin-top: 20px; margin-bottom: 20px; border: 0; border-top: 1px solid rgb(238, 238, 238);\">\r\n<\/div>\r\n\r\n<div id=\"page2\" class=\"page\" style=\"display: none;\">\r\n<p class=\"first2\"><\/p> \r\n<p><em><a name=\"aug2019\"><\/a>August 2019<\/em><\/p>\r\n<p><strong>Verztec unterst\u00fctzt Golf for Life 2019<\/strong><\/p>\r\n<p>Verztec war Sponsorpartner der j\u00fcngsten Golf for Life Wohlt\u00e4tigkeitsveranstaltung im Warren Country Club. Die Veranstaltung sammelte 236.000 US-Dollar, um Programmkosten f\u00fcr benachteiligte Kinder zu decken. Herr Seah Kian Peng, Abgeordneter des Marine Parade GRC, war Ehrengast der Veranstaltung.<\/p>\r\n<div id=\"gallery\" class=\"small\">\r\n    <a href=\"https:\/\/www.verztec.com\/wp-content\/uploads\/events\/golf2019\/1.jpg\" class=\"gallery-item\">\r\n        <img decoding=\"async\" src=\"https:\/\/www.verztec.com\/wp-content\/uploads\/events\/golf2019\/1.jpg\" alt=\"Verztec supported Golf for Life 2019\" \/>\r\n    <\/a>\r\n    <a href=\"https:\/\/www.verztec.com\/wp-content\/uploads\/events\/golf2019\/2.jpg\" class=\"gallery-item\">\r\n        <img decoding=\"async\" src=\"https:\/\/www.verztec.com\/wp-content\/uploads\/events\/golf2019\/2.jpg\" alt=\"Verztec supported Golf for Life 2019\" \/>\r\n    <\/a>\r\n    <a href=\"https:\/\/www.verztec.com\/wp-content\/uploads\/events\/golf2019\/3.jpg\" class=\"gallery-item\">\r\n        <img decoding=\"async\" src=\"https:\/\/www.verztec.com\/wp-content\/uploads\/events\/golf2019\/3.jpg\" alt=\"Verztec supported Golf for Life 2019\" \/>\r\n    <\/a>\r\n    <a href=\"https:\/\/www.verztec.com\/wp-content\/uploads\/events\/golf2019\/4.jpg\" class=\"gallery-item\">\r\n        <img decoding=\"async\" src=\"https:\/\/www.verztec.com\/wp-content\/uploads\/events\/golf2019\/4.jpg\" alt=\"Verztec supported Golf for Life 2019\" \/>\r\n    <\/a>\r\n    <a href=\"https:\/\/www.verztec.com\/wp-content\/uploads\/events\/golf2019\/5.jpg\" class=\"gallery-item\">\r\n        <img decoding=\"async\" src=\"https:\/\/www.verztec.com\/wp-content\/uploads\/events\/golf2019\/5.jpg\" alt=\"Verztec supported Golf for Life 2019\" \/>\r\n    <\/a>\r\n<\/div>\r\n<hr style=\"margin-top: 20px; margin-bottom: 20px; border: 0; border-top: 1px solid rgb(238, 238, 238);\">\r\n<p><em><a name=\"aug2019\"><\/a>August 2019<\/em><\/p>\r\n<p><strong>Verztec sponsorte Kinder aus LCSS zu PastaMania<\/strong><\/p>\r\n<p>Verztec sponsorte und brachte Kinder aus benachteiligten Familien zu PastaMania f\u00fcr einen Tag des Pizzabackens und der Gemeinschaft. Es gab viel Lachen und wir hatten gemeinsam viel Spa\u00df. Vielen Dank, dass Sie uns unterst\u00fctzt haben, unsere Gemeinschaft zu f\u00f6rdern und andere zu segnen!<\/p>\r\n<div id=\"gallery\" class=\"small\">\r\n    <a href=\"https:\/\/www.verztec.com\/wp-content\/uploads\/events\/pastamaniaevent\/1.jpg\" class=\"gallery-item\">\r\n        <img decoding=\"async\" src=\"https:\/\/www.verztec.com\/wp-content\/uploads\/events\/pastamaniaevent\/1.jpg\" alt=\"Verztec sponsored Children from LCSS to Pasta Mania\" \/>\r\n    <\/a>\r\n    <a href=\"https:\/\/www.verztec.com\/wp-content\/uploads\/events\/pastamaniaevent\/2.jpg\" class=\"gallery-item\">\r\n        <img decoding=\"async\" src=\"https:\/\/www.verztec.com\/wp-content\/uploads\/events\/pastamaniaevent\/2.jpg\" alt=\"Verztec sponsored Children from LCSS to Pasta Mania\" \/>\r\n    <\/a>\r\n    <a href=\"https:\/\/www.verztec.com\/wp-content\/uploads\/events\/pastamaniaevent\/3.jpg\" class=\"gallery-item\">\r\n        <img decoding=\"async\" src=\"https:\/\/www.verztec.com\/wp-content\/uploads\/events\/pastamaniaevent\/3.jpg\" alt=\"Verztec sponsored Children from LCSS to Pasta Mania\" \/>\r\n    <\/a>\r\n    <a href=\"https:\/\/www.verztec.com\/wp-content\/uploads\/events\/pastamaniaevent\/4.jpg\" class=\"gallery-item\">\r\n        <img decoding=\"async\" src=\"https:\/\/www.verztec.com\/wp-content\/uploads\/events\/pastamaniaevent\/4.jpg\" alt=\"Verztec sponsored Children from LCSS to Pasta Mania\" \/>\r\n    <\/a>\r\n    <a href=\"https:\/\/www.verztec.com\/wp-content\/uploads\/events\/pastamaniaevent\/5.jpg\" class=\"gallery-item\">\r\n        <img decoding=\"async\" src=\"https:\/\/www.verztec.com\/wp-content\/uploads\/events\/pastamaniaevent\/5.jpg\" alt=\"Verztec sponsored Children from LCSS to Pasta Mania\" \/>\r\n    <\/a>\r\n<\/div>\r\n<hr style=\"margin-top: 20px; margin-bottom: 20px; border: 0; border-top: 1px solid rgb(238, 238, 238);\">\r\n<p><em><a name=\"july2019\"><\/a>Juli 2019<\/em><\/p>\r\n<p><strong>Verztec Movie Night 2019<\/strong><\/p>\r\n<p>Verztec feierte gestern Abend unser j\u00e4hrliches Kinoevent im Orchard Shaw Lido. Ein gro\u00dfes Dankesch\u00f6n an unsere \u00fcber 300 Kunden und Partner, die mit dabei waren. Wir hoffen, Sie haben den Film genossen!<\/p>\r\n<div id=\"gallery\" class=\"small\">\r\n    <a href=\"https:\/\/www.verztec.com\/wp-content\/uploads\/events\/movie2019\/1.jpg\" class=\"gallery-item\">\r\n        <img decoding=\"async\" src=\"https:\/\/www.verztec.com\/wp-content\/uploads\/events\/movie2019\/1.jpg\" alt=\"Verztec Movie Night 2019\" \/>\r\n    <\/a>\r\n    <a href=\"https:\/\/www.verztec.com\/wp-content\/uploads\/events\/movie2019\/2.jpg\" class=\"gallery-item\">\r\n        <img decoding=\"async\" src=\"https:\/\/www.verztec.com\/wp-content\/uploads\/events\/movie2019\/2.jpg\" alt=\"Verztec Movie Night 2019\" \/>\r\n    <\/a>\r\n    <a href=\"https:\/\/www.verztec.com\/wp-content\/uploads\/events\/movie2019\/3.jpg\" class=\"gallery-item\">\r\n        <img decoding=\"async\" src=\"https:\/\/www.verztec.com\/wp-content\/uploads\/events\/movie2019\/3.jpg\" alt=\"Verztec Movie Night 2019\" \/>\r\n    <\/a>\r\n    <a href=\"https:\/\/www.verztec.com\/wp-content\/uploads\/events\/movie2019\/4.jpg\" class=\"gallery-item\">\r\n        <img decoding=\"async\" src=\"https:\/\/www.verztec.com\/wp-content\/uploads\/events\/movie2019\/4.jpg\" alt=\"Verztec Movie Night 2019\" \/>\r\n    <\/a>\r\n    <a href=\"https:\/\/www.verztec.com\/wp-content\/uploads\/events\/movie2019\/5.jpg\" class=\"gallery-item\">\r\n        <img decoding=\"async\" src=\"https:\/\/www.verztec.com\/wp-content\/uploads\/events\/movie2019\/5.jpg\" alt=\"Verztec Movie Night 2019\" \/>\r\n    <\/a>\r\n<\/div>\r\n<hr style=\"margin-top: 20px; margin-bottom: 20px; border: 0; border-top: 1px solid rgb(238, 238, 238);\">\r\n<p><em><a name=\"apr2019\"><\/a>April 2019<\/em><\/p>\r\n<p><strong>Verztec er\u00f6ffnet neues B\u00fcro in Jakarta<\/strong><\/p>\r\n<p>Verztec ist jetzt in der Stadt Jakarta! Verztec er\u00f6ffnet eine neue Tochtergesellschaft im zentralen Jakarta im neuen Astra Menara Building, als Teil ihrer Wachstumsstrategie, Sprachdienste, digitale Lernl\u00f6sungen und globale kreative Design-Dienste f\u00fcr wachsende Unternehmen anzubieten. Wir freuen uns darauf, Sie bald zu unterst\u00fctzen!<\/p>\r\n<div id=\"gallery\" class=\"small\">\r\n    <a href=\"https:\/\/www.verztec.com\/wp-content\/uploads\/events\/jktoffice\/1.jpg\" class=\"gallery-item\">\r\n        <img decoding=\"async\" src=\"https:\/\/www.verztec.com\/wp-content\/uploads\/events\/jktoffice\/1.jpg\" alt=\"Verztec Movie Night 2019\" \/>\r\n    <\/a>\r\n    <a href=\"https:\/\/www.verztec.com\/wp-content\/uploads\/events\/jktoffice\/2.jpg\" class=\"gallery-item\">\r\n        <img decoding=\"async\" src=\"https:\/\/www.verztec.com\/wp-content\/uploads\/events\/jktoffice\/2.jpg\" alt=\"Verztec Movie Night 2019\" \/>\r\n    <\/a>\r\n    <a href=\"https:\/\/www.verztec.com\/wp-content\/uploads\/events\/jktoffice\/3.jpg\" class=\"gallery-item\">\r\n        <img decoding=\"async\" src=\"https:\/\/www.verztec.com\/wp-content\/uploads\/events\/jktoffice\/3.jpg\" alt=\"Verztec Movie Night 2019\" \/>\r\n    <\/a>\r\n    <a href=\"https:\/\/www.verztec.com\/wp-content\/uploads\/events\/jktoffice\/4.jpg\" class=\"gallery-item\">\r\n        <img decoding=\"async\" src=\"https:\/\/www.verztec.com\/wp-content\/uploads\/events\/jktoffice\/4.jpg\" alt=\"Verztec Movie Night 2019\" \/>\r\n    <\/a>\r\n<\/div>\r\n<hr style=\"margin-top: 20px; margin-bottom: 20px; border: 0; border-top: 1px solid rgb(238, 238, 238);\">\r\n<p><em><a name=\"mar2019\"><\/a>M\u00e4rz 2019<\/em><\/p>\r\n<p><strong>Verztec-CEO als Redner bei der Localization World 2019 eingeladen<\/strong><\/p>\r\n<p>Nicholas Goh, CEO von Verztec, wurde eingeladen, als einer der Hauptredner der Localization World Conference 2019 zu sprechen, die im luxuri\u00f6sen Shangri-La Hotel in Kuala Lumpur stattfand. Vor einem internationalen Publikum von \u00fcber 400 F\u00fchrungskr\u00e4ften aus verschiedenen Unternehmen sprach Nicholas \u00fcber die Chancen, Komplexit\u00e4ten und Entwicklungen der ASEAN-Region.<\/p>\r\n<div id=\"gallery\" class=\"small\">\r\n    <a href=\"https:\/\/www.verztec.com\/wp-content\/uploads\/events\/localization\/1.jpg\" class=\"gallery-item\">\r\n        <img decoding=\"async\" src=\"https:\/\/www.verztec.com\/wp-content\/uploads\/events\/localization\/1.jpg\" alt=\"Verztec CEO invited to speak at Localization World 2019\" \/>\r\n    <\/a>\r\n    <a href=\"https:\/\/www.verztec.com\/wp-content\/uploads\/events\/localization\/2.jpg\" class=\"gallery-item\">\r\n        <img decoding=\"async\" src=\"https:\/\/www.verztec.com\/wp-content\/uploads\/events\/localization\/2.jpg\" alt=\"Verztec CEO invited to speak at Localization World 2019\" \/>\r\n    <\/a>\r\n    <a href=\"https:\/\/www.verztec.com\/wp-content\/uploads\/events\/localization\/3.jpg\" class=\"gallery-item\">\r\n        <img decoding=\"async\" src=\"https:\/\/www.verztec.com\/wp-content\/uploads\/events\/localization\/3.jpg\" alt=\"Verztec CEO invited to speak at Localization World 2019\" \/>\r\n    <\/a>\r\n    <a href=\"https:\/\/www.verztec.com\/wp-content\/uploads\/events\/localization\/4.jpg\" class=\"gallery-item\">\r\n        <img decoding=\"async\" src=\"https:\/\/www.verztec.com\/wp-content\/uploads\/events\/localization\/4.jpg\" alt=\"Verztec CEO invited to speak at Localization World 2019\" \/>\r\n    <\/a>\r\n<\/div>\r\n<hr style=\"margin-top: 20px; margin-bottom: 20px; border: 0; border-top: 1px solid rgb(238, 238, 238);\">\r\n<p><em><a name=\"dec2018\"><\/a>Dezember 2018<\/em><\/p>\r\n<p><strong>Verztec stellte umfassende Dolmetscherdienste f\u00fcr den chinesischen Premierminister Li Keqiang bereit<\/strong><\/p>\r\n<p>Verztec freut sich, umfassende professionelle \u00dcbersetzungen und Live-Dolmetscherunterst\u00fctzung f\u00fcr den j\u00fcngsten ersten bilateralen Besuch in Singapur durch den chinesischen Premierminister Li Keqiang bereitgestellt zu haben. Die SBF und die Singapore Chinese Chamber of Commerce veranstalteten gemeinsam ein Begr\u00fc\u00dfungsbankett f\u00fcr seine Exzellenz Li Keqiang.<\/p>\r\n<div id=\"gallery\" class=\"small\">\r\n    <a href=\"https:\/\/www.verztec.com\/wp-content\/uploads\/events\/likeqiang\/1.jpg\" class=\"gallery-item\">\r\n        <img decoding=\"async\" src=\"https:\/\/www.verztec.com\/wp-content\/uploads\/events\/likeqiang\/1.jpg\" alt=\"Verztec provided full interpretation services for Chinese Premier Li Keqiang\" \/>\r\n    <\/a>\r\n    <a href=\"https:\/\/www.verztec.com\/wp-content\/uploads\/events\/likeqiang\/2.jpg\" class=\"gallery-item\">\r\n        <img decoding=\"async\" src=\"https:\/\/www.verztec.com\/wp-content\/uploads\/events\/likeqiang\/2.jpg\" alt=\"Verztec provided full interpretation services for Chinese Premier Li Keqiang\" \/>\r\n    <\/a>\r\n    <a href=\"https:\/\/www.verztec.com\/wp-content\/uploads\/events\/likeqiang\/3.jpg\" class=\"gallery-item\">\r\n        <img decoding=\"async\" src=\"https:\/\/www.verztec.com\/wp-content\/uploads\/events\/likeqiang\/3.jpg\" alt=\"Verztec provided full interpretation services for Chinese Premier Li Keqiang\" \/>\r\n    <\/a>\r\n<\/div>\r\n<hr style=\"margin-top: 20px; margin-bottom: 20px; border: 0; border-top: 1px solid rgb(238, 238, 238);\">\r\n<p><em><a name=\"nov2018\"><\/a>November 2018<\/em><\/p>\r\n<p><strong>Verztec veranstaltete Mittagessen im SKAI f\u00fcr C-Suite-F\u00fchrungskr\u00e4fte<\/strong><\/p>\r\n<p>Verztec veranstaltete heute ein Mittagessen im SKAI-Restaurant des Swissotels f\u00fcr C-Suite-F\u00fchrungskr\u00e4fte mit Unterst\u00fctzung der SICC (Singapore International Chamber of Commerce).<\/p>\r\n<div id=\"gallery\" class=\"small\">\r\n    <a href=\"https:\/\/www.verztec.com\/wp-content\/uploads\/events\/skai\/1.jpg\" class=\"gallery-item\">\r\n        <img decoding=\"async\" src=\"https:\/\/www.verztec.com\/wp-content\/uploads\/events\/skai\/1.jpg\" alt=\"Verztec hosted lunch at SKAI for C-suite Executives\" \/>\r\n    <\/a>\r\n    <a href=\"https:\/\/www.verztec.com\/wp-content\/uploads\/events\/skai\/2.jpg\" class=\"gallery-item\">\r\n        <img decoding=\"async\" src=\"https:\/\/www.verztec.com\/wp-content\/uploads\/events\/skai\/2.jpg\" alt=\"Verztec hosted lunch at SKAI for C-suite Executives\" \/>\r\n    <\/a>\r\n    <a href=\"https:\/\/www.verztec.com\/wp-content\/uploads\/events\/skai\/3.jpg\" class=\"gallery-item\">\r\n        <img decoding=\"async\" src=\"https:\/\/www.verztec.com\/wp-content\/uploads\/events\/skai\/3.jpg\" alt=\"Verztec hosted lunch at SKAI for C-suite Executives\" \/>\r\n    <\/a>\r\n    <a href=\"https:\/\/www.verztec.com\/wp-content\/uploads\/events\/skai\/4.jpg\" class=\"gallery-item\">\r\n        <img decoding=\"async\" src=\"https:\/\/www.verztec.com\/wp-content\/uploads\/events\/skai\/4.jpg\" alt=\"Verztec hosted lunch at SKAI for C-suite Executives\" \/>\r\n    <\/a>\r\n    <a href=\"https:\/\/www.verztec.com\/wp-content\/uploads\/events\/skai\/5.jpg\" class=\"gallery-item\">\r\n        <img decoding=\"async\" src=\"https:\/\/www.verztec.com\/wp-content\/uploads\/events\/skai\/5.jpg\" alt=\"Verztec hosted lunch at SKAI for C-suite Executives\" \/>\r\n    <\/a>\r\n<\/div>\r\n<hr style=\"margin-top: 20px; margin-bottom: 20px; border: 0; border-top: 1px solid rgb(238, 238, 238);\">\r\n<p><em><a name=\"sept2018\"><\/a>September 2018<\/em><\/p>\r\n<p><strong>Verztec als Top-SME Singapurs ausgezeichnet<\/strong><\/p>\r\n<p>Verztec freut sich, die Top Singapore SME 1000 \/ International 100 Auszeichnung f\u00fcr 2018 erhalten zu haben. Vielen Dank f\u00fcr Ihre Unterst\u00fctzung.<\/p>\r\n<div id=\"gallery\" class=\"small\">\r\n    <a href=\"https:\/\/www.verztec.com\/wp-content\/uploads\/events\/sme\/1.jpg\" class=\"gallery-item\">\r\n        <img decoding=\"async\" src=\"https:\/\/www.verztec.com\/wp-content\/uploads\/events\/sme\/1.jpg\" alt=\"Verztec recognized as Top Singapore SME\" \/>\r\n    <\/a>\r\n<\/div>\r\n<hr style=\"margin-top: 20px; margin-bottom: 20px; border: 0; border-top: 1px solid rgb(238, 238, 238);\">\r\n<\/div>\r\n\r\n<div id=\"page3\" class=\"page\" style=\"display: none;\">\r\n<p class=\"first3\"><\/p> \r\n<p><em><a name=\"aug2018\"><\/a>August 2018<\/em><\/p>\r\n<p><strong>Verztec arbeitet mit SICC zusammen, um ein Business-Lunch zu veranstalten<\/strong><\/p>\r\n<p>Verztec kooperiert mit SICC, um das heutige Business-Lunch im Grand Hyatt Hotel gemeinsam mit verschiedenen Branchenf\u00fchrern auszurichten.<\/p>\r\n<div id=\"gallery\" class=\"small\">\r\n    <a href=\"https:\/\/www.verztec.com\/wp-content\/uploads\/events\/sicc\/1.jpg\" class=\"gallery-item\">\r\n        <img decoding=\"async\" src=\"https:\/\/www.verztec.com\/wp-content\/uploads\/events\/sicc\/1.jpg\" alt=\"Verztec Collaborates with SICC to host business luncheon\" \/>\r\n    <\/a>\r\n    <a href=\"https:\/\/www.verztec.com\/wp-content\/uploads\/events\/sicc\/2.jpg\" class=\"gallery-item\">\r\n        <img decoding=\"async\" src=\"https:\/\/www.verztec.com\/wp-content\/uploads\/events\/sicc\/2.jpg\" alt=\"Verztec Collaborates with SICC to host business luncheon\" \/>\r\n    <\/a>\r\n    <a href=\"https:\/\/www.verztec.com\/wp-content\/uploads\/events\/sicc\/3.jpg\" class=\"gallery-item\">\r\n        <img decoding=\"async\" src=\"https:\/\/www.verztec.com\/wp-content\/uploads\/events\/sicc\/3.jpg\" alt=\"Verztec Collaborates with SICC to host business luncheon\" \/>\r\n    <\/a>\r\n<\/div>\r\n<hr style=\"margin-top: 20px; margin-bottom: 20px; border: 0; border-top: 1px solid rgb(238, 238, 238);\">\r\n<p><em><a name=\"aug2018\"><\/a>August 2018<\/em><\/p>\r\n<p><strong>Verztec unterst\u00fctzt Golf for Life Event 2018<\/strong><\/p>\r\n<p>Verztec freut sich, Sponsorpartner des j\u00e4hrlichen Golf for Life Events der Life Community zu sein. Ehrengast &#8211; Herr Seah Kian Peng (Abgeordneter des Marine Parade GRC) und Spezialgast &#8211; Herr Sim Gim Guan (CEO von NCSS) unterst\u00fctzten die Veranstaltung. Die Veranstaltung sammelte erfolgreich 229.100 US-Dollar, die zur Unterst\u00fctzung bed\u00fcrftiger Familien und Kinder verwendet werden.<\/p>\r\n<div id=\"gallery\" class=\"small\">\r\n    <a href=\"https:\/\/www.verztec.com\/wp-content\/uploads\/events\/golf2018\/1.jpg\" class=\"gallery-item\">\r\n        <img decoding=\"async\" src=\"https:\/\/www.verztec.com\/wp-content\/uploads\/events\/golf2018\/1.jpg\" alt=\"Verztec supported Golf for Life event 2018\" \/>\r\n    <\/a>\r\n    <a href=\"https:\/\/www.verztec.com\/wp-content\/uploads\/events\/golf2018\/2.jpg\" class=\"gallery-item\">\r\n        <img decoding=\"async\" src=\"https:\/\/www.verztec.com\/wp-content\/uploads\/events\/golf2018\/2.jpg\" alt=\"Verztec supported Golf for Life event 2018\" \/>\r\n    <\/a>\r\n    <a href=\"https:\/\/www.verztec.com\/wp-content\/uploads\/events\/golf2018\/3.jpg\" class=\"gallery-item\">\r\n        <img decoding=\"async\" src=\"https:\/\/www.verztec.com\/wp-content\/uploads\/events\/golf2018\/3.jpg\" alt=\"Verztec supported Golf for Life event 2018\" \/>\r\n    <\/a>\r\n<\/div>\r\n<hr style=\"margin-top: 20px; margin-bottom: 20px; border: 0; border-top: 1px solid rgb(238, 238, 238);\">\r\n<p><em><a name=\"july2018\"><\/a>Juli 2018<\/em><\/p>\r\n<p><strong>Verztec Movie Night 2018<\/strong><\/p>\r\n<p>Gro\u00dfer Andrang bei unserem Verztec Kunden-Dankesch\u00f6n-Kinoevent 2018 heute Abend! Vielen Dank an alle unsere G\u00e4ste f\u00fcr Ihre Teilnahme und Ihre freundliche Unterst\u00fctzung! Wir freuen uns darauf, Sie bei weiteren privaten Kundenevents zu sehen!<\/p>\r\n<div id=\"gallery\" class=\"small\">\r\n    <a href=\"https:\/\/www.verztec.com\/wp-content\/uploads\/events\/movie2018\/1.jpg\" class=\"gallery-item\">\r\n        <img decoding=\"async\" src=\"https:\/\/www.verztec.com\/wp-content\/uploads\/events\/movie2018\/1.jpg\" alt=\"Verztec Movie Night 2018\" \/>\r\n    <\/a>\r\n    <a href=\"https:\/\/www.verztec.com\/wp-content\/uploads\/events\/movie2018\/2.jpg\" class=\"gallery-item\">\r\n        <img decoding=\"async\" src=\"https:\/\/www.verztec.com\/wp-content\/uploads\/events\/movie2018\/2.jpg\" alt=\"Verztec Movie Night 2018\" \/>\r\n    <\/a>\r\n    <a href=\"https:\/\/www.verztec.com\/wp-content\/uploads\/events\/movie2018\/3.jpg\" class=\"gallery-item\">\r\n        <img decoding=\"async\" src=\"https:\/\/www.verztec.com\/wp-content\/uploads\/events\/movie2018\/3.jpg\" alt=\"Verztec Movie Night 2018\" \/>\r\n    <\/a>\r\n    <a href=\"https:\/\/www.verztec.com\/wp-content\/uploads\/events\/movie2018\/4.jpg\" class=\"gallery-item\">\r\n        <img decoding=\"async\" src=\"https:\/\/www.verztec.com\/wp-content\/uploads\/events\/movie2018\/4.jpg\" alt=\"Verztec Movie Night 2018\" \/>\r\n    <\/a>\r\n    <a href=\"https:\/\/www.verztec.com\/wp-content\/uploads\/events\/movie2018\/5.jpg\" class=\"gallery-item\">\r\n        <img decoding=\"async\" src=\"https:\/\/www.verztec.com\/wp-content\/uploads\/events\/movie2018\/5.jpg\" alt=\"Verztec Movie Night 2018\" \/>\r\n    <\/a>\r\n<\/div>\r\n<hr style=\"margin-top: 20px; margin-bottom: 20px; border: 0; border-top: 1px solid rgb(238, 238, 238);\">\r\n<p><em><a name=\"may2018\"><\/a>Mai 2018<\/em><\/p>\r\n<p><strong>Verztec Thailand feiert 10-j\u00e4hriges Jubil\u00e4um<\/strong><\/p>\r\n<p>Verztec Thailand feiert das 10-j\u00e4hrige Jubil\u00e4um mit einem Mittagessen mit einigen unserer Top-Kunden im Michelin-italienischen Restaurant Enoteca in Bangkok. Das Team von Verztec Thailand begann 2008 mit nur 3 Personen und ist heute auf \u00fcber 40 Mitarbeiter in Bangkok angewachsen, die Kunden (sowohl internationale Unternehmen als auch lokale thail\u00e4ndische Konglomerate) in vielen Branchen bedienen. Verztec bietet Unternehmenssprachdienste und digitale Lernl\u00f6sungen zur Unterst\u00fctzung vieler Organisationen an. Drei Hochrufe auf die n\u00e4chsten 10 Jahre Erfolg, Wachstum und viele weitere zufriedene Kunden! Danke an alle Mitarbeiter, Partner und Kunden f\u00fcr Ihre Unterst\u00fctzung.<\/p>\r\n<div id=\"gallery\" class=\"small\">\r\n    <a href=\"https:\/\/www.verztec.com\/wp-content\/uploads\/events\/thai2018\/1.jpg\" class=\"gallery-item\">\r\n        <img decoding=\"async\" src=\"https:\/\/www.verztec.com\/wp-content\/uploads\/events\/thai2018\/1.jpg\" alt=\"Verztec Thailand 10 Years Anniversary Celebration\" \/>\r\n    <\/a>\r\n    <a href=\"https:\/\/www.verztec.com\/wp-content\/uploads\/events\/thai2018\/2.jpg\" class=\"gallery-item\">\r\n        <img decoding=\"async\" src=\"https:\/\/www.verztec.com\/wp-content\/uploads\/events\/thai2018\/2.jpg\" alt=\"Verztec Thailand 10 Years Anniversary Celebration\" \/>\r\n    <\/a>\r\n    <a href=\"https:\/\/www.verztec.com\/wp-content\/uploads\/events\/thai2018\/3.jpg\" class=\"gallery-item\">\r\n        <img decoding=\"async\" src=\"https:\/\/www.verztec.com\/wp-content\/uploads\/events\/thai2018\/3.jpg\" alt=\"Verztec Thailand 10 Years Anniversary Celebration\" \/>\r\n    <\/a>\r\n    <a href=\"https:\/\/www.verztec.com\/wp-content\/uploads\/events\/thai2018\/4.jpg\" class=\"gallery-item\">\r\n        <img decoding=\"async\" src=\"https:\/\/www.verztec.com\/wp-content\/uploads\/events\/thai2018\/4.jpg\" alt=\"Verztec Thailand 10 Years Anniversary Celebration\" \/>\r\n    <\/a>\r\n    <a href=\"https:\/\/www.verztec.com\/wp-content\/uploads\/events\/thai2018\/5.jpg\" class=\"gallery-item\">\r\n        <img decoding=\"async\" src=\"https:\/\/www.verztec.com\/wp-content\/uploads\/events\/thai2018\/5.jpg\" alt=\"Verztec Thailand 10 Years Anniversary Celebration\" \/>\r\n    <\/a>\r\n<\/div>\r\n<hr style=\"margin-top: 20px; margin-bottom: 20px; border: 0; border-top: 1px solid rgb(238, 238, 238);\">\r\n<p><em><a name=\"nov2017\"><\/a>November 2017<\/em><\/p>\r\n<p><strong>Verztec wird von NVPC als Champion of Good ausgezeichnet<\/strong><\/p>\r\n<p>Verztec ist geehrt, den Champion of Good Award zu erhalten, eine hohe Auszeichnung f\u00fcr Organisationen, die vorbildlich in ihren Bem\u00fchungen um Unternehmensspenden waren.<\/p>\r\n<p>Die Auszeichnung, die vom National Volunteer &#038; Philanthropy Centre (NVPC) verliehen wird, w\u00fcrdigt die jahrelangen kontinuierlichen Bem\u00fchungen von Verztec, Unternehmensspenden zu f\u00f6rdern. Nicholas Goh, CEO von Verztec, nahm die Champion of Good-Auszeichnung vom Finanzminister, Herrn Heng Swee Keat, entgegen.<\/p>\r\n<p>Champions of Good ist eine j\u00e4hrliche Anerkennung von Unternehmen, die nicht nur vorbildlich in ihren Bem\u00fchungen um Unternehmensspenden waren, sondern auch ihre Partner und Interessengruppen auf eine kollaborative Spendenreise mitgenommen haben.<\/p>\r\n<p>Lesen Sie die Nachrichten: <a href=\"http:\/\/www.straitstimes.com\/singapore\/corporate-giving-not-just-a-business-practice-but-helps-to-build-a-caring-society-heng\" target=\"_blank\" rel=\"noopener\">http:\/\/www.straitstimes.com\/singapore\/corporate-giving-not-just-a-business-practice-but-helps-to-build-a-caring-society-heng<\/a>.<\/p>\r\n<div id=\"gallery\" class=\"small\">\r\n    <a href=\"https:\/\/www.verztec.com\/wp-content\/uploads\/events\/ChampionOfGood\/1.jpg\" class=\"gallery-item\">\r\n        <img decoding=\"async\" src=\"https:\/\/www.verztec.com\/wp-content\/uploads\/events\/ChampionOfGood\/1.jpg\" alt=\"Verztec named Champion of Good by NVPC\" \/>\r\n    <\/a>\r\n    <a href=\"https:\/\/www.verztec.com\/wp-content\/uploads\/events\/ChampionOfGood\/2.jpg\" class=\"gallery-item\">\r\n        <img decoding=\"async\" src=\"https:\/\/www.verztec.com\/wp-content\/uploads\/events\/ChampionOfGood\/2.jpg\" alt=\"Verztec named Champion of Good by NVPC\" \/>\r\n    <\/a>\r\n    <a href=\"https:\/\/www.verztec.com\/wp-content\/uploads\/events\/ChampionOfGood\/3.jpg\" class=\"gallery-item\">\r\n        <img decoding=\"async\" src=\"https:\/\/www.verztec.com\/wp-content\/uploads\/events\/ChampionOfGood\/3.jpg\" alt=\"Verztec named Champion of Good by NVPC\" \/>\r\n    <\/a>\r\n    <a href=\"https:\/\/www.verztec.com\/wp-content\/uploads\/events\/ChampionOfGood\/4.jpg\" class=\"gallery-item\">\r\n        <img decoding=\"async\" src=\"https:\/\/www.verztec.com\/wp-content\/uploads\/events\/ChampionOfGood\/4.jpg\" alt=\"Verztec named Champion of Good by NVPC\" \/>\r\n    <\/a>\r\n    <a href=\"https:\/\/www.verztec.com\/wp-content\/uploads\/events\/ChampionOfGood\/5.jpg\" class=\"gallery-item\">\r\n        <img decoding=\"async\" src=\"https:\/\/www.verztec.com\/wp-content\/uploads\/events\/ChampionOfGood\/5.jpg\" alt=\"Verztec named Champion of Good by NVPC\" \/>\r\n    <\/a>\r\n<\/div>\r\n<hr style=\"margin-top: 20px; margin-bottom: 20px; border: 0; border-top: 1px solid rgb(238, 238, 238);\">\r\n<p><em><a name=\"oct2017\"><\/a>Oktober 2017<\/em><\/p>\r\n<p><strong>PORTFOLIO Magazine interviewt Verztec \u00fcber CSR<\/strong><\/p>\r\n<p>Nicholas Goh, CEO von Verztec, spricht mit dem Team des PORTFOLIO Magazine in einem aktuellen Interview \u00fcber Verztecs Partnerschaft mit der Wohlt\u00e4tigkeitsorganisation Life Community Services Society.<\/p>\r\n<p>Erfahren Sie mehr unter <a href=\"http:\/\/www.portfoliomagsg.com\/article\/looking-out-for-disadvantaged-children.html\" target=\"_blank\" rel=\"noopener\">http:\/\/www.portfoliomagsg.com\/article\/looking-out-for-disadvantaged-children.html<\/a>.<\/p>\r\n<p style=\"margin-left: 10px;\"><a href=\"http:\/\/www.portfoliomagsg.com\/article\/looking-out-for-disadvantaged-children.html\" target=\"_blank\" rel=\"noopener\"><img decoding=\"async\" style=\"margin-left: -12px;\" src=\"https:\/\/www.verztec.com\/wp-content\/uploads\/events\/portfolio\/1.jpg\" alt=\"\" width=\"250\" border=\"0\" \/><\/a><\/p>\r\n<hr style=\"margin-top: 20px; margin-bottom: 20px; border: 0; border-top: 1px solid rgb(238, 238, 238);\">\r\n<p><em><a name=\"sept2017\"><\/a>September 2017<\/em><\/p>\r\n<p><strong>ACE kooperiert mit Verztec<\/strong><\/p>\r\n<p>Am 6. September 2017 er\u00f6ffnete die Action Community for Entrepreneurship ihr ACE International Centre. ACE hat Verztec auch als exklusiven Sprachdienstleister ernannt und wird vielversprechende Start-ups und Unternehmen bei ihrer Expansion ins Ausland unterst\u00fctzen.<\/p>\r\n<p>Nachrichtenbericht von The Business Times, bitte besuchen Sie <a href=\"http:\/\/www.businesstimes.com.sg\/government-economy\/one-stop-centre-to-help-spore-startups-ace-it-abroad\" target=\"_blank\" rel=\"noopener\">http:\/\/www.businesstimes.com.sg\/government-economy\/one-stop-centre-to-help-spore-startups-ace-it-abroad<\/a>.<\/p>\r\n<div id=\"gallery\" class=\"small\">\r\n    <a href=\"https:\/\/www.verztec.com\/wp-content\/uploads\/events\/ACE\/1.jpg\" class=\"gallery-item\">\r\n        <img decoding=\"async\" src=\"https:\/\/www.verztec.com\/wp-content\/uploads\/events\/ACE\/1.jpg\" alt=\"ACE Partners Verztec\" \/>\r\n    <\/a>\r\n    <a href=\"https:\/\/www.verztec.com\/wp-content\/uploads\/events\/ACE\/2.jpg\" class=\"gallery-item\">\r\n        <img decoding=\"async\" src=\"https:\/\/www.verztec.com\/wp-content\/uploads\/events\/ACE\/2.jpg\" alt=\"ACE Partners Verztec\" \/>\r\n    <\/a>\r\n    <a href=\"https:\/\/www.verztec.com\/wp-content\/uploads\/events\/ACE\/3.jpg\" class=\"gallery-item\">\r\n        <img decoding=\"async\" src=\"https:\/\/www.verztec.com\/wp-content\/uploads\/events\/ACE\/3.jpg\" alt=\"ACE Partners Verztec\" \/>\r\n    <\/a>\r\n    <a href=\"https:\/\/www.verztec.com\/wp-content\/uploads\/events\/ACE\/4.jpg\" class=\"gallery-item\">\r\n        <img decoding=\"async\" src=\"https:\/\/www.verztec.com\/wp-content\/uploads\/events\/ACE\/4.jpg\" alt=\"ACE Partners Verztec\" \/>\r\n    <\/a>\r\n<\/div>\r\n<hr style=\"margin-top: 20px; margin-bottom: 20px; border: 0; border-top: 1px solid rgb(238, 238, 238);\">\r\n<p><em><a name=\"mar2017\"><\/a>M\u00e4rz 2017<\/em><\/p>\r\n<p><strong>Verztec in The Business Times f\u00fcr Wohlt\u00e4tigkeitspartnerschaften vorgestellt<\/strong><\/p>\r\n<p>Verztec freut sich, in The Business Times f\u00fcr Wohlt\u00e4tigkeitspartnerschaften vorgestellt zu werden. Wir glauben daran, mit Wohlt\u00e4tigkeitsorganisationen zusammenzuarbeiten, deren Fokus und Werte mit unseren \u00fcbereinstimmen. Im Laufe der Jahre haben wir gute Beziehungen zu Organisationen wie Life Community Services (LCSS) und St Vincent\u2019s Home gepflegt. Verztec freut sich auf weitere Partnerschaften, die dazu beitragen, einen Unterschied f\u00fcr Benachteiligte in unserer Umgebung zu machen.<\/p>\r\n<p>Nachrichtenbericht von The Business Times, bitte besuchen Sie <a href=\"http:\/\/www.businesstimes.com.sg\/companies-markets\/company-of-good\/verztec-selects-charity-partners-that-share-its-focus\" target=\"_blank\" rel=\"noopener\">http:\/\/www.businesstimes.com.sg\/companies-markets\/company-of-good\/verztec-selects-charity-partners-that-share-its-focus<\/a>.<\/p>\r\n<p><a href=\"http:\/\/www.businesstimes.com.sg\/companies-markets\/company-of-good\/verztec-selects-charity-partners-that-share-its-focus\" target=\"_blank\" rel=\"noopener\"><img decoding=\"async\" src=\"https:\/\/www.verztec.com\/wp-content\/uploads\/events\/CSR\/1.jpg\" alt=\"\" width=\"250\" border=\"0\" \/><\/a><\/p>\r\n<\/div>\r\n\r\n<div id=\"page4\" class=\"page\" style=\"display: none;\">\r\n<p class=\"first4\"><\/p> \r\n<p><strong>Verztec stellt Online-\u00dcbersetzungsdienst f\u00fcr mehrere asiatische Sprachen vor<\/strong><\/p>\r\n<p>Verztec hat k\u00fcrzlich einen Online-\u00dcbersetzungsdienst f\u00fcr mehrere asiatische Sprachen gestartet \u2013 SwiftTranslate, der sofortige Kostenvoranschl\u00e4ge erstellt und \u00dcbersetzer entsprechend jedem Auftrag zuteilt. Verztec ist das erste Unternehmen in Asien, das einen solchen Dienst f\u00fcr verschiedene asiatische Sprachen anbietet. Neben der bestehenden Website wird derzeit eine mobile App-Version von SwiftTranslate entwickelt, die in wenigen Monaten verf\u00fcgbar sein wird.<\/p>\r\n<p>Erfahren Sie mehr unter <a href=\"http:\/\/www.swifttranslate.com\/howitworks.php\" target=\"_blank\" rel=\"noopener\">http:\/\/www.swifttranslate.com\/howitworks.php<\/a>.<\/p>\r\n<p><a href=\"https:\/\/www.verztec.com\/wp-content\/uploads\/2009\/06\/STArticle-Verztec.pdf\" target=\"_blank\" rel=\"noopener\"><img decoding=\"async\" style=\"margin-left: -12px;\" src=\"https:\/\/www.verztec.com\/wp-content\/uploads\/events\/ST-VerztecFeature_small.jpg\" alt=\"\" width=\"250\" border=\"0\" \/><\/a><\/p>\r\n<p>Nachrichtenbericht von The Straits Times, besuchen Sie bitte <a href=\"http:\/\/www.straitstimes.com\/business\/helping-businesses-to-overcome-language-barriers\" target=\"_blank\" rel=\"noopener\">http:\/\/www.straitstimes.com\/business\/helping-businesses-to-overcome-language-barriers<\/a>.<\/p>\r\n<hr style=\"margin-top: 20px; margin-bottom: 20px; border: 0; border-top: 1px solid rgb(238, 238, 238);\">\r\n<p><em><a name=\"aug2016\"><\/a>August 2016<\/em><\/p>\r\n<p><strong>Verztec freut sich, den NS Advocate Award 2016 zu erhalten<\/strong><\/p>\r\n<p>Diese Auszeichnung w\u00fcrdigt Bildungseinrichtungen sowie Familien- und Gemeinschaftsorganisationen, die starke Unterst\u00fctzung f\u00fcr den Nationaldienst demonstrieren. Organisationen, die sich besonders engagieren, erhalten die Auszeichnung &#8220;Advocate of NS Award&#8221; in Anerkennung ihrer proaktiven Richtlinien und Rollen.<\/p>\r\n<p>Die Auszeichnung wird vom Advisory Council on Community Relations in Defence (ACCORD) bewertet.<\/p>\r\n<p>Weitere Informationen finden Sie unter <a href=\"https:\/\/www.mindef.gov.sg\/imindef\/mindef_websites\/topics\/nsmatters\/tda.html#tab-3\" target=\"_blank\" rel=\"noopener\">https:\/\/www.mindef.gov.sg\/imindef\/mindef_websites\/topics\/nsmatters\/tda.html#tab-3<\/a>.<\/p>\r\n<div id=\"gallery\" class=\"small\">\r\n    <a href=\"https:\/\/www.verztec.com\/wp-content\/uploads\/events\/TDA2016\/1.jpg\" class=\"gallery-item\">\r\n        <img decoding=\"async\" src=\"https:\/\/www.verztec.com\/wp-content\/uploads\/events\/TDA2016\/1.jpg\" alt=\"Verztec is pleased to receive the NS Advocate Award 2016\" \/>\r\n    <\/a>\r\n    <a href=\"https:\/\/www.verztec.com\/wp-content\/uploads\/events\/TDA2016\/2.jpg\" class=\"gallery-item\">\r\n        <img decoding=\"async\" src=\"https:\/\/www.verztec.com\/wp-content\/uploads\/events\/TDA2016\/2.jpg\" alt=\"Verztec is pleased to receive the NS Advocate Award 2016\" \/>\r\n    <\/a>\r\n    <a href=\"https:\/\/www.verztec.com\/wp-content\/uploads\/events\/TDA2016\/3.jpg\" class=\"gallery-item\">\r\n        <img decoding=\"async\" src=\"https:\/\/www.verztec.com\/wp-content\/uploads\/events\/TDA2016\/3.jpg\" alt=\"Verztec is pleased to receive the NS Advocate Award 2016\" \/>\r\n    <\/a>\r\n    <a href=\"https:\/\/www.verztec.com\/wp-content\/uploads\/events\/TDA2016\/4.jpg\" class=\"gallery-item\">\r\n        <img decoding=\"async\" src=\"https:\/\/www.verztec.com\/wp-content\/uploads\/events\/TDA2016\/4.jpg\" alt=\"Verztec is pleased to receive the NS Advocate Award 2016\" \/>\r\n    <\/a>\r\n<\/div>\r\n<hr style=\"margin-top: 20px; margin-bottom: 20px; border: 0; border-top: 1px solid rgb(238, 238, 238);\">\r\n<p><em><a name=\"jul2016\"><\/a>Juli 2016<\/em><\/p>\r\n<p><strong>Verztec als Gr\u00fcndungsmitglied von Company of Good<\/strong><\/p>\r\n<p>Verztec ist stolz darauf, zu den 50 Unternehmen zu geh\u00f6ren, die Gr\u00fcndungsmitglieder von Company of Good sind.<\/p>\r\n<p>Das am 2. Juni 2016 gestartete Programm &#8220;Company of Good&#8221; bef\u00e4higt Unternehmen, besser und ganzheitlicher zu geben. Es wurde vom National Volunteer &amp; Philanthropy Centre (NVPC) in Zusammenarbeit mit der Singapore Business Federation Foundation (SBFF) und unterst\u00fctzt durch das Ministry of Culture, Community and Youth (MCCY) entwickelt.<\/p>\r\n<p>Weitere Gr\u00fcndungsmitglieder sind Singapore Press Holdings, Credit Suisse, IBM Singapore und Visa.<\/p>\r\n<p>Weitere Informationen finden Sie hier: <a href=\"https:\/\/companyofgood.sg\/about\" target=\"_blank\" rel=\"noopener\">https:\/\/companyofgood.sg\/about<\/a>.<\/p>\r\n<div id=\"gallery\" class=\"small\">\r\n    <a href=\"https:\/\/www.verztec.com\/wp-content\/uploads\/events\/GOCL\/1.jpg\" class=\"gallery-item\">\r\n        <img decoding=\"async\" src=\"https:\/\/www.verztec.com\/wp-content\/uploads\/events\/GOCL\/1.jpg\" alt=\"Verztec as Founding Member of Company of Good\" \/>\r\n    <\/a>\r\n    <a href=\"https:\/\/www.verztec.com\/wp-content\/uploads\/events\/GOCL\/2.jpg\" class=\"gallery-item\">\r\n        <img decoding=\"async\" src=\"https:\/\/www.verztec.com\/wp-content\/uploads\/events\/GOCL\/2.jpg\" alt=\"Verztec as Founding Member of Company of Good\" \/>\r\n    <\/a>\r\n    <a href=\"https:\/\/www.verztec.com\/wp-content\/uploads\/events\/GOCL\/3.jpg\" class=\"gallery-item\">\r\n        <img decoding=\"async\" src=\"https:\/\/www.verztec.com\/wp-content\/uploads\/events\/GOCL\/3.jpg\" alt=\"Verztec as Founding Member of Company of Good\" \/>\r\n    <\/a>\r\n    <a href=\"https:\/\/www.verztec.com\/wp-content\/uploads\/events\/GOCL\/4.jpg\" class=\"gallery-item\">\r\n        <img decoding=\"async\" src=\"https:\/\/www.verztec.com\/wp-content\/uploads\/events\/GOCL\/4.jpg\" alt=\"Verztec as Founding Member of Company of Good\" \/>\r\n    <\/a>\r\n<\/div>\r\n<hr style=\"margin-top: 20px; margin-bottom: 20px; border: 0; border-top: 1px solid rgb(238, 238, 238);\">\r\n<p><strong>Verztec von CSA Research als Top LSP weltweit eingestuft<\/strong><\/p>\r\n<p>Das unabh\u00e4ngige Marktforschungsunternehmen Common Sense Advisory (CSA Research) gab die offizielle Rangliste von Verztec als einer der gr\u00f6\u00dften Sprachdienstleister (LSPs) in der \u00dcbersetzungs- und Dolmetscherbranche bekannt. Der Bericht mit dem Titel &#8220;The Language Services Market: 2016&#8221;, der im Juli 2016 von CSA Research ver\u00f6ffentlicht wurde, stufte Verztec Consulting als einen der umsatzst\u00e4rksten Sprachdienstleister im globalen Markt von 40,27 Milliarden US-Dollar f\u00fcr ausgelagerte Sprachdienste und Technologie ein. Verztec Consulting wurde als der 29. gr\u00f6\u00dfte Lokalisierungsanbieter weltweit und der 5. in Asien eingestuft.<\/p>\r\n<p><img decoding=\"async\" class=\" size-full wp-image-317\" style=\"margin-left: -12px;\" src=\"https:\/\/www.verztec.com\/wp-content\/uploads\/events\/common_sense_2016.png\" alt=\"\" width=\"250\" border=\"0\" \/><\/p>\r\n<hr style=\"margin-top: 20px; margin-bottom: 20px; border: 0; border-top: 1px solid rgb(238, 238, 238);\">\r\n<p><em><a name=\"may2016\"><\/a>Mai 2016<\/em><\/p>\r\n<p><strong>Verztec-CEO Herr Nicholas Goh als Merit Award Gewinner von TOYP 2016 ausgezeichnet<\/strong><\/p>\r\n<p>Wir freuen uns, bekannt zu geben, dass unser CEO Herr Nicholas Goh als Merit Award Gewinner von JCI (Junior Chamber International) TOYP 2016 &#8211; Ten Outstanding Young Persons of the World f\u00fcr die Kategorie Wirtschaft, \u00d6konomie und unternehmerische Leistungen ausgezeichnet wurde! Vielen Dank f\u00fcr Ihre fortgesetzte Unterst\u00fctzung und ein gro\u00dfes Dankesch\u00f6n an alle unsere engagierten Mitarbeiter und Partner f\u00fcr Ihre wertvollen Beitr\u00e4ge. GOH Frau Sim Ann, Staatsministerin, Ministry of Culture, Community and Youth &amp; Ministry of Finance, war anwesend, um die Veranstaltung zu ehren. Zu den bisherigen TOYP-Preistr\u00e4gern geh\u00f6ren Premierminister Lee Hsien Loong, Dr. Vivian Balakrishnan, unser aktueller Au\u00dfenminister.<\/p>\r\n<div id=\"gallery\" class=\"small\">\r\n    <a href=\"https:\/\/www.verztec.com\/wp-content\/uploads\/events\/TOYP2016\/TOYP-2016-1.jpg\" class=\"gallery-item\">\r\n        <img decoding=\"async\" src=\"https:\/\/www.verztec.com\/wp-content\/uploads\/events\/TOYP2016\/TOYP-2016-1.jpg\" alt=\"Verztec CEO Mr Nicholas Goh lauded the Merit Award Winner of TOYP 2016 \u2013 Ten Outstanding Young Persons of the World\" \/>\r\n    <\/a>\r\n    <a href=\"https:\/\/www.verztec.com\/wp-content\/uploads\/events\/TOYP2016\/TOYP-2016-2.jpg\" class=\"gallery-item\">\r\n        <img decoding=\"async\" src=\"https:\/\/www.verztec.com\/wp-content\/uploads\/events\/TOYP2016\/TOYP-2016-2.jpg\" alt=\"Verztec CEO Mr Nicholas Goh lauded the Merit Award Winner of TOYP 2016 \u2013 Ten Outstanding Young Persons of the World\" \/>\r\n    <\/a>\r\n    <a href=\"https:\/\/www.verztec.com\/wp-content\/uploads\/events\/TOYP2016\/TOYP-2016-3.jpg\" class=\"gallery-item\">\r\n        <img decoding=\"async\" src=\"https:\/\/www.verztec.com\/wp-content\/uploads\/events\/TOYP2016\/TOYP-2016-3.jpg\" alt=\"Verztec CEO Mr Nicholas Goh lauded the Merit Award Winner of TOYP 2016 \u2013 Ten Outstanding Young Persons of the World\" \/>\r\n    <\/a>\r\n    <a href=\"https:\/\/www.verztec.com\/wp-content\/uploads\/events\/TOYP2016\/TOYP-2016-4.jpg\" class=\"gallery-item\">\r\n        <img decoding=\"async\" src=\"https:\/\/www.verztec.com\/wp-content\/uploads\/events\/TOYP2016\/TOYP-2016-4.jpg\" alt=\"Verztec CEO Mr Nicholas Goh lauded the Merit Award Winner of TOYP 2016 \u2013 Ten Outstanding Young Persons of the World\" \/>\r\n    <\/a>\r\n    <a href=\"https:\/\/www.verztec.com\/wp-content\/uploads\/events\/TOYP2016\/TOYP-2016-5.jpg\" class=\"gallery-item\">\r\n        <img decoding=\"async\" src=\"https:\/\/www.verztec.com\/wp-content\/uploads\/events\/TOYP2016\/TOYP-2016-5.jpg\" alt=\"Verztec CEO Mr Nicholas Goh lauded the Merit Award Winner of TOYP 2016 \u2013 Ten Outstanding Young Persons of the World\" \/>\r\n    <\/a>\r\n    <a href=\"https:\/\/www.verztec.com\/wp-content\/uploads\/events\/TOYP2016\/TOYP-2016-6.jpg\" class=\"gallery-item\">\r\n        <img decoding=\"async\" src=\"https:\/\/www.verztec.com\/wp-content\/uploads\/events\/TOYP2016\/TOYP-2016-6.jpg\" alt=\"Verztec CEO Mr Nicholas Goh lauded the Merit Award Winner of TOYP 2016 \u2013 Ten Outstanding Young Persons of the World\" \/>\r\n    <\/a>\r\n    <a href=\"https:\/\/www.verztec.com\/wp-content\/uploads\/events\/TOYP2016\/TOYP-2016-7.jpg\" class=\"gallery-item\">\r\n        <img decoding=\"async\" src=\"https:\/\/www.verztec.com\/wp-content\/uploads\/events\/TOYP2016\/TOYP-2016-7.jpg\" alt=\"Verztec CEO Mr Nicholas Goh lauded the Merit Award Winner of TOYP 2016 \u2013 Ten Outstanding Young Persons of the World\" \/>\r\n    <\/a>\r\n    <a href=\"https:\/\/www.verztec.com\/wp-content\/uploads\/events\/TOYP2016\/TOYP-2016-8.jpg\" class=\"gallery-item\">\r\n        <img decoding=\"async\" src=\"https:\/\/www.verztec.com\/wp-content\/uploads\/events\/TOYP2016\/TOYP-2016-8.jpg\" alt=\"Verztec CEO Mr Nicholas Goh lauded the Merit Award Winner of TOYP 2016 \u2013 Ten Outstanding Young Persons of the World\" \/>\r\n    <\/a>\r\n<\/div>\r\n<hr style=\"margin-top: 20px; margin-bottom: 20px; border: 0; border-top: 1px solid rgb(238, 238, 238);\">\r\n<p><em><a name=\"feb2016\"><\/a>Februar 2016<\/em><\/p>\r\n<p><strong>Verztec z\u00e4hlt zu den Top 1000 Unternehmen in Singapur<\/strong><\/p>\r\n<p>Verztec ist stolz darauf, bei den Singapore 1000 Awards 2016 als eines der Top 1000 registrierten Unternehmen in Singapur f\u00fcr gepr\u00fcfte finanzielle Leistung und Wachstum eingestuft zu werden.<\/p>\r\n<p>Die Singapore 1000 Awards werden von der DP Information Group und EY gemeinsam organisiert. J\u00e4hrlich werden \u00fcber 70.000 gepr\u00fcfte Finanzberichte analysiert, um die Top 1000 Unternehmen und KMUs in Singapur zu ermitteln.<\/p>\r\n<p>Weitere Informationen zu den Singapore 1000 Awards finden Sie hier <a href=\"http:\/\/www.dpgroup.sg\/s1000\/\" target=\"_blank\" rel=\"noopener\">http:\/\/www.dpgroup.sg\/s1000\/<\/a>.<\/p>\r\n<div id=\"gallery\" class=\"small\">\r\n    <a href=\"https:\/\/www.verztec.com\/wp-content\/uploads\/events\/s1000\/1.jpg\" class=\"gallery-item\">\r\n        <img decoding=\"async\" src=\"https:\/\/www.verztec.com\/wp-content\/uploads\/events\/s1000\/1.jpg\" alt=\"Verztec ranks among top 1000 companies in Singapore\" \/>\r\n    <\/a>\r\n    <a href=\"https:\/\/www.verztec.com\/wp-content\/uploads\/events\/s1000\/2.jpg\" class=\"gallery-item\">\r\n        <img decoding=\"async\" src=\"https:\/\/www.verztec.com\/wp-content\/uploads\/events\/s1000\/2.jpg\" alt=\"Verztec ranks among top 1000 companies in Singapore\" \/>\r\n    <\/a>\r\n    <a href=\"https:\/\/www.verztec.com\/wp-content\/uploads\/events\/s1000\/3.jpg\" class=\"gallery-item\">\r\n        <img decoding=\"async\" src=\"https:\/\/www.verztec.com\/wp-content\/uploads\/events\/s1000\/3.jpg\" alt=\"Verztec ranks among top 1000 companies in Singapore\" \/>\r\n    <\/a>\r\n    <a href=\"https:\/\/www.verztec.com\/wp-content\/uploads\/events\/s1000\/4.jpg\" class=\"gallery-item\">\r\n        <img decoding=\"async\" src=\"https:\/\/www.verztec.com\/wp-content\/uploads\/events\/s1000\/4.jpg\" alt=\"Verztec ranks among top 1000 companies in Singapore\" \/>\r\n    <\/a>\r\n    <a href=\"https:\/\/www.verztec.com\/wp-content\/uploads\/events\/s1000\/5.jpg\" class=\"gallery-item\">\r\n        <img decoding=\"async\" src=\"https:\/\/www.verztec.com\/wp-content\/uploads\/events\/s1000\/5.jpg\" alt=\"Verztec ranks among top 1000 companies in Singapore\" \/>\r\n    <\/a>\r\n    <a href=\"https:\/\/www.verztec.com\/wp-content\/uploads\/events\/s1000\/6.jpg\" class=\"gallery-item\">\r\n        <img decoding=\"async\" src=\"https:\/\/www.verztec.com\/wp-content\/uploads\/events\/s1000\/6.jpg\" alt=\"Verztec ranks among top 1000 companies in Singapore\" \/>\r\n    <\/a>\r\n    <a href=\"https:\/\/www.verztec.com\/wp-content\/uploads\/events\/s1000\/7.jpg\" class=\"gallery-item\">\r\n        <img decoding=\"async\" src=\"https:\/\/www.verztec.com\/wp-content\/uploads\/events\/s1000\/7.jpg\" alt=\"Verztec ranks among top 1000 companies in Singapore\" \/>\r\n    <\/a>\r\n    <a href=\"https:\/\/www.verztec.com\/wp-content\/uploads\/events\/s1000\/8.jpg\" class=\"gallery-item\">\r\n        <img decoding=\"async\" src=\"https:\/\/www.verztec.com\/wp-content\/uploads\/events\/s1000\/8.jpg\" alt=\"Verztec ranks among top 1000 companies in Singapore\" \/>\r\n    <\/a>\r\n<\/div>\r\n<hr style=\"margin-top: 20px; margin-bottom: 20px; border: 0; border-top: 1px solid rgb(238, 238, 238);\">\r\n<p><em><a name=\"jul2015\"><\/a>November 2015<\/em><\/p>\r\n<p><strong>Verztec kooperiert mit Google f\u00fcr die Go Global-Initiative<\/strong><\/p>\r\n<p>Google kooperiert mit Verztec f\u00fcr ihre neue Go Global-Initiative, die am 26. November 2015 gestartet wurde. Diese Initiative wird gemeinsam von den Regierungsbeh\u00f6rden SPRING Singapore und International Enterprise Singapore unterst\u00fctzt und zielt darauf ab, kleinen und mittleren Unternehmen (KMU) zu helfen, durch Online-Pr\u00e4senz in ausl\u00e4ndische M\u00e4rkte zu expandieren. Verztec wird Unternehmen mit professionellen \u00dcbersetzungen f\u00fcr Online- und Offline-Kommunikation unterst\u00fctzen, w\u00e4hrend sie in dieser Initiative global agieren.<\/p>\r\n<p>Weitere Informationen finden Sie unter <a href=\"https:\/\/goglobal.withgoogle.com\" target=\"_blank\" rel=\"noopener\">https:\/\/goglobal.withgoogle.com<\/a><\/p>\r\n<p>Nachrichtenbericht von The Straits Times, besuchen Sie bitte <a href=\"http:\/\/www.straitstimes.com\/business\/new-scheme-to-help-smes-go-global-online\" target=\"_blank\" rel=\"noopener\">http:\/\/www.straitstimes.com\/business\/new-scheme-to-help-smes-go-global-online<\/a><\/p>\r\n<p>Nachrichtenbericht von TODAY, besuchen Sie bitte <a href=\"http:\/\/www.todayonline.com\/business\/smes-get-google-help-go-global\" target=\"_blank\" rel=\"noopener\">http:\/\/www.todayonline.com\/business\/smes-get-google-help-go-global<\/a><\/p>\r\n<p>Nachrichtenbericht von AsiaOne, besuchen Sie bitte <a href=\"http:\/\/business.asiaone.com\/news\/new-scheme-help-smes-go-global-online\" target=\"_blank\" rel=\"noopener\">http:\/\/business.asiaone.com\/news\/new-scheme-help-smes-go-global-online<\/a><\/p>\r\n<div id=\"gallery\" class=\"small\">\r\n    <a href=\"https:\/\/www.verztec.com\/wp-content\/uploads\/events\/GoGlobal\/Go_Global_1.jpg\" class=\"gallery-item\">\r\n        <img decoding=\"async\" src=\"https:\/\/www.verztec.com\/wp-content\/uploads\/events\/GoGlobal\/Go_Global_1.jpg\" alt=\"Verztec partners Google for Go Global initiative\" \/>\r\n    <\/a>\r\n    <a href=\"https:\/\/www.verztec.com\/wp-content\/uploads\/events\/GoGlobal\/Go_Global_2.jpg\" class=\"gallery-item\">\r\n        <img decoding=\"async\" src=\"https:\/\/www.verztec.com\/wp-content\/uploads\/events\/GoGlobal\/Go_Global_2.jpg\" alt=\"Verztec partners Google for Go Global initiative\" \/>\r\n    <\/a>\r\n    <a href=\"https:\/\/www.verztec.com\/wp-content\/uploads\/events\/GoGlobal\/Go_Global_3.jpg\" class=\"gallery-item\">\r\n        <img decoding=\"async\" src=\"https:\/\/www.verztec.com\/wp-content\/uploads\/events\/GoGlobal\/Go_Global_3.jpg\" alt=\"Verztec partners Google for Go Global initiative\" \/>\r\n    <\/a>\r\n    <a href=\"https:\/\/www.verztec.com\/wp-content\/uploads\/events\/GoGlobal\/Go_Global_4.jpg\" class=\"gallery-item\">\r\n        <img decoding=\"async\" src=\"https:\/\/www.verztec.com\/wp-content\/uploads\/events\/GoGlobal\/Go_Global_4.jpg\" alt=\"Verztec partners Google for Go Global initiative\" \/>\r\n    <\/a>\r\n    <a href=\"https:\/\/www.verztec.com\/wp-content\/uploads\/events\/GoGlobal\/Go_Global_5.jpg\" class=\"gallery-item\">\r\n        <img decoding=\"async\" src=\"https:\/\/www.verztec.com\/wp-content\/uploads\/events\/GoGlobal\/Go_Global_5.jpg\" alt=\"Verztec partners Google for Go Global initiative\" \/>\r\n    <\/a>\r\n    <a href=\"https:\/\/www.verztec.com\/wp-content\/uploads\/events\/GoGlobal\/Go_Global_6.jpg\" class=\"gallery-item\">\r\n        <img decoding=\"async\" src=\"https:\/\/www.verztec.com\/wp-content\/uploads\/events\/GoGlobal\/Go_Global_6.jpg\" alt=\"Verztec partners Google for Go Global initiative\" \/>\r\n    <\/a>\r\n    <a href=\"https:\/\/www.verztec.com\/wp-content\/uploads\/events\/GoGlobal\/Go_Global_7.jpg\" class=\"gallery-item\">\r\n        <img decoding=\"async\" src=\"https:\/\/www.verztec.com\/wp-content\/uploads\/events\/GoGlobal\/Go_Global_7.jpg\" alt=\"Verztec partners Google for Go Global initiative\" \/>\r\n    <\/a>\r\n    <a href=\"https:\/\/www.verztec.com\/wp-content\/uploads\/events\/GoGlobal\/Go_Global_8.jpg\" class=\"gallery-item\">\r\n        <img decoding=\"async\" src=\"https:\/\/www.verztec.com\/wp-content\/uploads\/events\/GoGlobal\/Go_Global_8.jpg\" alt=\"Verztec partners Google for Go Global initiative\" \/>\r\n    <\/a>\r\n<\/div>\r\n<hr style=\"margin-top: 20px; margin-bottom: 20px; border: 0; border-top: 1px solid rgb(238, 238, 238);\">\r\n<p><em><a name=\"jul2015\"><\/a>Juli 2015<\/em><\/p>\r\n<p><strong>Verztec gewinnt Influential Brands 2015 Award<\/strong><\/p>\r\n<p>Verztec ist stolz darauf, den InfluentialBrands\u2122 2015 Award in der Kategorie Professional Business Services gewonnen zu haben. Dies ist ein Verbraucherpreisprogramm, das durch die Markenpr\u00e4ferenzen der Verbraucher und andere wichtige Faktoren wie Kaufverhalten und Markenbindung mit Kunden bestimmt wird.<\/p>\r\n<p>Andere Top-Marken, die in den vergangenen Jahren die Influential Brands Awards erhalten haben, sind Singapore Airlines, Keppel Land, Far East Organisation, Zalora, Breadtalk, Capitaland, Park Hotel und BMW.<\/p>\r\n<p><img decoding=\"async\" class=\" size-full wp-image-336\" style=\"margin-left: -12px;\" src=\"https:\/\/www.verztec.com\/wp-content\/uploads\/events\/ib2015.jpg\" alt=\"\" width=\"250\" border=\"0\" \/><\/p>\r\n<p>Weitere Informationen \u00fcber den InfluentialBrands\u2122Award finden Sie <a href=\"http:\/\/www.influentialbrands.com\" target=\"_blank\" rel=\"noopener\">hier<\/a>.<\/p>\r\n<p><a href=\"http:\/\/www.prweb.com\/releases\/2015\/07\/prweb12843195.htm\" target=\"_blank\" rel=\"noopener\">Hier klicken<\/a>, um die Pressemitteilung zu lesen.<\/p>\r\n<\/div>\r\n\r\n<div id=\"page5\" class=\"page\" style=\"display: none;\">\r\n<p class=\"first5\"><\/p> \r\n<p><em><a name=\"nov2014\"><\/a>November 2014<\/em><\/p>\r\n<p><strong>Verztec gewinnt den Singapore Prestige Brand Award (SPBA) zum dritten Mal<\/strong><\/p>\r\n<p>Verztec ist stolz darauf, den Singapore Prestige Brand Award 2014 &#8211; Established Brand gewonnen zu haben. Dies ist auch das dritte Mal, dass Verztec als Gewinner des SPBA hervorgeht.<\/p>\r\n<p>Verztec f\u00fchlt sich geehrt, f\u00fcr diesen Preis anerkannt zu werden, und wird sich bem\u00fchen, unseren gesch\u00e4tzten Kunden und Partnern weiterhin konsistente und qualitativ hochwertige Dienstleistungen zu bieten.<\/p>\r\n<p>Die SPBA 2014 Pr\u00e4sentationszeremonie fand am 22. Oktober 2014 im Ritz Carlton Millenia Singapore statt.<\/p>\r\n<p>Weitere Informationen zu SPBA finden Sie auf der <a href=\"http:\/\/www.spba.com.sg\/\" target=\"_blank\" rel=\"noopener\">offiziellen Website<\/a>.<\/p>\r\n<div id=\"gallery\" class=\"small\">\r\n    <a href=\"https:\/\/www.verztec.com\/wp-content\/uploads\/events\/SPBA14\/spba2014_1.jpg\" class=\"gallery-item\">\r\n        <img decoding=\"async\" src=\"https:\/\/www.verztec.com\/wp-content\/uploads\/events\/SPBA14\/spba2014_1.jpg\" alt=\"Verztec wins Singapore Prestige Brand Award (SPBA) for the Third Time\" \/>\r\n    <\/a>\r\n    <a href=\"https:\/\/www.verztec.com\/wp-content\/uploads\/events\/SPBA14\/spba2014_2.jpg\" class=\"gallery-item\">\r\n        <img decoding=\"async\" src=\"https:\/\/www.verztec.com\/wp-content\/uploads\/events\/SPBA14\/spba2014_2.jpg\" alt=\"Verztec wins Singapore Prestige Brand Award (SPBA) for the Third Time\" \/>\r\n    <\/a>\r\n    <a href=\"https:\/\/www.verztec.com\/wp-content\/uploads\/events\/SPBA14\/spba2014_3.jpg\" class=\"gallery-item\">\r\n        <img decoding=\"async\" src=\"https:\/\/www.verztec.com\/wp-content\/uploads\/events\/SPBA14\/spba2014_3.jpg\" alt=\"Verztec wins Singapore Prestige Brand Award (SPBA) for the Third Time\" \/>\r\n    <\/a>\r\n    <a href=\"https:\/\/www.verztec.com\/wp-content\/uploads\/events\/SPBA14\/spba2014_4.jpg\" class=\"gallery-item\">\r\n        <img decoding=\"async\" src=\"https:\/\/www.verztec.com\/wp-content\/uploads\/events\/SPBA14\/spba2014_4.jpg\" alt=\"Verztec wins Singapore Prestige Brand Award (SPBA) for the Third Time\" \/>\r\n    <\/a>\r\n    <a href=\"https:\/\/www.verztec.com\/wp-content\/uploads\/events\/SPBA14\/spba2014_5.jpg\" class=\"gallery-item\">\r\n        <img decoding=\"async\" src=\"https:\/\/www.verztec.com\/wp-content\/uploads\/events\/SPBA14\/spba2014_5.jpg\" alt=\"Verztec wins Singapore Prestige Brand Award (SPBA) for the Third Time\" \/>\r\n    <\/a>\r\n    <a href=\"https:\/\/www.verztec.com\/wp-content\/uploads\/events\/SPBA14\/spba2014_6.jpg\" class=\"gallery-item\">\r\n        <img decoding=\"async\" src=\"https:\/\/www.verztec.com\/wp-content\/uploads\/events\/SPBA14\/spba2014_6.jpg\" alt=\"Verztec wins Singapore Prestige Brand Award (SPBA) for the Third Time\" \/>\r\n    <\/a>\r\n    <a href=\"https:\/\/www.verztec.com\/wp-content\/uploads\/events\/SPBA14\/spba2014_7.jpg\" class=\"gallery-item\">\r\n        <img decoding=\"async\" src=\"https:\/\/www.verztec.com\/wp-content\/uploads\/events\/SPBA14\/spba2014_7.jpg\" alt=\"Verztec wins Singapore Prestige Brand Award (SPBA) for the Third Time\" \/>\r\n    <\/a>\r\n    <a href=\"https:\/\/www.verztec.com\/wp-content\/uploads\/events\/SPBA14\/spba2014_8.jpg\" class=\"gallery-item\">\r\n        <img decoding=\"async\" src=\"https:\/\/www.verztec.com\/wp-content\/uploads\/events\/SPBA14\/spba2014_8.jpg\" alt=\"Verztec wins Singapore Prestige Brand Award (SPBA) for the Third Time\" \/>\r\n    <\/a>\r\n<\/div>\r\n<hr style=\"margin-top: 20px; margin-bottom: 20px; border: 0; border-top: 1px solid rgb(238, 238, 238);\">\r\n<p><em><a name=\"sept2014\"><\/a>September 2014<\/em><\/p>\r\n<p><strong>Verztec erreicht die Superbrands-Auszeichnung f\u00fcr 2014<\/strong><\/p>\r\n<p>Verztec ist stolz darauf, die Superbrands-Auszeichnung f\u00fcr 2014 erreicht zu haben. Superbrands w\u00fcrdigt au\u00dfergew\u00f6hnliche Marken und f\u00f6rdert die Disziplin des Brandings. Jede Superbrand steht f\u00fcr \u201eQualit\u00e4t, Vertrauen und Unterscheidung\u201c. In diesem Sinne verspricht Verztec, unseren Kunden weiterhin au\u00dfergew\u00f6hnliche Dienstleistungen auf Basis dieser Ideale zu liefern.<\/p>\r\n<p>Der Superbrands-Status wurde ausgew\u00e4hlten Unternehmen in mehr als 90 verschiedenen Produkt- und Dienstleistungskategorien verliehen. Mit Hilfe des unabh\u00e4ngigen Marktforschungsunternehmens The Nielsen Company wurden die st\u00e4rksten Marken basierend auf Kriterien wie Lokalit\u00e4t, Langlebigkeit, Bekanntheit, Ruf, Innovation, Marktanteil und Anerkennung ausgew\u00e4hlt.<\/p>\r\n<p>Weitere Informationen zu Superbrands finden Sie <a href=\"http:\/\/www.superbrands.com\/sg\/\" target=\"_blank\" rel=\"noopener\">hier<\/a>.<\/p>\r\n<p>Unsere Markenstory k\u00f6nnen Sie <a href=\"http:\/\/www.superbrands.com\/sg\/index.php?option=com_content&amp;task=view&amp;id=210&amp;Itemid=238\" target=\"_blank\" rel=\"noopener\">hier<\/a> lesen.<\/p>\r\n<div id=\"gallery\" class=\"small\">\r\n    <a href=\"https:\/\/www.verztec.com\/wp-content\/uploads\/events\/superbrands2014\/superbrands1.jpg\" class=\"gallery-item\">\r\n        <img decoding=\"async\" src=\"https:\/\/www.verztec.com\/wp-content\/uploads\/events\/superbrands2014\/superbrands1.jpg\" alt=\"Verztec achieves Superbrands Mark of Distinction for 2014\" \/>\r\n    <\/a>\r\n    <a href=\"https:\/\/www.verztec.com\/wp-content\/uploads\/events\/superbrands2014\/superbrands2.jpg\" class=\"gallery-item\">\r\n        <img decoding=\"async\" src=\"https:\/\/www.verztec.com\/wp-content\/uploads\/events\/superbrands2014\/superbrands2.jpg\" alt=\"Verztec achieves Superbrands Mark of Distinction for 2014\" \/>\r\n    <\/a>\r\n    <a href=\"https:\/\/www.verztec.com\/wp-content\/uploads\/events\/superbrands2014\/superbrands3.jpg\" class=\"gallery-item\">\r\n        <img decoding=\"async\" src=\"https:\/\/www.verztec.com\/wp-content\/uploads\/events\/superbrands2014\/superbrands3.jpg\" alt=\"Verztec achieves Superbrands Mark of Distinction for 2014\" \/>\r\n    <\/a>\r\n    <a href=\"https:\/\/www.verztec.com\/wp-content\/uploads\/events\/superbrands2014\/superbrands4.jpg\" class=\"gallery-item\">\r\n        <img decoding=\"async\" src=\"https:\/\/www.verztec.com\/wp-content\/uploads\/events\/superbrands2014\/superbrands4.jpg\" alt=\"Verztec achieves Superbrands Mark of Distinction for 2014\" \/>\r\n    <\/a>\r\n    <a href=\"https:\/\/www.verztec.com\/wp-content\/uploads\/events\/superbrands2014\/superbrands5.jpg\" class=\"gallery-item\">\r\n        <img decoding=\"async\" src=\"https:\/\/www.verztec.com\/wp-content\/uploads\/events\/superbrands2014\/superbrands5.jpg\" alt=\"Verztec achieves Superbrands Mark of Distinction for 2014\" \/>\r\n    <\/a>\r\n    <a href=\"https:\/\/www.verztec.com\/wp-content\/uploads\/events\/superbrands2014\/superbrands6.jpg\" class=\"gallery-item\">\r\n        <img decoding=\"async\" src=\"https:\/\/www.verztec.com\/wp-content\/uploads\/events\/superbrands2014\/superbrands6.jpg\" alt=\"Verztec achieves Superbrands Mark of Distinction for 2014\" \/>\r\n    <\/a>\r\n    <a href=\"https:\/\/www.verztec.com\/wp-content\/uploads\/events\/superbrands2014\/superbrands7.jpg\" class=\"gallery-item\">\r\n        <img decoding=\"async\" src=\"https:\/\/www.verztec.com\/wp-content\/uploads\/events\/superbrands2014\/superbrands7.jpg\" alt=\"Verztec achieves Superbrands Mark of Distinction for 2014\" \/>\r\n    <\/a>\r\n    <a href=\"https:\/\/www.verztec.com\/wp-content\/uploads\/events\/superbrands2014\/superbrands8.jpg\" class=\"gallery-item\">\r\n        <img decoding=\"async\" src=\"https:\/\/www.verztec.com\/wp-content\/uploads\/events\/superbrands2014\/superbrands8.jpg\" alt=\"Verztec achieves Superbrands Mark of Distinction for 2014\" \/>\r\n    <\/a>\r\n<\/div>\r\n<hr style=\"margin-top: 20px; margin-bottom: 20px; border: 0; border-top: 1px solid rgb(238, 238, 238);\">\r\n<p><em><a name=\"august2014\"><\/a>August 2014<\/em><\/p>\r\n<p><strong>Verztec er\u00f6ffnet neues B\u00fcro in Ho-Chi-Minh-Stadt, Vietnam<\/strong><\/p>\r\n<p>Am 25. August 2014 er\u00f6ffnet Verztec offiziell ein neues B\u00fcro in Ho-Chi-Minh-Stadt, Vietnam. Das neue B\u00fcro st\u00e4rkt Verztecs Engagement, Kunden besser zu bedienen, als umfassendes Beratungsunternehmen in der Region mit unserem 3-S\u00e4ulen-Serviceangebot &#8211; Kommunizieren, Schulen und Publizieren.<\/p>\r\n<p>Der freudige Anlass wurde mit einer Zeremonie zum Durchschneiden des Bandes, dem \u00d6ffnen von Champagner und einem reichhaltigen Buffet gefeiert. Wir m\u00f6chten unseren besonderen G\u00e4sten Mitsubishi Electric, Fuji Xerox, L&#8217;Or\u00e9al, Pacific Bunker, Saigon Smart Solutions und allen, die sich die Zeit genommen haben, uns zu besuchen und uns ihre guten W\u00fcnsche \u00fcbermittelt haben, herzlich danken.<\/p>\r\n<div id=\"gallery\" class=\"small\">\r\n    <a href=\"https:\/\/www.verztec.com\/wp-content\/uploads\/events\/vietnamoffice\/vietnamoffice_1.jpg\" class=\"gallery-item\">\r\n        <img decoding=\"async\" src=\"https:\/\/www.verztec.com\/wp-content\/uploads\/events\/vietnamoffice\/vietnamoffice_1.jpg\" alt=\"Verztec opens new office in Ho Chi Minh City, Vietnam\" \/>\r\n    <\/a>\r\n    <a href=\"https:\/\/www.verztec.com\/wp-content\/uploads\/events\/vietnamoffice\/vietnamoffice_2.jpg\" class=\"gallery-item\">\r\n        <img decoding=\"async\" src=\"https:\/\/www.verztec.com\/wp-content\/uploads\/events\/vietnamoffice\/vietnamoffice_2.jpg\" alt=\"Verztec opens new office in Ho Chi Minh City, Vietnam\" \/>\r\n    <\/a>\r\n    <a href=\"https:\/\/www.verztec.com\/wp-content\/uploads\/events\/vietnamoffice\/vietnamoffice_3.jpg\" class=\"gallery-item\">\r\n        <img decoding=\"async\" src=\"https:\/\/www.verztec.com\/wp-content\/uploads\/events\/vietnamoffice\/vietnamoffice_3.jpg\" alt=\"Verztec opens new office in Ho Chi Minh City, Vietnam\" \/>\r\n    <\/a>\r\n    <a href=\"https:\/\/www.verztec.com\/wp-content\/uploads\/events\/vietnamoffice\/vietnamoffice_4.jpg\" class=\"gallery-item\">\r\n        <img decoding=\"async\" src=\"https:\/\/www.verztec.com\/wp-content\/uploads\/events\/vietnamoffice\/vietnamoffice_4.jpg\" alt=\"Verztec opens new office in Ho Chi Minh City, Vietnam\" \/>\r\n    <\/a>\r\n    <a href=\"https:\/\/www.verztec.com\/wp-content\/uploads\/events\/vietnamoffice\/vietnamoffice_5.jpg\" class=\"gallery-item\">\r\n        <img decoding=\"async\" src=\"https:\/\/www.verztec.com\/wp-content\/uploads\/events\/vietnamoffice\/vietnamoffice_5.jpg\" alt=\"Verztec opens new office in Ho Chi Minh City, Vietnam\" \/>\r\n    <\/a>\r\n    <a href=\"https:\/\/www.verztec.com\/wp-content\/uploads\/events\/vietnamoffice\/vietnamoffice_6.jpg\" class=\"gallery-item\">\r\n        <img decoding=\"async\" src=\"https:\/\/www.verztec.com\/wp-content\/uploads\/events\/vietnamoffice\/vietnamoffice_6.jpg\" alt=\"Verztec opens new office in Ho Chi Minh City, Vietnam\" \/>\r\n    <\/a>\r\n    <a href=\"https:\/\/www.verztec.com\/wp-content\/uploads\/events\/vietnamoffice\/vietnamoffice_7.jpg\" class=\"gallery-item\">\r\n        <img decoding=\"async\" src=\"https:\/\/www.verztec.com\/wp-content\/uploads\/events\/vietnamoffice\/vietnamoffice_7.jpg\" alt=\"Verztec opens new office in Ho Chi Minh City, Vietnam\" \/>\r\n    <\/a>\r\n    <a href=\"https:\/\/www.verztec.com\/wp-content\/uploads\/events\/vietnamoffice\/vietnamoffice_8.jpg\" class=\"gallery-item\">\r\n        <img decoding=\"async\" src=\"https:\/\/www.verztec.com\/wp-content\/uploads\/events\/vietnamoffice\/vietnamoffice_8.jpg\" alt=\"Verztec opens new office in Ho Chi Minh City, Vietnam\" \/>\r\n    <\/a>\r\n    <a href=\"https:\/\/www.verztec.com\/wp-content\/uploads\/events\/vietnamoffice\/vietnamoffice_9.jpg\" class=\"gallery-item\">\r\n        <img decoding=\"async\" src=\"https:\/\/www.verztec.com\/wp-content\/uploads\/events\/vietnamoffice\/vietnamoffice_9.jpg\" alt=\"Verztec opens new office in Ho Chi Minh City, Vietnam\" \/>\r\n    <\/a>\r\n    <a href=\"https:\/\/www.verztec.com\/wp-content\/uploads\/events\/vietnamoffice\/vietnamoffice_10.jpg\" class=\"gallery-item\">\r\n        <img decoding=\"async\" src=\"https:\/\/www.verztec.com\/wp-content\/uploads\/events\/vietnamoffice\/vietnamoffice_10.jpg\" alt=\"Verztec opens new office in Ho Chi Minh City, Vietnam\" \/>\r\n    <\/a>\r\n    <a href=\"https:\/\/www.verztec.com\/wp-content\/uploads\/events\/vietnamoffice\/vietnamoffice_11.jpg\" class=\"gallery-item\">\r\n        <img decoding=\"async\" src=\"https:\/\/www.verztec.com\/wp-content\/uploads\/events\/vietnamoffice\/vietnamoffice_11.jpg\" alt=\"Verztec opens new office in Ho Chi Minh City, Vietnam\" \/>\r\n    <\/a>\r\n    <a href=\"https:\/\/www.verztec.com\/wp-content\/uploads\/events\/vietnamoffice\/vietnamoffice_12.jpg\" class=\"gallery-item\">\r\n        <img decoding=\"async\" src=\"https:\/\/www.verztec.com\/wp-content\/uploads\/events\/vietnamoffice\/vietnamoffice_12.jpg\" alt=\"Verztec opens new office in Ho Chi Minh City, Vietnam\" \/>\r\n    <\/a>\r\n<\/div>\r\n<hr style=\"margin-top: 20px; margin-bottom: 20px; border: 0; border-top: 1px solid rgb(238, 238, 238);\">\r\n<p><em><a name=\"july2014\"><\/a>Juli 2014<\/em><\/p>\r\n<p><strong>Verztec unterst\u00fctzt LCSS Run for Life 2014 als Goldpartner im zweiten Jahr in Folge<\/strong><\/p>\r\n<p>Als Goldpartner des Run for Life im zweiten Jahr in Folge spendete Verztec 30.000 $ in bar f\u00fcr die Programme der Life Community Services Society (LCSS), die \u00fcber 950 gef\u00e4hrdete Jugendliche sowie benachteiligte Kinder unterst\u00fctzen, deren Eltern inhaftiert sind.<\/p>\r\n<p>Das Verztec-Team erschien fr\u00fch am Samstagmorgen des 19. Juli 2014 im East Coast Park, um die Veranstaltung als L\u00e4ufer und Freiwillige zu unterst\u00fctzen, zusammen mit \u00fcber 3.800 gleichgesinnten Teilnehmern.<\/p>\r\n<p>Der Run for Life 2014 war ein gro\u00dfer Erfolg mit dem Ehrengast Herrn Seah Kian Peng und dem besonderen Gast &#8211; dem Emeritus Senior Minister Goh Chok Tong, die die Veranstaltung besuchten.<\/p>\r\n<p>Weitere Informationen \u00fcber den Run for Life 2014 finden Sie auf der <a href=\"http:\/\/www.runforlife.sg\" target=\"_blank\" rel=\"noopener\">Website des Run for Life 2014<\/a>.<\/p>\r\n<div id=\"gallery\" class=\"small\">\r\n    <a href=\"https:\/\/www.verztec.com\/wp-content\/uploads\/events\/rfl2014\/rfl2014_1.jpg\" class=\"gallery-item\">\r\n        <img decoding=\"async\" src=\"https:\/\/www.verztec.com\/wp-content\/uploads\/events\/rfl2014\/rfl2014_1.jpg\" alt=\"Verztec supports LCSS Run for Life 2014 as Gold Partner for the second consecutive year\" \/>\r\n    <\/a>\r\n    <a href=\"https:\/\/www.verztec.com\/wp-content\/uploads\/events\/rfl2014\/rfl2014_2.jpg\" class=\"gallery-item\">\r\n        <img decoding=\"async\" src=\"https:\/\/www.verztec.com\/wp-content\/uploads\/events\/rfl2014\/rfl2014_2.jpg\" alt=\"Verztec supports LCSS Run for Life 2014 as Gold Partner for the second consecutive year\" \/>\r\n    <\/a>\r\n    <a href=\"https:\/\/www.verztec.com\/wp-content\/uploads\/events\/rfl2014\/rfl2014_3.jpg\" class=\"gallery-item\">\r\n        <img decoding=\"async\" src=\"https:\/\/www.verztec.com\/wp-content\/uploads\/events\/rfl2014\/rfl2014_3.jpg\" alt=\"Verztec supports LCSS Run for Life 2014 as Gold Partner for the second consecutive year\" \/>\r\n    <\/a>\r\n    <a href=\"https:\/\/www.verztec.com\/wp-content\/uploads\/events\/rfl2014\/rfl2014_4.jpg\" class=\"gallery-item\">\r\n        <img decoding=\"async\" src=\"https:\/\/www.verztec.com\/wp-content\/uploads\/events\/rfl2014\/rfl2014_4.jpg\" alt=\"Verztec supports LCSS Run for Life 2014 as Gold Partner for the second consecutive year\" \/>\r\n    <\/a>\r\n    <a href=\"https:\/\/www.verztec.com\/wp-content\/uploads\/events\/rfl2014\/rfl2014_5.jpg\" class=\"gallery-item\">\r\n        <img decoding=\"async\" src=\"https:\/\/www.verztec.com\/wp-content\/uploads\/events\/rfl2014\/rfl2014_5.jpg\" alt=\"Verztec supports LCSS Run for Life 2014 as Gold Partner for the second consecutive year\" \/>\r\n    <\/a>\r\n    <a href=\"https:\/\/www.verztec.com\/wp-content\/uploads\/events\/rfl2014\/rfl2014_6.jpg\" class=\"gallery-item\">\r\n        <img decoding=\"async\" src=\"https:\/\/www.verztec.com\/wp-content\/uploads\/events\/rfl2014\/rfl2014_6.jpg\" alt=\"Verztec supports LCSS Run for Life 2014 as Gold Partner for the second consecutive year\" \/>\r\n    <\/a>\r\n    <a href=\"https:\/\/www.verztec.com\/wp-content\/uploads\/events\/rfl2014\/rfl2014_7.jpg\" class=\"gallery-item\">\r\n        <img decoding=\"async\" src=\"https:\/\/www.verztec.com\/wp-content\/uploads\/events\/rfl2014\/rfl2014_7.jpg\" alt=\"Verztec supports LCSS Run for Life 2014 as Gold Partner for the second consecutive year\" \/>\r\n    <\/a>\r\n    <a href=\"https:\/\/www.verztec.com\/wp-content\/uploads\/events\/rfl2014\/rfl2014_8.jpg\" class=\"gallery-item\">\r\n        <img decoding=\"async\" src=\"https:\/\/www.verztec.com\/wp-content\/uploads\/events\/rfl2014\/rfl2014_8.jpg\" alt=\"Verztec supports LCSS Run for Life 2014 as Gold Partner for the second consecutive year\" \/>\r\n    <\/a>\r\n    <a href=\"https:\/\/www.verztec.com\/wp-content\/uploads\/events\/rfl2014\/rfl2014_9.jpg\" class=\"gallery-item\">\r\n        <img decoding=\"async\" src=\"https:\/\/www.verztec.com\/wp-content\/uploads\/events\/rfl2014\/rfl2014_9.jpg\" alt=\"Verztec supports LCSS Run for Life 2014 as Gold Partner for the second consecutive year\" \/>\r\n    <\/a>\r\n    <a href=\"https:\/\/www.verztec.com\/wp-content\/uploads\/events\/rfl2014\/rfl2014_10.jpg\" class=\"gallery-item\">\r\n        <img decoding=\"async\" src=\"https:\/\/www.verztec.com\/wp-content\/uploads\/events\/rfl2014\/rfl2014_10.jpg\" alt=\"Verztec supports LCSS Run for Life 2014 as Gold Partner for the second consecutive year\" \/>\r\n    <\/a>\r\n    <a href=\"https:\/\/www.verztec.com\/wp-content\/uploads\/events\/rfl2014\/rfl2014_11.jpg\" class=\"gallery-item\">\r\n        <img decoding=\"async\" src=\"https:\/\/www.verztec.com\/wp-content\/uploads\/events\/rfl2014\/rfl2014_11.jpg\" alt=\"Verztec supports LCSS Run for Life 2014 as Gold Partner for the second consecutive year\" \/>\r\n    <\/a>\r\n    <a href=\"https:\/\/www.verztec.com\/wp-content\/uploads\/events\/rfl2014\/rfl2014_12.jpg\" class=\"gallery-item\">\r\n        <img decoding=\"async\" src=\"https:\/\/www.verztec.com\/wp-content\/uploads\/events\/rfl2014\/rfl2014_12.jpg\" alt=\"Verztec supports LCSS Run for Life 2014 as Gold Partner for the second consecutive year\" \/>\r\n    <\/a>\r\n    <a href=\"https:\/\/www.verztec.com\/wp-content\/uploads\/events\/rfl2014\/rfl2014_13.jpg\" class=\"gallery-item\">\r\n        <img decoding=\"async\" src=\"https:\/\/www.verztec.com\/wp-content\/uploads\/events\/rfl2014\/rfl2014_13.jpg\" alt=\"Verztec supports LCSS Run for Life 2014 as Gold Partner for the second consecutive year\" \/>\r\n    <\/a>\r\n    <a href=\"https:\/\/www.verztec.com\/wp-content\/uploads\/events\/rfl2014\/rfl2014_14.jpg\" class=\"gallery-item\">\r\n        <img decoding=\"async\" src=\"https:\/\/www.verztec.com\/wp-content\/uploads\/events\/rfl2014\/rfl2014_14.jpg\" alt=\"Verztec supports LCSS Run for Life 2014 as Gold Partner for the second consecutive year\" \/>\r\n    <\/a>\r\n    <a href=\"https:\/\/www.verztec.com\/wp-content\/uploads\/events\/rfl2014\/rfl2014_15.jpg\" class=\"gallery-item\">\r\n        <img decoding=\"async\" src=\"https:\/\/www.verztec.com\/wp-content\/uploads\/events\/rfl2014\/rfl2014_15.jpg\" alt=\"Verztec supports LCSS Run for Life 2014 as Gold Partner for the second consecutive year\" \/>\r\n    <\/a>\r\n    <a href=\"https:\/\/www.verztec.com\/wp-content\/uploads\/events\/rfl2014\/rfl2014_16.jpg\" class=\"gallery-item\">\r\n        <img decoding=\"async\" src=\"https:\/\/www.verztec.com\/wp-content\/uploads\/events\/rfl2014\/rfl2014_16.jpg\" alt=\"Verztec supports LCSS Run for Life 2014 as Gold Partner for the second consecutive year\" \/>\r\n    <\/a>\r\n<\/div>\r\n<hr style=\"margin-top: 20px; margin-bottom: 20px; border: 0; border-top: 1px solid rgb(238, 238, 238);\">\r\n<p><em><a name=\"june2014\"><\/a>Juni 2014<\/em><\/p>\r\n<p><strong>Verztec gewinnt Business Superbrands 2014 Award<\/strong><\/p>\r\n<p>Verztec ist stolz darauf, den Business Superbrands 2014 Award gewonnen zu haben! Dies ist eine einzigartige Markenauszeichnung f\u00fcr etablierte B2B-Marken, die die strengen globalen Standards der Superbrands-Organisation erf\u00fcllen. Vielen Dank f\u00fcr Ihre Unterst\u00fctzung in all den Jahren! Wir werden weiterhin daran arbeiten, uns zu verbessern und Ihnen noch besser zu dienen! Die Superbrands-Ehrung findet am 29. September 2014 in Singapur statt.<\/p>\r\n<p><img decoding=\"async\" class=\" size-full wp-image-381\" src=\"https:\/\/www.verztec.com\/wp-content\/uploads\/events\/superbrands2014\/superbrands_logo.png\" alt=\"news-top\" width=\"200\" border=\"0\" \/><\/p>\r\n<p><a href=\"http:\/\/www.prweb.com\/releases\/2014\/06\/prweb11942271.htm\" target=\"_blank\" rel=\"noopener\">Hier klicken<\/a>, um die Medienmitteilung zu lesen.<\/p>\r\n<hr style=\"margin-top: 20px; margin-bottom: 20px; border: 0; border-top: 1px solid rgb(238, 238, 238);\">\r\n<p><em><a name=\"december2013\"><\/a>Dezember 2013<\/em><\/p>\r\n<p><strong>Singtel l\u00e4dt Verztec ein, Best Practices f\u00fcr lokale Unternehmen, die ins Ausland expandieren m\u00f6chten, zu teilen<\/strong><\/p>\r\n<p>Singtel, das gr\u00f6\u00dfte Telekommunikationsunternehmen Singapurs, l\u00e4dt Herrn Nicholas Goh, CEO und Gr\u00fcnder von Verztec, ein, im Singtel Solutions Centre \u00fcber \u201eWas Unternehmen ber\u00fccksichtigen sollten, wenn sie ihre ersten Schritte aus ihrem heimischen Markt wagen\u201c zu sprechen. Die Veranstaltung wird von Singtel organisiert und von SME Centre @ASME unterst\u00fctzt.<\/p>\r\n<p>Weitere Informationen zu Singtel finden Sie unter <a href=\"http:\/\/www.singtel.com\" target=\"_blank\" rel=\"noopener\">www.singtel.com<\/a>.<\/p>\r\n<p>Bitte \u00fcberpr\u00fcfen Sie auch <a href=\"https:\/\/mybusiness.singtel.com\/ask-the-expert\/mr-nicholas-goh#sthash.7PiXuMvR.gx0R8vZj.dpbs\" target=\"_blank\" rel=\"noopener\">Singtels \u201eAsk the Expert in Localization\u201c<\/a> f\u00fcr das Interview mit Herrn Nicholas Goh, CEO und Gr\u00fcnder von Verztec.<\/p>\r\n<div id=\"gallery\" class=\"small\">\r\n    <a href=\"https:\/\/www.verztec.com\/wp-content\/uploads\/events\/singtel2013\/singtel01.jpg\" class=\"gallery-item\">\r\n        <img decoding=\"async\" src=\"https:\/\/www.verztec.com\/wp-content\/uploads\/events\/singtel2013\/singtel01.jpg\" alt=\"Singtel invites Verztec to share best practices for local companies venturing overseas\" \/>\r\n    <\/a>\r\n    <a href=\"https:\/\/www.verztec.com\/wp-content\/uploads\/events\/singtel2013\/singtel02.jpg\" class=\"gallery-item\">\r\n        <img decoding=\"async\" src=\"https:\/\/www.verztec.com\/wp-content\/uploads\/events\/singtel2013\/singtel02.jpg\" alt=\"Singtel invites Verztec to share best practices for local companies venturing overseas\" \/>\r\n    <\/a>\r\n    <a href=\"https:\/\/www.verztec.com\/wp-content\/uploads\/events\/singtel2013\/singtel03.jpg\" class=\"gallery-item\">\r\n        <img decoding=\"async\" src=\"https:\/\/www.verztec.com\/wp-content\/uploads\/events\/singtel2013\/singtel03.jpg\" alt=\"Singtel invites Verztec to share best practices for local companies venturing overseas\" \/>\r\n    <\/a>\r\n    <a href=\"https:\/\/www.verztec.com\/wp-content\/uploads\/events\/singtel2013\/singtel04.jpg\" class=\"gallery-item\">\r\n        <img decoding=\"async\" src=\"https:\/\/www.verztec.com\/wp-content\/uploads\/events\/singtel2013\/singtel04.jpg\" alt=\"Singtel invites Verztec to share best practices for local companies venturing overseas\" \/>\r\n    <\/a>\r\n    <a href=\"https:\/\/www.verztec.com\/wp-content\/uploads\/events\/singtel2013\/singtel05.jpg\" class=\"gallery-item\">\r\n        <img decoding=\"async\" src=\"https:\/\/www.verztec.com\/wp-content\/uploads\/events\/singtel2013\/singtel05.jpg\" alt=\"Singtel invites Verztec to share best practices for local companies venturing overseas\" \/>\r\n    <\/a>\r\n    <a href=\"https:\/\/www.verztec.com\/wp-content\/uploads\/events\/singtel2013\/singtel06.jpg\" class=\"gallery-item\">\r\n        <img decoding=\"async\" src=\"https:\/\/www.verztec.com\/wp-content\/uploads\/events\/singtel2013\/singtel06.jpg\" alt=\"Singtel invites Verztec to share best practices for local companies venturing overseas\" \/>\r\n    <\/a>\r\n    <a href=\"https:\/\/www.verztec.com\/wp-content\/uploads\/events\/singtel2013\/singtel07.jpg\" class=\"gallery-item\">\r\n        <img decoding=\"async\" src=\"https:\/\/www.verztec.com\/wp-content\/uploads\/events\/singtel2013\/singtel07.jpg\" alt=\"Singtel invites Verztec to share best practices for local companies venturing overseas\" \/>\r\n    <\/a>\r\n    <a href=\"https:\/\/www.verztec.com\/wp-content\/uploads\/events\/singtel2013\/singtel08.jpg\" class=\"gallery-item\">\r\n        <img decoding=\"async\" src=\"https:\/\/www.verztec.com\/wp-content\/uploads\/events\/singtel2013\/singtel08.jpg\" alt=\"Singtel invites Verztec to share best practices for local companies venturing overseas\" \/>\r\n    <\/a>\r\n<\/div>\r\n<hr style=\"margin-top: 20px; margin-bottom: 20px; border: 0; border-top: 1px solid rgb(238, 238, 238);\">\r\n<p><em><a name=\"october2013\"><\/a>Oktober 2013<\/em><\/p>\r\n<p><strong>Verztec gewinnt zum zweiten Mal den Singapore Prestige Brand Award (SPBA)<\/strong><\/p>\r\n<p>Verztec ist stolz darauf, den Singapore Prestige Brand Award (SPBA) 2013 in der Kategorie \u201eEtablierte Marken\u201c gewonnen zu haben. Der SPBA wird von der Association of Small and Medium Enterprises (ASME) und Lianhe Zaobao organisiert und zielt darauf ab, erfolgreiche lokale Marken zu erkennen und zu ehren, die durch verschiedene Markeninitiativen effektiv entwickelt und gef\u00fchrt werden.<\/p>\r\n<p>Die Pr\u00e4sentationszeremonie des Singapore Prestige Brand Award 2013 fand am 4. Oktober 2013 im Ritz Carlton Millenia Singapore statt.<\/p>\r\n<p>Weitere Informationen zu SPBA finden Sie auf der <a href=\"http:\/\/www.spba.com.sg\/\" target=\"_blank\" rel=\"noopener\">offiziellen Website<\/a>.<\/p>\r\n<div id=\"gallery\" class=\"small\">\r\n    <a href=\"https:\/\/www.verztec.com\/wp-content\/uploads\/events\/SPBA13\/spba2.jpg\" class=\"gallery-item\">\r\n        <img decoding=\"async\" src=\"https:\/\/www.verztec.com\/wp-content\/uploads\/events\/SPBA13\/spba2.jpg\" alt=\"Verztec wins Singapore Prestige Brand Award (SPBA) Award for the second time\" \/>\r\n    <\/a>\r\n    <a href=\"https:\/\/www.verztec.com\/wp-content\/uploads\/events\/SPBA13\/spba3.jpg\" class=\"gallery-item\">\r\n        <img decoding=\"async\" src=\"https:\/\/www.verztec.com\/wp-content\/uploads\/events\/SPBA13\/spba3.jpg\" alt=\"Verztec wins Singapore Prestige Brand Award (SPBA) Award for the second time\" \/>\r\n    <\/a>\r\n    <a href=\"https:\/\/www.verztec.com\/wp-content\/uploads\/events\/SPBA13\/spba4.jpg\" class=\"gallery-item\">\r\n        <img decoding=\"async\" src=\"https:\/\/www.verztec.com\/wp-content\/uploads\/events\/SPBA13\/spba4.jpg\" alt=\"Verztec wins Singapore Prestige Brand Award (SPBA) Award for the second time\" \/>\r\n    <\/a>\r\n    <a href=\"https:\/\/www.verztec.com\/wp-content\/uploads\/events\/SPBA13\/spba5.jpg\" class=\"gallery-item\">\r\n        <img decoding=\"async\" src=\"https:\/\/www.verztec.com\/wp-content\/uploads\/events\/SPBA13\/spba5.jpg\" alt=\"Verztec wins Singapore Prestige Brand Award (SPBA) Award for the second time\" \/>\r\n    <\/a>\r\n    <a href=\"https:\/\/www.verztec.com\/wp-content\/uploads\/events\/SPBA13\/spba6.jpg\" class=\"gallery-item\">\r\n        <img decoding=\"async\" src=\"https:\/\/www.verztec.com\/wp-content\/uploads\/events\/SPBA13\/spba6.jpg\" alt=\"Verztec wins Singapore Prestige Brand Award (SPBA) Award for the second time\" \/>\r\n    <\/a>\r\n    <a href=\"https:\/\/www.verztec.com\/wp-content\/uploads\/events\/SPBA13\/spba7.jpg\" class=\"gallery-item\">\r\n        <img decoding=\"async\" src=\"https:\/\/www.verztec.com\/wp-content\/uploads\/events\/SPBA13\/spba7.jpg\" alt=\"Verztec wins Singapore Prestige Brand Award (SPBA) Award for the second time\" \/>\r\n    <\/a>\r\n    <a href=\"https:\/\/www.verztec.com\/wp-content\/uploads\/events\/SPBA13\/spba8.jpg\" class=\"gallery-item\">\r\n        <img decoding=\"async\" src=\"https:\/\/www.verztec.com\/wp-content\/uploads\/events\/SPBA13\/spba8.jpg\" alt=\"Verztec wins Singapore Prestige Brand Award (SPBA) Award for the second time\" \/>\r\n    <\/a>\r\n    <a href=\"https:\/\/www.verztec.com\/wp-content\/uploads\/events\/SPBA13\/spba9.jpg\" class=\"gallery-item\">\r\n        <img decoding=\"async\" src=\"https:\/\/www.verztec.com\/wp-content\/uploads\/events\/SPBA13\/spba9.jpg\" alt=\"Verztec wins Singapore Prestige Brand Award (SPBA) Award for the second time\" \/>\r\n    <\/a>\r\n    <a href=\"https:\/\/www.verztec.com\/wp-content\/uploads\/events\/SPBA13\/spba10.jpg\" class=\"gallery-item\">\r\n        <img decoding=\"async\" src=\"https:\/\/www.verztec.com\/wp-content\/uploads\/events\/SPBA13\/spba10.jpg\" alt=\"Verztec wins Singapore Prestige Brand Award (SPBA) Award for the second time\" \/>\r\n    <\/a>\r\n    <a href=\"https:\/\/www.verztec.com\/wp-content\/uploads\/events\/SPBA13\/spba11.jpg\" class=\"gallery-item\">\r\n        <img decoding=\"async\" src=\"https:\/\/www.verztec.com\/wp-content\/uploads\/events\/SPBA13\/spba11.jpg\" alt=\"Verztec wins Singapore Prestige Brand Award (SPBA) Award for the second time\" \/>\r\n    <\/a>\r\n    <a href=\"https:\/\/www.verztec.com\/wp-content\/uploads\/events\/SPBA13\/spba12.jpg\" class=\"gallery-item\">\r\n        <img decoding=\"async\" src=\"https:\/\/www.verztec.com\/wp-content\/uploads\/events\/SPBA13\/spba12.jpg\" alt=\"Verztec wins Singapore Prestige Brand Award (SPBA) Award for the second time\" \/>\r\n    <\/a>\r\n    <a href=\"https:\/\/www.verztec.com\/wp-content\/uploads\/events\/SPBA13\/spba13.jpg\" class=\"gallery-item\">\r\n        <img decoding=\"async\" src=\"https:\/\/www.verztec.com\/wp-content\/uploads\/events\/SPBA13\/spba13.jpg\" alt=\"Verztec wins Singapore Prestige Brand Award (SPBA) Award for the second time\" \/>\r\n    <\/a>\r\n<\/div>\r\n<hr style=\"margin-top: 20px; margin-bottom: 20px; border: 0; border-top: 1px solid rgb(238, 238, 238);\">\r\n<p><em><a name=\"august2013\"><\/a>August 2013<\/em><\/p>\r\n<p><strong>Verztec erh\u00e4lt den Emerging Enterprise Award 2013<\/strong><\/p>\r\n<p>Verztec ist geehrt, zu den Top 14 Finalisten zu geh\u00f6ren und den Emerging Enterprise Award 2013 zu erhalten. Der 2008 ins Leben gerufene und j\u00e4hrlich an hunderte Unternehmen verliehene Emerging Enterprise Award wird von The Business Times und OCBC Bank pr\u00e4sentiert und von SPRING Singapore, NUS Extension, Acorn Marketing &amp; Research Consultants, SingTel, MasterCard und RSM Chio Lim (dem offiziellen Auditor) unterst\u00fctzt.<\/p>\r\n<p>Die Bewertungskriterien f\u00fcr die Auszeichnung basieren auf der Vision und Mission der Organisation, dem Gesch\u00e4ftsmodell, den Managementf\u00e4higkeiten, Meilensteinen und Erfolgen sowie der Nutzung der Preisgelder.<\/p>\r\n<p>Die Pr\u00e4sentationszeremonie des Emerging Enterprise Award 2013 fand am 30. August 2013 im Ritz Carlton Millenia Singapore statt.<\/p>\r\n<div id=\"gallery\" class=\"small\">\r\n    <a href=\"https:\/\/www.verztec.com\/wp-content\/uploads\/events\/EmergingEnterpriseAward2013\/eeaward1.jpg\" class=\"gallery-item\">\r\n        <img decoding=\"async\" src=\"https:\/\/www.verztec.com\/wp-content\/uploads\/events\/EmergingEnterpriseAward2013\/eeaward1.jpg\" alt=\"Verztec bags Emerging Enterprise Award 2013\" \/>\r\n    <\/a>\r\n    <a href=\"https:\/\/www.verztec.com\/wp-content\/uploads\/events\/EmergingEnterpriseAward2013\/eeaward2.jpg\" class=\"gallery-item\">\r\n        <img decoding=\"async\" src=\"https:\/\/www.verztec.com\/wp-content\/uploads\/events\/EmergingEnterpriseAward2013\/eeaward2.jpg\" alt=\"Verztec bags Emerging Enterprise Award 2013\" \/>\r\n    <\/a>\r\n    <a href=\"https:\/\/www.verztec.com\/wp-content\/uploads\/events\/EmergingEnterpriseAward2013\/eeaward3.jpg\" class=\"gallery-item\">\r\n        <img decoding=\"async\" src=\"https:\/\/www.verztec.com\/wp-content\/uploads\/events\/EmergingEnterpriseAward2013\/eeaward3.jpg\" alt=\"Verztec bags Emerging Enterprise Award 2013\" \/>\r\n    <\/a>\r\n    <a href=\"https:\/\/www.verztec.com\/wp-content\/uploads\/events\/EmergingEnterpriseAward2013\/eeaward4.jpg\" class=\"gallery-item\">\r\n        <img decoding=\"async\" src=\"https:\/\/www.verztec.com\/wp-content\/uploads\/events\/EmergingEnterpriseAward2013\/eeaward4.jpg\" alt=\"Verztec bags Emerging Enterprise Award 2013\" \/>\r\n    <\/a>\r\n    <a href=\"https:\/\/www.verztec.com\/wp-content\/uploads\/events\/EmergingEnterpriseAward2013\/eeaward5.jpg\" class=\"gallery-item\">\r\n        <img decoding=\"async\" src=\"https:\/\/www.verztec.com\/wp-content\/uploads\/events\/EmergingEnterpriseAward2013\/eeaward5.jpg\" alt=\"Verztec bags Emerging Enterprise Award 2013\" \/>\r\n    <\/a>\r\n    <a href=\"https:\/\/www.verztec.com\/wp-content\/uploads\/events\/EmergingEnterpriseAward2013\/eeaward6.jpg\" class=\"gallery-item\">\r\n        <img decoding=\"async\" src=\"https:\/\/www.verztec.com\/wp-content\/uploads\/events\/EmergingEnterpriseAward2013\/eeaward6.jpg\" alt=\"Verztec bags Emerging Enterprise Award 2013\" \/>\r\n    <\/a>\r\n    <a href=\"https:\/\/www.verztec.com\/wp-content\/uploads\/events\/EmergingEnterpriseAward2013\/eeaward7.jpg\" class=\"gallery-item\">\r\n        <img decoding=\"async\" src=\"https:\/\/www.verztec.com\/wp-content\/uploads\/events\/EmergingEnterpriseAward2013\/eeaward7.jpg\" alt=\"Verztec bags Emerging Enterprise Award 2013\" \/>\r\n    <\/a>\r\n    <a href=\"https:\/\/www.verztec.com\/wp-content\/uploads\/events\/EmergingEnterpriseAward2013\/eeaward8.jpg\" class=\"gallery-item\">\r\n        <img decoding=\"async\" src=\"https:\/\/www.verztec.com\/wp-content\/uploads\/events\/EmergingEnterpriseAward2013\/eeaward8.jpg\" alt=\"Verztec bags Emerging Enterprise Award 2013\" \/>\r\n    <\/a>\r\n    <a href=\"https:\/\/www.verztec.com\/wp-content\/uploads\/events\/EmergingEnterpriseAward2013\/eeaward9.jpg\" class=\"gallery-item\">\r\n        <img decoding=\"async\" src=\"https:\/\/www.verztec.com\/wp-content\/uploads\/events\/EmergingEnterpriseAward2013\/eeaward9.jpg\" alt=\"Verztec bags Emerging Enterprise Award 2013\" \/>\r\n    <\/a>\r\n    <a href=\"https:\/\/www.verztec.com\/wp-content\/uploads\/events\/EmergingEnterpriseAward2013\/eeaward10.jpg\" class=\"gallery-item\">\r\n        <img decoding=\"async\" src=\"https:\/\/www.verztec.com\/wp-content\/uploads\/events\/EmergingEnterpriseAward2013\/eeaward10.jpg\" alt=\"Verztec bags Emerging Enterprise Award 2013\" \/>\r\n    <\/a>\r\n    <a href=\"https:\/\/www.verztec.com\/wp-content\/uploads\/events\/EmergingEnterpriseAward2013\/eeaward11.jpg\" class=\"gallery-item\">\r\n        <img decoding=\"async\" src=\"https:\/\/www.verztec.com\/wp-content\/uploads\/events\/EmergingEnterpriseAward2013\/eeaward11.jpg\" alt=\"Verztec bags Emerging Enterprise Award 2013\" \/>\r\n    <\/a>\r\n    <a href=\"https:\/\/www.verztec.com\/wp-content\/uploads\/events\/EmergingEnterpriseAward2013\/eeaward12.jpg\" class=\"gallery-item\">\r\n        <img decoding=\"async\" src=\"https:\/\/www.verztec.com\/wp-content\/uploads\/events\/EmergingEnterpriseAward2013\/eeaward12.jpg\" alt=\"Verztec bags Emerging Enterprise Award 2013\" \/>\r\n    <\/a>\r\n<\/div>\r\n<\/div>\r\n\r\n<div id=\"page6\" class=\"page\" style=\"display: none;\">\r\n<p class=\"first6\"><\/p> \r\n<p><em><a name=\"june2013\"><\/a>Juni 2013<\/em><\/p>\r\n<p><strong>Verztec spendet $30.000 an die Life Community Services Society f\u00fcr Run for LIFE 2013 als Goldpartner<\/strong><\/p>\r\n<p>Verztec hat als Goldpartner $30.000 f\u00fcr das erste Charity-Fundraising-Event \u201eRun for LIFE 2013\u201c, organisiert von der Life Community Services Society, gespendet.<\/p>\r\n<p>Die Life Community Services Society (LCSS), ein unterst\u00fctzter Charity-Partner von Verztec, organisierte ihren ersten Spendenlauf \u201eRun for LIFE\u201c mit dem Ziel, $400.000 zu sammeln, um die Kosten von vier Programmen zu decken, die \u00fcber 950 benachteiligte Kinder und gef\u00e4hrdete Jugendliche erreichen, deren Eltern inhaftiert sind.<\/p>\r\n<p>Das Management und die Mitarbeiter von Verztec verbrachten den Samstagmorgen des 8. Juni 2013 im East Coast Park und engagierten sich freiwillig in verschiedenen Rollen bei der Veranstaltung, w\u00e4hrend einige als L\u00e4ufer in den Kategorien 10 km Adults Competitive und 3,8 km Family Fun Run teilnahmen und die gute Sache mit Begeisterung unterst\u00fctzten.<\/p>\r\n<p>F\u00fcr weitere Informationen \u00fcber Run for LIFE und zur Teilnahme in der Zukunft besuchen Sie bitte die <a href=\"http:\/\/www.runforlife.sg\" target=\"_blank\" rel=\"noopener\">offizielle Veranstaltungswebsite<\/a>.<\/p>\r\n<div id=\"gallery\" class=\"small\">\r\n    <a href=\"https:\/\/www.verztec.com\/wp-content\/uploads\/events\/rfl2013\/rfl2013_1.jpg\" class=\"gallery-item\">\r\n        <img decoding=\"async\" src=\"https:\/\/www.verztec.com\/wp-content\/uploads\/events\/rfl2013\/rfl2013_1.jpg\" alt=\"Verztec gives $30,000 cash to Life Community Services Society for Run for LIFE 2013 as Gold Partner\" \/>\r\n    <\/a>\r\n    <a href=\"https:\/\/www.verztec.com\/wp-content\/uploads\/events\/rfl2013\/rfl2013_2.jpg\" class=\"gallery-item\">\r\n        <img decoding=\"async\" src=\"https:\/\/www.verztec.com\/wp-content\/uploads\/events\/rfl2013\/rfl2013_2.jpg\" alt=\"Verztec gives $30,000 cash to Life Community Services Society for Run for LIFE 2013 as Gold Partner\" \/>\r\n    <\/a>\r\n    <a href=\"https:\/\/www.verztec.com\/wp-content\/uploads\/events\/rfl2013\/rfl2013_3.jpg\" class=\"gallery-item\">\r\n        <img decoding=\"async\" src=\"https:\/\/www.verztec.com\/wp-content\/uploads\/events\/rfl2013\/rfl2013_3.jpg\" alt=\"Verztec gives $30,000 cash to Life Community Services Society for Run for LIFE 2013 as Gold Partner\" \/>\r\n    <\/a>\r\n    <a href=\"https:\/\/www.verztec.com\/wp-content\/uploads\/events\/rfl2013\/rfl2013_4.jpg\" class=\"gallery-item\">\r\n        <img decoding=\"async\" src=\"https:\/\/www.verztec.com\/wp-content\/uploads\/events\/rfl2013\/rfl2013_4.jpg\" alt=\"Verztec gives $30,000 cash to Life Community Services Society for Run for LIFE 2013 as Gold Partner\" \/>\r\n    <\/a>\r\n    <a href=\"https:\/\/www.verztec.com\/wp-content\/uploads\/events\/rfl2013\/rfl2013_5.jpg\" class=\"gallery-item\">\r\n        <img decoding=\"async\" src=\"https:\/\/www.verztec.com\/wp-content\/uploads\/events\/rfl2013\/rfl2013_5.jpg\" alt=\"Verztec gives $30,000 cash to Life Community Services Society for Run for LIFE 2013 as Gold Partner\" \/>\r\n    <\/a>\r\n    <a href=\"https:\/\/www.verztec.com\/wp-content\/uploads\/events\/rfl2013\/rfl2013_6.jpg\" class=\"gallery-item\">\r\n        <img decoding=\"async\" src=\"https:\/\/www.verztec.com\/wp-content\/uploads\/events\/rfl2013\/rfl2013_6.jpg\" alt=\"Verztec gives $30,000 cash to Life Community Services Society for Run for LIFE 2013 as Gold Partner\" \/>\r\n    <\/a>\r\n    <a href=\"https:\/\/www.verztec.com\/wp-content\/uploads\/events\/rfl2013\/rfl2013_7.jpg\" class=\"gallery-item\">\r\n        <img decoding=\"async\" src=\"https:\/\/www.verztec.com\/wp-content\/uploads\/events\/rfl2013\/rfl2013_7.jpg\" alt=\"Verztec gives $30,000 cash to Life Community Services Society for Run for LIFE 2013 as Gold Partner\" \/>\r\n    <\/a>\r\n    <a href=\"https:\/\/www.verztec.com\/wp-content\/uploads\/events\/rfl2013\/rfl2013_8.jpg\" class=\"gallery-item\">\r\n        <img decoding=\"async\" src=\"https:\/\/www.verztec.com\/wp-content\/uploads\/events\/rfl2013\/rfl2013_8.jpg\" alt=\"Verztec gives $30,000 cash to Life Community Services Society for Run for LIFE 2013 as Gold Partner\" \/>\r\n    <\/a>\r\n    <a href=\"https:\/\/www.verztec.com\/wp-content\/uploads\/events\/rfl2013\/rfl2013_9.jpg\" class=\"gallery-item\">\r\n        <img decoding=\"async\" src=\"https:\/\/www.verztec.com\/wp-content\/uploads\/events\/rfl2013\/rfl2013_9.jpg\" alt=\"Verztec gives $30,000 cash to Life Community Services Society for Run for LIFE 2013 as Gold Partner\" \/>\r\n    <\/a>\r\n    <a href=\"https:\/\/www.verztec.com\/wp-content\/uploads\/events\/rfl2013\/rfl2013_10.jpg\" class=\"gallery-item\">\r\n        <img decoding=\"async\" src=\"https:\/\/www.verztec.com\/wp-content\/uploads\/events\/rfl2013\/rfl2013_10.jpg\" alt=\"Verztec gives $30,000 cash to Life Community Services Society for Run for LIFE 2013 as Gold Partner\" \/>\r\n    <\/a>\r\n    <a href=\"https:\/\/www.verztec.com\/wp-content\/uploads\/events\/rfl2013\/rfl2013_11.jpg\" class=\"gallery-item\">\r\n        <img decoding=\"async\" src=\"https:\/\/www.verztec.com\/wp-content\/uploads\/events\/rfl2013\/rfl2013_11.jpg\" alt=\"Verztec gives $30,000 cash to Life Community Services Society for Run for LIFE 2013 as Gold Partner\" \/>\r\n    <\/a>\r\n    <a href=\"https:\/\/www.verztec.com\/wp-content\/uploads\/events\/rfl2013\/rfl2013_12.jpg\" class=\"gallery-item\">\r\n        <img decoding=\"async\" src=\"https:\/\/www.verztec.com\/wp-content\/uploads\/events\/rfl2013\/rfl2013_12.jpg\" alt=\"Verztec gives $30,000 cash to Life Community Services Society for Run for LIFE 2013 as Gold Partner\" \/>\r\n    <\/a>\r\n    <a href=\"https:\/\/www.verztec.com\/wp-content\/uploads\/events\/rfl2013\/rfl2013_13.jpg\" class=\"gallery-item\">\r\n        <img decoding=\"async\" src=\"https:\/\/www.verztec.com\/wp-content\/uploads\/events\/rfl2013\/rfl2013_13.jpg\" alt=\"Verztec gives $30,000 cash to Life Community Services Society for Run for LIFE 2013 as Gold Partner\" \/>\r\n    <\/a>\r\n    <a href=\"https:\/\/www.verztec.com\/wp-content\/uploads\/events\/rfl2013\/rfl2013_14.jpg\" class=\"gallery-item\">\r\n        <img decoding=\"async\" src=\"https:\/\/www.verztec.com\/wp-content\/uploads\/events\/rfl2013\/rfl2013_14.jpg\" alt=\"Verztec gives $30,000 cash to Life Community Services Society for Run for LIFE 2013 as Gold Partner\" \/>\r\n    <\/a>\r\n    <a href=\"https:\/\/www.verztec.com\/wp-content\/uploads\/events\/rfl2013\/rfl2013_15.jpg\" class=\"gallery-item\">\r\n        <img decoding=\"async\" src=\"https:\/\/www.verztec.com\/wp-content\/uploads\/events\/rfl2013\/rfl2013_15.jpg\" alt=\"Verztec gives $30,000 cash to Life Community Services Society for Run for LIFE 2013 as Gold Partner\" \/>\r\n    <\/a>\r\n    <a href=\"https:\/\/www.verztec.com\/wp-content\/uploads\/events\/rfl2013\/rfl2013_16.jpg\" class=\"gallery-item\">\r\n        <img decoding=\"async\" src=\"https:\/\/www.verztec.com\/wp-content\/uploads\/events\/rfl2013\/rfl2013_16.jpg\" alt=\"Verztec gives $30,000 cash to Life Community Services Society for Run for LIFE 2013 as Gold Partner\" \/>\r\n    <\/a>\r\n<\/div>\r\n<hr style=\"margin-top: 20px; margin-bottom: 20px; border: 0; border-top: 1px solid rgb(238, 238, 238);\">\r\n<p><em><a name=\"may2013\"><\/a>Mai 2013<\/em><\/p>\r\n<p><strong>Verztec feiert die offizielle Er\u00f6ffnung und Erweiterung des Hauptsitzes in Singapur<\/strong><\/p>\r\n<p>Verztec hat seinen Hauptsitz in Singapur erweitert, um ein breiteres Angebot an Dienstleistungen bereitzustellen und den steigenden Anforderungen der Kunden an globales Training und Globalisierung gerecht zu werden. Verztec h\u00e4lt an seinem Kundenversprechen fest, stets ein \u00fcberlegenes Serviceerlebnis zu bieten, das hochwertige Ergebnisse mit Innovation und Produktivit\u00e4t kombiniert, um Kunden bei der Erreichung ihrer Gesch\u00e4ftsziele zu unterst\u00fctzen.<\/p>\r\n<p>Am 23. Mai 2013 feierte Verztec zusammen mit engen Partnern, Freunden und Kunden die offizielle Er\u00f6ffnung und Erweiterung des B\u00fcros mit einem traditionellen L\u00f6wentanz und einem reichhaltigen Buffetmittagessen.<\/p>\r\n<div id=\"gallery\" class=\"small\">\r\n    <a href=\"https:\/\/www.verztec.com\/wp-content\/uploads\/events\/office\/office_1.jpg\" class=\"gallery-item\">\r\n        <img decoding=\"async\" src=\"https:\/\/www.verztec.com\/wp-content\/uploads\/events\/office\/office_1.jpg\" alt=\"Verztec celebrates the official opening and expansion of Singapore headquarters\" \/>\r\n    <\/a>\r\n    <a href=\"https:\/\/www.verztec.com\/wp-content\/uploads\/events\/office\/office_2.jpg\" class=\"gallery-item\">\r\n        <img decoding=\"async\" src=\"https:\/\/www.verztec.com\/wp-content\/uploads\/events\/office\/office_2.jpg\" alt=\"Verztec celebrates the official opening and expansion of Singapore headquarters\" \/>\r\n    <\/a>\r\n    <a href=\"https:\/\/www.verztec.com\/wp-content\/uploads\/events\/office\/office_3.jpg\" class=\"gallery-item\">\r\n        <img decoding=\"async\" src=\"https:\/\/www.verztec.com\/wp-content\/uploads\/events\/office\/office_3.jpg\" alt=\"Verztec celebrates the official opening and expansion of Singapore headquarters\" \/>\r\n    <\/a>\r\n    <a href=\"https:\/\/www.verztec.com\/wp-content\/uploads\/events\/office\/office_4.jpg\" class=\"gallery-item\">\r\n        <img decoding=\"async\" src=\"https:\/\/www.verztec.com\/wp-content\/uploads\/events\/office\/office_4.jpg\" alt=\"Verztec celebrates the official opening and expansion of Singapore headquarters\" \/>\r\n    <\/a>\r\n    <a href=\"https:\/\/www.verztec.com\/wp-content\/uploads\/events\/office\/office_5.jpg\" class=\"gallery-item\">\r\n        <img decoding=\"async\" src=\"https:\/\/www.verztec.com\/wp-content\/uploads\/events\/office\/office_5.jpg\" alt=\"Verztec celebrates the official opening and expansion of Singapore headquarters\" \/>\r\n    <\/a>\r\n    <a href=\"https:\/\/www.verztec.com\/wp-content\/uploads\/events\/office\/office_6.jpg\" class=\"gallery-item\">\r\n        <img decoding=\"async\" src=\"https:\/\/www.verztec.com\/wp-content\/uploads\/events\/office\/office_6.jpg\" alt=\"Verztec celebrates the official opening and expansion of Singapore headquarters\" \/>\r\n    <\/a>\r\n    <a href=\"https:\/\/www.verztec.com\/wp-content\/uploads\/events\/office\/office_7.jpg\" class=\"gallery-item\">\r\n        <img decoding=\"async\" src=\"https:\/\/www.verztec.com\/wp-content\/uploads\/events\/office\/office_7.jpg\" alt=\"Verztec celebrates the official opening and expansion of Singapore headquarters\" \/>\r\n    <\/a>\r\n    <a href=\"https:\/\/www.verztec.com\/wp-content\/uploads\/events\/office\/office_8.jpg\" class=\"gallery-item\">\r\n        <img decoding=\"async\" src=\"https:\/\/www.verztec.com\/wp-content\/uploads\/events\/office\/office_8.jpg\" alt=\"Verztec celebrates the official opening and expansion of Singapore headquarters\" \/>\r\n    <\/a>\r\n    <a href=\"https:\/\/www.verztec.com\/wp-content\/uploads\/events\/office\/office_9.jpg\" class=\"gallery-item\">\r\n        <img decoding=\"async\" src=\"https:\/\/www.verztec.com\/wp-content\/uploads\/events\/office\/office_9.jpg\" alt=\"Verztec celebrates the official opening and expansion of Singapore headquarters\" \/>\r\n    <\/a>\r\n    <a href=\"https:\/\/www.verztec.com\/wp-content\/uploads\/events\/office\/office_10.jpg\" class=\"gallery-item\">\r\n        <img decoding=\"async\" src=\"https:\/\/www.verztec.com\/wp-content\/uploads\/events\/office\/office_10.jpg\" alt=\"Verztec celebrates the official opening and expansion of Singapore headquarters\" \/>\r\n    <\/a>\r\n    <a href=\"https:\/\/www.verztec.com\/wp-content\/uploads\/events\/office\/office_11.jpg\" class=\"gallery-item\">\r\n        <img decoding=\"async\" src=\"https:\/\/www.verztec.com\/wp-content\/uploads\/events\/office\/office_11.jpg\" alt=\"Verztec celebrates the official opening and expansion of Singapore headquarters\" \/>\r\n    <\/a>\r\n    <a href=\"https:\/\/www.verztec.com\/wp-content\/uploads\/events\/office\/office_12.jpg\" class=\"gallery-item\">\r\n        <img decoding=\"async\" src=\"https:\/\/www.verztec.com\/wp-content\/uploads\/events\/office\/office_12.jpg\" alt=\"Verztec celebrates the official opening and expansion of Singapore headquarters\" \/>\r\n    <\/a>\r\n<\/div>\r\n<hr style=\"margin-top: 20px; margin-bottom: 20px; border: 0; border-top: 1px solid rgb(238, 238, 238);\">\r\n<p><strong>SIMM unterzeichnet eine Absichtserkl\u00e4rung (MOU) mit Verztec<\/strong><\/p>\r\n<p>VerztecLearning\u2122, die Abteilung f\u00fcr berufliche Weiterbildung und Lerntechnologien von Verztec Consulting Pte Ltd, gibt stolz eine Partnerschaft mit dem Singapore Institute of Materials Management (SIMM) bekannt, bei der VerztecLearning\u2122 der Lerntechnologie-Partner f\u00fcr SIMM sein wird.<\/p>\r\n<p>Diese Partnerschaft wurde w\u00e4hrend der j\u00e4hrlichen SIMM-Abschlussfeier am 18. Mai 2013 im NTUC Centre @ One Marina Boulevard durch die Unterzeichnung einer Absichtserkl\u00e4rung offiziell gemacht.<\/p>\r\n<p>Um mehr \u00fcber SIMM zu erfahren, besuchen Sie bitte deren <a href=\"http:\/\/www.simm.org.sg\/main\/\" target=\"_BLANK\" rel=\"noopener\">Website<\/a>.<\/p>\r\n<p>Lesen Sie die offizielle Pressemitteilung <a href=\"https:\/\/www.verztec.com\/media-release\/\" target=\"_BLANK\" rel=\"noopener\">hier<\/a>.<\/p>\r\n<div id=\"gallery\" class=\"small\">\r\n    <a href=\"https:\/\/www.verztec.com\/wp-content\/uploads\/events\/simm\/simm_1.jpg\" class=\"gallery-item\">\r\n        <img decoding=\"async\" src=\"https:\/\/www.verztec.com\/wp-content\/uploads\/events\/simm\/simm_1.jpg\" alt=\"SIMM signs MOU with Verztec\" \/>\r\n    <\/a>\r\n    <a href=\"https:\/\/www.verztec.com\/wp-content\/uploads\/events\/simm\/simm_2.jpg\" class=\"gallery-item\">\r\n        <img decoding=\"async\" src=\"https:\/\/www.verztec.com\/wp-content\/uploads\/events\/simm\/simm_2.jpg\" alt=\"SIMM signs MOU with Verztec\" \/>\r\n    <\/a>\r\n    <a href=\"https:\/\/www.verztec.com\/wp-content\/uploads\/events\/simm\/simm_3.jpg\" class=\"gallery-item\">\r\n        <img decoding=\"async\" src=\"https:\/\/www.verztec.com\/wp-content\/uploads\/events\/simm\/simm_3.jpg\" alt=\"SIMM signs MOU with Verztec\" \/>\r\n    <\/a>\r\n    <a href=\"https:\/\/www.verztec.com\/wp-content\/uploads\/events\/simm\/simm_4.jpg\" class=\"gallery-item\">\r\n        <img decoding=\"async\" src=\"https:\/\/www.verztec.com\/wp-content\/uploads\/events\/simm\/simm_4.jpg\" alt=\"SIMM signs MOU with Verztec\" \/>\r\n    <\/a>\r\n    <a href=\"https:\/\/www.verztec.com\/wp-content\/uploads\/events\/simm\/simm_5.jpg\" class=\"gallery-item\">\r\n        <img decoding=\"async\" src=\"https:\/\/www.verztec.com\/wp-content\/uploads\/events\/simm\/simm_5.jpg\" alt=\"SIMM signs MOU with Verztec\" \/>\r\n    <\/a>\r\n    <a href=\"https:\/\/www.verztec.com\/wp-content\/uploads\/events\/simm\/simm_6.jpg\" class=\"gallery-item\">\r\n        <img decoding=\"async\" src=\"https:\/\/www.verztec.com\/wp-content\/uploads\/events\/simm\/simm_6.jpg\" alt=\"SIMM signs MOU with Verztec\" \/>\r\n    <\/a>\r\n    <a href=\"https:\/\/www.verztec.com\/wp-content\/uploads\/events\/simm\/simm_7.jpg\" class=\"gallery-item\">\r\n        <img decoding=\"async\" src=\"https:\/\/www.verztec.com\/wp-content\/uploads\/events\/simm\/simm_7.jpg\" alt=\"SIMM signs MOU with Verztec\" \/>\r\n    <\/a>\r\n    <a href=\"https:\/\/www.verztec.com\/wp-content\/uploads\/events\/simm\/simm_8.jpg\" class=\"gallery-item\">\r\n        <img decoding=\"async\" src=\"https:\/\/www.verztec.com\/wp-content\/uploads\/events\/simm\/simm_8.jpg\" alt=\"SIMM signs MOU with Verztec\" \/>\r\n    <\/a>\r\n<\/div>\r\n<hr style=\"margin-top: 20px; margin-bottom: 20px; border: 0; border-top: 1px solid rgb(238, 238, 238);\">\r\n<p><em><a name=\"april2013\"><\/a>April 2013<\/em><\/p>\r\n<p><strong>Verztec ist Bronze-Sponsor der Localization World Conference Singapore 2013<\/strong><\/p>\r\n<p>Verztec f\u00fchlt sich geehrt, Bronze-Sponsor der Localization World Conference Singapore 2013 zu sein.<\/p>\r\n<p>Die dreit\u00e4gige Konferenz fand im Shangri-La Hotel in Singapur statt und zog \u00fcber 200 Fachdelegierte aus der ganzen Welt an.<\/p>\r\n<p>Weitere Informationen \u00fcber Localization World finden Sie <a href=\"http:\/\/www.localizationworld.com\" target=\"_BLANK\" rel=\"noopener\">hier<\/a>.<\/p>\r\n<div id=\"gallery\" class=\"small\">\r\n    <a href=\"https:\/\/www.verztec.com\/wp-content\/uploads\/events\/localization\/localization1.jpg\" class=\"gallery-item\">\r\n        <img decoding=\"async\" src=\"https:\/\/www.verztec.com\/wp-content\/uploads\/events\/localization\/localization1.jpg\" alt=\"Localization World Singapore\" \/>\r\n    <\/a>\r\n    <a href=\"https:\/\/www.verztec.com\/wp-content\/uploads\/events\/localization\/localization2.jpg\" class=\"gallery-item\">\r\n        <img decoding=\"async\" src=\"https:\/\/www.verztec.com\/wp-content\/uploads\/events\/localization\/localization2.jpg\" alt=\"Localization World Singapore\" \/>\r\n    <\/a>\r\n    <a href=\"https:\/\/www.verztec.com\/wp-content\/uploads\/events\/localization\/localization3.jpg\" class=\"gallery-item\">\r\n        <img decoding=\"async\" src=\"https:\/\/www.verztec.com\/wp-content\/uploads\/events\/localization\/localization3.jpg\" alt=\"Localization World Singapore\" \/>\r\n    <\/a>\r\n    <a href=\"https:\/\/www.verztec.com\/wp-content\/uploads\/events\/localization\/localization4.jpg\" class=\"gallery-item\">\r\n        <img decoding=\"async\" src=\"https:\/\/www.verztec.com\/wp-content\/uploads\/events\/localization\/localization4.jpg\" alt=\"Localization World Singapore\" \/>\r\n    <\/a>\r\n    <a href=\"https:\/\/www.verztec.com\/wp-content\/uploads\/events\/localization\/localization5.jpg\" class=\"gallery-item\">\r\n        <img decoding=\"async\" src=\"https:\/\/www.verztec.com\/wp-content\/uploads\/events\/localization\/localization5.jpg\" alt=\"Localization World Singapore\" \/>\r\n    <\/a>\r\n    <a href=\"https:\/\/www.verztec.com\/wp-content\/uploads\/events\/localization\/localization6.jpg\" class=\"gallery-item\">\r\n        <img decoding=\"async\" src=\"https:\/\/www.verztec.com\/wp-content\/uploads\/events\/localization\/localization6.jpg\" alt=\"Localization World Singapore\" \/>\r\n    <\/a>\r\n    <a href=\"https:\/\/www.verztec.com\/wp-content\/uploads\/events\/localization\/localization7.jpg\" class=\"gallery-item\">\r\n        <img decoding=\"async\" src=\"https:\/\/www.verztec.com\/wp-content\/uploads\/events\/localization\/localization7.jpg\" alt=\"Localization World Singapore\" \/>\r\n    <\/a>\r\n    <a href=\"https:\/\/www.verztec.com\/wp-content\/uploads\/events\/localization\/localization8.jpg\" class=\"gallery-item\">\r\n        <img decoding=\"async\" src=\"https:\/\/www.verztec.com\/wp-content\/uploads\/events\/localization\/localization8.jpg\" alt=\"Localization World Singapore\" \/>\r\n    <\/a>\r\n    <a href=\"https:\/\/www.verztec.com\/wp-content\/uploads\/events\/localization\/localization9.jpg\" class=\"gallery-item\">\r\n        <img decoding=\"async\" src=\"https:\/\/www.verztec.com\/wp-content\/uploads\/events\/localization\/localization9.jpg\" alt=\"Localization World Singapore\" \/>\r\n    <\/a>\r\n    <a href=\"https:\/\/www.verztec.com\/wp-content\/uploads\/events\/localization\/localization10.jpg\" class=\"gallery-item\">\r\n        <img decoding=\"async\" src=\"https:\/\/www.verztec.com\/wp-content\/uploads\/events\/localization\/localization10.jpg\" alt=\"Localization World Singapore\" \/>\r\n    <\/a>\r\n    <a href=\"https:\/\/www.verztec.com\/wp-content\/uploads\/events\/localization\/localization11.jpg\" class=\"gallery-item\">\r\n        <img decoding=\"async\" src=\"https:\/\/www.verztec.com\/wp-content\/uploads\/events\/localization\/localization11.jpg\" alt=\"Localization World Singapore\" \/>\r\n    <\/a>\r\n    <a href=\"https:\/\/www.verztec.com\/wp-content\/uploads\/events\/localization\/localization12.jpg\" class=\"gallery-item\">\r\n        <img decoding=\"async\" src=\"https:\/\/www.verztec.com\/wp-content\/uploads\/events\/localization\/localization12.jpg\" alt=\"Localization World Singapore\" \/>\r\n    <\/a>\r\n<\/div>\r\n<hr style=\"margin-top: 20px; margin-bottom: 20px; border: 0; border-top: 1px solid rgb(238, 238, 238);\">\r\n<p><em><a name=\"january2013\"><\/a>Januar 2013<\/em><\/p>\r\n<p><strong>National Library Board vergibt gro\u00dfen Designauftrag an Verztec<\/strong><\/p>\r\n<p>Verztec ist stolz darauf, von der National Library Board (NLB) mit dem Design und der Entwicklung monatlicher Publikationen und elektronischer Direktmailer beauftragt worden zu sein. Die monatlichen Publikationen &#8211; Go Library und Go Kids &#8211; f\u00f6rdern die Programmangebote der Bibliothek, einschlie\u00dflich Veranstaltungen, Ausstellungen, Sammlungsdiensten und Programmlisten an allen 25 Standorten.<\/p>\r\n<p>VerztecPublish\u2122 ist der integrierte globale Marketingkommunikations- und Designl\u00f6sungsbereich von Verztec. Weitere Informationen zu VerztecPublish\u2122 finden Sie unter <a href=\"http:\/\/www.verztecpublish.com\" target=\"_BLANK\" rel=\"noopener\">VerztecPublish\u2122<\/a>.<\/p>\r\n<hr style=\"margin-top: 20px; margin-bottom: 20px; border: 0; border-top: 1px solid rgb(238, 238, 238);\">\r\n<p><em><a name=\"november2012\"><\/a><\/em><\/p>\r\n<p><em>November 2012<\/em><\/p>\r\n<p><strong>Verztec ist offizieller \u00dcbersetzungspartner der ASTD-STADA Asia Pacific Conference 2012<\/strong><\/p>\r\n<p>Verztec ist stolz darauf, offizieller \u00dcbersetzungspartner der prestigetr\u00e4chtigen ASTD-STADA Asia Pacific (ASAP) Conference 2012 zu sein.<\/p>\r\n<p>Die ASAP 2012 erstreckte sich \u00fcber drei Tage vom 31. Oktober 2012 bis zum 2. November 2012 und fand in der Marina Bay Sands Convention Hall statt. W\u00e4hrend Unternehmen global agieren, stehen sie vor neuen Herausforderungen. Die ASAP 2012 hat es sich zum Ziel gesetzt, diese Herausforderungen effektiv anzugehen, indem die besten HCD-Praktiken aus dem asiatisch-pazifischen Raum und dem Westen geteilt werden.<\/p>\r\n<p>Als offizieller \u00dcbersetzungspartner stellte Verztec professionelle Simultan\u00fcbersetzungen f\u00fcr die Konferenz sowie qualitativ hochwertige \u00dcbersetzungen der Konferenzkommunikationsmaterialien in mehrere asiatische Sprachen &#8211; n\u00e4mlich Koreanisch, Japanisch und vereinfachtes Chinesisch &#8211; bereit.<\/p>\r\n<p>Bitte besuchen Sie die offizielle Website der <a href=\"http:\/\/www.asapconference.com\" target=\"_blank\" rel=\"noopener\">ASTD-STADA Asia Pacific Conference 2012<\/a> f\u00fcr weitere Details.<\/p>\r\n<div id=\"gallery\" class=\"small\">\r\n    <a href=\"https:\/\/www.verztec.com\/wp-content\/uploads\/events\/ASAP_Conference_2012\/IMG_5042.jpg\" class=\"gallery-item\">\r\n        <img decoding=\"async\" src=\"https:\/\/www.verztec.com\/wp-content\/uploads\/events\/ASAP_Conference_2012\/IMG_5042.jpg\" alt=\"ASTD-STADA Asia Pacific Conference 2012.\" \/>\r\n    <\/a>\r\n    <a href=\"https:\/\/www.verztec.com\/wp-content\/uploads\/events\/ASAP_Conference_2012\/IMG_6057.jpg\" class=\"gallery-item\">\r\n        <img decoding=\"async\" src=\"https:\/\/www.verztec.com\/wp-content\/uploads\/events\/ASAP_Conference_2012\/IMG_6057.jpg\" alt=\"ASTD-STADA Asia Pacific Conference 2012.\" \/>\r\n    <\/a>\r\n    <a href=\"https:\/\/www.verztec.com\/wp-content\/uploads\/events\/ASAP_Conference_2012\/IMG_8232.jpg\" class=\"gallery-item\">\r\n        <img decoding=\"async\" src=\"https:\/\/www.verztec.com\/wp-content\/uploads\/events\/ASAP_Conference_2012\/IMG_8232.jpg\" alt=\"ASTD-STADA Asia Pacific Conference 2012.\" \/>\r\n    <\/a>\r\n    <a href=\"https:\/\/www.verztec.com\/wp-content\/uploads\/events\/ASAP_Conference_2012\/IMG_8250.jpg\" class=\"gallery-item\">\r\n        <img decoding=\"async\" src=\"https:\/\/www.verztec.com\/wp-content\/uploads\/events\/ASAP_Conference_2012\/IMG_8250.jpg\" alt=\"ASTD-STADA Asia Pacific Conference 2012.\" \/>\r\n    <\/a>\r\n<\/div>\r\n<hr style=\"margin-top: 20px; margin-bottom: 20px; border: 0; border-top: 1px solid rgb(238, 238, 238);\">\r\n<p><em><a name=\"august2012\"><\/a>August 2012<\/em><\/p>\r\n<p><strong>Verztec erh\u00e4lt die Auszeichnungen Promising SME 500 Awards 2012 und Arts Supporter Awards 2012<\/strong><\/p>\r\n<p>Verztec wurde in der Kategorie Platin mit den Promising SME 500 Awards 2012 im Marina Bay Sands ausgezeichnet. Diese Auszeichnung ist ein Beweis f\u00fcr Verztecs hervorragende F\u00fchrung, Innovation, Leistung und Nachhaltigkeitsbem\u00fchungen unter den lokalen Unternehmen.<\/p>\r\n<p>Die j\u00e4hrlich von der Nationals Arts Council Singapore organisierte Patron of the Arts and Arts Supporter Awards Night w\u00fcrdigt Unternehmen f\u00fcr ihre Unterst\u00fctzung der F\u00f6rderung und Entwicklung der K\u00fcnste in Singapur. Verztec ist stolz darauf, zum vierten Mal die Arts Supporter Awards erhalten zu haben.<\/p>\r\n<p>Lesen Sie die Medienmitteilung zur Patron of the Arts and Arts Supporter Awards Night 2012 <a href=\"media\/PDF\/Media%20Release%20-%20More%20Individuals%20and%20Organisations%20Giving%20to%20the%20Arts.pdf\" target=\"_BLANK\" rel=\"noopener\">hier<\/a>.<\/p>\r\n<div id=\"gallery\" class=\"small\">\r\n    <a href=\"https:\/\/www.verztec.com\/wp-content\/uploads\/events\/sme_500_2012\/sme500_2012_2.jpg\" class=\"gallery-item\">\r\n        <img decoding=\"async\" src=\"https:\/\/www.verztec.com\/wp-content\/uploads\/events\/sme_500_2012\/sme500_2012_2.jpg\" alt=\"Verztec receives Promising SME 500 Awards 2012\" \/>\r\n    <\/a>\r\n    <a href=\"https:\/\/www.verztec.com\/wp-content\/uploads\/events\/sme_500_2012\/sme500_2012_3.jpg\" class=\"gallery-item\">\r\n        <img decoding=\"async\" src=\"https:\/\/www.verztec.com\/wp-content\/uploads\/events\/sme_500_2012\/sme500_2012_3.jpg\" alt=\"Verztec receives Promising SME 500 Awards 2012\" \/>\r\n    <\/a>\r\n    <a href=\"https:\/\/www.verztec.com\/wp-content\/uploads\/events\/sme_500_2012\/sme500_2012_1.jpg\" class=\"gallery-item\">\r\n        <img decoding=\"async\" src=\"https:\/\/www.verztec.com\/wp-content\/uploads\/events\/sme_500_2012\/sme500_2012_1.jpg\" alt=\"Verztec receives the Arts Supporter Awards 2012 (Photo Credit: National Arts Council)\" \/>\r\n    <\/a>\r\n    <a href=\"https:\/\/www.verztec.com\/wp-content\/uploads\/events\/sme_500_2012\/sme500_2012_4.jpg\" class=\"gallery-item\">\r\n        <img decoding=\"async\" src=\"https:\/\/www.verztec.com\/wp-content\/uploads\/events\/sme_500_2012\/sme500_2012_4.jpg\" alt=\"Verztec receives the Arts Supporter Awards 2012 (Photo Credit: National Arts Council)\" \/>\r\n    <\/a>\r\n<\/div>\r\n<hr style=\"margin-top: 20px; margin-bottom: 20px; border: 0; border-top: 1px solid rgb(238, 238, 238);\">\r\n<p><em><a name=\"july2012\"><\/a>Juli 2012<\/em><\/p>\r\n<p><strong>Verztec erh\u00e4lt den Prominent Award of the Year bei den SME1 Asia Awards 2012<\/strong><\/p>\r\n<p>Verztec wurde bei der prestigetr\u00e4chtigen SME1 Asia Awards 2012 Pr\u00e4sentationszeremonie im Marina Bay Sands Singapur mit dem <strong>Overall Top Winner Award \u2013 Prominent Category<\/strong> ausgezeichnet. Diese Auszeichnung w\u00fcrdigt erfolgreiche kleine und mittlere Unternehmen (KMU) in Singapur und Asien, die sozial verantwortlich sind.<\/p>\r\n<p>Die Auszeichnung in der Prominent Category wird Unternehmen verliehen, die sich durch ihre Bem\u00fchungen in wirtschaftlicher, sozialer und \u00f6kologischer Nachhaltigkeit auszeichnen. Diese Unternehmen haben die Wachstumsphasen \u00fcberstanden und florieren in ihren ersten 10 Betriebsjahren.<\/p>\r\n<p>Weitere Informationen zu den SME1 Asia Awards 2012 finden Sie auf der <a href=\"http:\/\/www.sme1.asia\/award-winners-2012\" target=\"_BLANK\" rel=\"noopener\">Website der SME1 Asia Awards<\/a>.<\/p>\r\n<div id=\"gallery\" class=\"small\">\r\n    <a href=\"https:\/\/www.verztec.com\/wp-content\/uploads\/events\/sme2012\/sme2012_1.jpg\" class=\"gallery-item\">\r\n        <img decoding=\"async\" src=\"https:\/\/www.verztec.com\/wp-content\/uploads\/events\/sme2012\/sme2012_1.jpg\" alt=\"SME1 Asia Awards Night 2012\" \/>\r\n    <\/a>\r\n    <a href=\"https:\/\/www.verztec.com\/wp-content\/uploads\/events\/sme2012\/sme2012_2.jpg\" class=\"gallery-item\">\r\n        <img decoding=\"async\" src=\"https:\/\/www.verztec.com\/wp-content\/uploads\/events\/sme2012\/sme2012_2.jpg\" alt=\"SME1 Asia Awards Night 2012\" \/>\r\n    <\/a>\r\n    <a href=\"https:\/\/www.verztec.com\/wp-content\/uploads\/events\/sme2012\/sme2012_3.jpg\" class=\"gallery-item\">\r\n        <img decoding=\"async\" src=\"https:\/\/www.verztec.com\/wp-content\/uploads\/events\/sme2012\/sme2012_3.jpg\" alt=\"SME1 Asia Awards Night 2012\" \/>\r\n    <\/a>\r\n    <a href=\"https:\/\/www.verztec.com\/wp-content\/uploads\/events\/sme2012\/sme2012_4.jpg\" class=\"gallery-item\">\r\n        <img decoding=\"async\" src=\"https:\/\/www.verztec.com\/wp-content\/uploads\/events\/sme2012\/sme2012_4.jpg\" alt=\"SME1 Asia Awards Night 2012\" \/>\r\n    <\/a>\r\n    <a href=\"https:\/\/www.verztec.com\/wp-content\/uploads\/events\/sme2012\/sme2012_5.jpg\" class=\"gallery-item\">\r\n        <img decoding=\"async\" src=\"https:\/\/www.verztec.com\/wp-content\/uploads\/events\/sme2012\/sme2012_5.jpg\" alt=\"SME1 Asia Awards Night 2012\" \/>\r\n    <\/a>\r\n    <a href=\"https:\/\/www.verztec.com\/wp-content\/uploads\/events\/sme2012\/sme2012_6.jpg\" class=\"gallery-item\">\r\n        <img decoding=\"async\" src=\"https:\/\/www.verztec.com\/wp-content\/uploads\/events\/sme2012\/sme2012_6.jpg\" alt=\"SME1 Asia Awards Night 2012\" \/>\r\n    <\/a>\r\n    <a href=\"https:\/\/www.verztec.com\/wp-content\/uploads\/events\/sme2012\/sme2012_7.jpg\" class=\"gallery-item\">\r\n        <img decoding=\"async\" src=\"https:\/\/www.verztec.com\/wp-content\/uploads\/events\/sme2012\/sme2012_7.jpg\" alt=\"SME1 Asia Awards Night 2012\" \/>\r\n    <\/a>\r\n    <a href=\"https:\/\/www.verztec.com\/wp-content\/uploads\/events\/sme2012\/sme2012_8.jpg\" class=\"gallery-item\">\r\n        <img decoding=\"async\" src=\"https:\/\/www.verztec.com\/wp-content\/uploads\/events\/sme2012\/sme2012_8.jpg\" alt=\"SME1 Asia Awards Night 2012\" \/>\r\n    <\/a>\r\n    <a href=\"https:\/\/www.verztec.com\/wp-content\/uploads\/events\/sme2012\/sme2012_9.jpg\" class=\"gallery-item\">\r\n        <img decoding=\"async\" src=\"https:\/\/www.verztec.com\/wp-content\/uploads\/events\/sme2012\/sme2012_9.jpg\" alt=\"SME1 Asia Awards Night 2012\" \/>\r\n    <\/a>\r\n    <a href=\"https:\/\/www.verztec.com\/wp-content\/uploads\/events\/sme2012\/sme2012_10.jpg\" class=\"gallery-item\">\r\n        <img decoding=\"async\" src=\"https:\/\/www.verztec.com\/wp-content\/uploads\/events\/sme2012\/sme2012_10.jpg\" alt=\"SME1 Asia Awards Night 2012\" \/>\r\n    <\/a>\r\n    <a href=\"https:\/\/www.verztec.com\/wp-content\/uploads\/events\/sme2012\/sme2012_11.jpg\" class=\"gallery-item\">\r\n        <img decoding=\"async\" src=\"https:\/\/www.verztec.com\/wp-content\/uploads\/events\/sme2012\/sme2012_11.jpg\" alt=\"SME1 Asia Awards Night 2012\" \/>\r\n    <\/a>\r\n    <a href=\"https:\/\/www.verztec.com\/wp-content\/uploads\/events\/sme2012\/sme2012_12.jpg\" class=\"gallery-item\">\r\n        <img decoding=\"async\" src=\"https:\/\/www.verztec.com\/wp-content\/uploads\/events\/sme2012\/sme2012_12.jpg\" alt=\"SME1 Asia Awards Night 2012\" \/>\r\n    <\/a>\r\n<\/div>\r\n<\/div>\r\n\r\n<div id=\"page7\" class=\"page\" style=\"display: none;\">\r\n<p class=\"first7\"><\/p> \r\n<p><em><a name=\"july2012\"><\/a>Juli 2012<\/em><\/p>\r\n<p><strong>Das Housing and Development Board (HDB) lobt Verztec f\u00fcr hervorragende Arbeit<\/strong><\/p>\r\n<p>Das Housing and Development Board (HDB), Singapurs Beh\u00f6rde f\u00fcr \u00f6ffentliches Wohnen und ein gesetzliches Gremium des Ministeriums f\u00fcr nationale Entwicklung, hat Verztec mit einem Lokalisierungsprojekt beauftragt. Verztec lieferte qualitativ hochwertige \u00dcbersetzungen und professionelle Sprachaufnahmen f\u00fcr eine iPad-Pr\u00e4sentation, um die vor Ort stattfindenden Wohnungsbesichtigungen und die Sicherheitsma\u00dfnahmen zu erleichtern.<\/p>\r\n<p>Trotz des engen Zeitplans lokalisierte Verztec die Inhalte in 9 lokalen Sprachen und Dialekten, darunter Englisch, Chinesisch, Malaiisch, Tamil, Kantonesisch, Hokkien, Teochew, Hakka und Hainanisch. Verztec erhielt ein Anerkennungsschreiben f\u00fcr die gute Leistung.<\/p>\r\n<p><a href=\"https:\/\/www.verztec.com\/testimonials\/\" target=\"_blank\" rel=\"noopener\">Lesen<\/a> Sie, was das HDB \u00fcber die Erfahrungen mit Verztec sagt.<\/p>\r\n<p>Weitere Informationen finden Sie auf der <a href=\"http:\/\/www.hdb.gov.sg\/\" target=\"_blank\" rel=\"noopener\">Website des HDB<\/a>.<\/p>\r\n<hr style=\"margin-top: 20px; margin-bottom: 20px; border: 0; border-top: 1px solid rgb(238, 238, 238);\">\r\n<p><em><a name=\"june2012\"><\/a>Juni 2012<\/em><\/p>\r\n<p><strong>Verztec \u00fcbersetzt \u00fcber 1 Million W\u00f6rter f\u00fcr OSM<\/strong><\/p>\r\n<p>Verztec wurde stolz von OSM, einem weltweit f\u00fchrenden Unternehmen im Bereich Offshore-Marine- und Schiffsmanagement, als \u00dcbersetzungspartner f\u00fcr technische Schiffshandb\u00fccher ausgew\u00e4hlt. Das Projekt wurde innerhalb der kurzen Frist von 3 Monaten professionell geliefert, um die dringenden Kundenanforderungen zu erf\u00fcllen. Weitere Informationen zu OSM finden Sie auf deren <a href=\"https:\/\/www.osm.no\/index.php\/the-osm-group\" target=\"_blank\" rel=\"noopener\">offiziellen Website<\/a>.<\/p>\r\n<hr style=\"margin-top: 20px; margin-bottom: 20px; border: 0; border-top: 1px solid rgb(238, 238, 238);\">\r\n<p><em><a name=\"may2012\"><\/a>Mai 2012<\/em><\/p>\r\n<p><strong>Verztec nimmt am Charity Run \u201eRun &#038; Raisin\u2019 2012\u201c teil<\/strong><\/p>\r\n<p>Das Verztec-Team zeigte seine volle Unterst\u00fctzung, um Mittel f\u00fcr benachteiligte Kinder und Familien in Singapur zu sammeln, indem es am Charity Run \u201eRun &#038; Raisin\u2019 2012\u201c teilnahm, der von TOUCH Young Arrows organisiert wurde. Die gesammelten Gelder werden verwendet, um die finanziellen Bed\u00fcrfnisse von Kindern aus einkommensschwachen Familien, Alleinerziehenden und dysfunktionalen Familien zu decken.<\/p>\r\n<p>Das Verztec-Team freut sich, einen Beitrag zur umfassenden Lernreise der jungen Menschen zu leisten und die finanzielle Belastung der benachteiligten Familien zu verringern.<\/p>\r\n<p>Weitere Informationen finden Sie auf der <a href=\"http:\/\/www.tyarunandraisin.com\/\" target=\"_blank\" rel=\"noopener\">Website von Run &#038; Raisin\u2019 2012<\/a>.<\/p>\r\n<div id=\"gallery\" class=\"small\">\r\n    <a href=\"https:\/\/www.verztec.com\/wp-content\/uploads\/events\/rumraisin\/rumraisins2012_01.jpg\" class=\"gallery-item\">\r\n        <img decoding=\"async\" src=\"https:\/\/www.verztec.com\/wp-content\/uploads\/events\/rumraisin\/rumraisins2012_01.jpg\" alt=\"Run &amp; Raisin' 2012\" \/>\r\n    <\/a>\r\n    <a href=\"https:\/\/www.verztec.com\/wp-content\/uploads\/events\/rumraisin\/rumraisins2012_02.jpg\" class=\"gallery-item\">\r\n        <img decoding=\"async\" src=\"https:\/\/www.verztec.com\/wp-content\/uploads\/events\/rumraisin\/rumraisins2012_02.jpg\" alt=\"Run &amp; Raisin' 2012\" \/>\r\n    <\/a>\r\n    <a href=\"https:\/\/www.verztec.com\/wp-content\/uploads\/events\/rumraisin\/rumraisins2012_03.jpg\" class=\"gallery-item\">\r\n        <img decoding=\"async\" src=\"https:\/\/www.verztec.com\/wp-content\/uploads\/events\/rumraisin\/rumraisins2012_03.jpg\" alt=\"Run &amp; Raisin' 2012\" \/>\r\n    <\/a>\r\n    <a href=\"https:\/\/www.verztec.com\/wp-content\/uploads\/events\/rumraisin\/rumraisins2012_04.jpg\" class=\"gallery-item\">\r\n        <img decoding=\"async\" src=\"https:\/\/www.verztec.com\/wp-content\/uploads\/events\/rumraisin\/rumraisins2012_04.jpg\" alt=\"Run &amp; Raisin' 2012\" \/>\r\n    <\/a>\r\n<\/div>\r\n<hr style=\"margin-top: 20px; margin-bottom: 20px; border: 0; border-top: 1px solid rgb(238, 238, 238);\">\r\n<p><em><a name=\"march2012\"><\/a>M\u00e4rz 2012<\/em><\/p>\r\n<p><strong>Verztec ist stolz darauf, Partner des Tune BIG Loyalty Program zu sein<\/strong><\/p>\r\n<p>Die weltweit beste Billigfluggesellschaft, AirAsia, und Tune Money, der Finanzdienstleistungsarm der Tune Group, haben zusammengearbeitet, um ein innovatives globales Treueprogramm zu starten. Dieses erm\u00f6glicht Mitgliedern, Punkte zu sammeln, wenn sie weltweit mit Partnern reisen oder einkaufen, um die gesammelten Punkte gegen spannende Pr\u00e4mien, einschlie\u00dflich AirAsia-Flugsitze, einzul\u00f6sen.<\/p>\r\n<p>Das BIG Loyalty Program wird von Think Big Digital Sdn. Bhd. verwaltet und betrieben, einem 50:50 Joint Venture zwischen AirAsia und Tune Money. Als globales Treueprogramm kennt die BIG-Mitgliedschaft keine Grenzen und steht jedem ab 2 Jahren weltweit offen. Jedes Mitglied, genannt \u201eBIG Shot\u201c, erh\u00e4lt eine BIG-Karte mit dem Namen des Karteninhabers und einer Mitgliedsnummer, der sogenannten BIG Shot ID. BIG erm\u00f6glicht es Mitgliedern, Treuepunkte namens \u201eBIGGIES\u201c zu sammeln, wenn sie mit Partnern reisen oder einkaufen.<\/p>\r\n<p>Weitere Informationen \u00fcber BIG und die Anmeldung als BIG Shot finden Sie auf <a href=\"http:\/\/www.tune2big.com\" target=\"_blank\" rel=\"noopener\">www.tune2big.com<\/a>.<\/p>\r\n<div id=\"gallery\" class=\"small\">\r\n    <a href=\"https:\/\/www.verztec.com\/wp-content\/uploads\/events\/airasia\/airasia2012-1.jpg\" class=\"gallery-item\">\r\n        <img decoding=\"async\" src=\"https:\/\/www.verztec.com\/wp-content\/uploads\/events\/airasia\/airasia2012-1.jpg\" alt=\"Airasia 2012\" \/>\r\n    <\/a>\r\n    <a href=\"https:\/\/www.verztec.com\/wp-content\/uploads\/events\/airasia\/airasia2012-2.jpg\" class=\"gallery-item\">\r\n        <img decoding=\"async\" src=\"https:\/\/www.verztec.com\/wp-content\/uploads\/events\/airasia\/airasia2012-2.jpg\" alt=\"Airasia 2012\" \/>\r\n    <\/a>\r\n    <a href=\"https:\/\/www.verztec.com\/wp-content\/uploads\/events\/airasia\/airasia2012-3.jpg\" class=\"gallery-item\">\r\n        <img decoding=\"async\" src=\"https:\/\/www.verztec.com\/wp-content\/uploads\/events\/airasia\/airasia2012-3.jpg\" alt=\"Airasia 2012\" \/>\r\n    <\/a>\r\n<\/div>\r\n<hr style=\"margin-top: 20px; margin-bottom: 20px; border: 0; border-top: 1px solid rgb(238, 238, 238);\">\r\n<p><em><a name=\"november2011\"><\/a>November 2011<\/em><\/p>\r\n<p><strong>Verztec bietet Sch\u00fclern einen Einblick in die Gesch\u00e4ftswelt<\/strong><\/p>\r\n<p>Eine Gruppe von Sch\u00fclerinnen der Methodist Girls\u2019 School machte ihre ersten Erfahrungen in der Gesch\u00e4ftswelt bei Verztec. Sie besuchten die Verztec-Zentrale in Singapur im Rahmen ihres Learning Journeys Programms.<\/p>\r\n<p>Der CEO von Verztec \u2013 Herr Nicholas Goh \u2013 und andere Kollegen teilten ihre pers\u00f6nlichen Inspirationen, Herausforderungen am Arbeitsplatz und die Werte, die in der heutigen Gesch\u00e4ftswelt wichtig sind.<\/p>\r\n<p>Verztec f\u00fchlt sich privilegiert, einen Beitrag zur Inspiration und F\u00f6rderung dieser neuen Generation von Champions geleistet zu haben!<\/p>\r\n<div id=\"gallery\" class=\"small\">\r\n    <a href=\"https:\/\/www.verztec.com\/wp-content\/uploads\/events\/MGS\/MGS2011-1.jpg\" class=\"gallery-item\">\r\n        <img decoding=\"async\" src=\"https:\/\/www.verztec.com\/wp-content\/uploads\/events\/MGS\/MGS2011-1.jpg\" alt=\"MGS 2011\" \/>\r\n    <\/a>\r\n    <a href=\"https:\/\/www.verztec.com\/wp-content\/uploads\/events\/MGS\/MGS2011-2.jpg\" class=\"gallery-item\">\r\n        <img decoding=\"async\" src=\"https:\/\/www.verztec.com\/wp-content\/uploads\/events\/MGS\/MGS2011-2.jpg\" alt=\"MGS 2011\" \/>\r\n    <\/a>\r\n    <a href=\"https:\/\/www.verztec.com\/wp-content\/uploads\/events\/MGS\/MGS2011-3.jpg\" class=\"gallery-item\">\r\n        <img decoding=\"async\" src=\"https:\/\/www.verztec.com\/wp-content\/uploads\/events\/MGS\/MGS2011-3.jpg\" alt=\"MGS 2011\" \/>\r\n    <\/a>\r\n    <a href=\"https:\/\/www.verztec.com\/wp-content\/uploads\/events\/MGS\/MGS2011-4.jpg\" class=\"gallery-item\">\r\n        <img decoding=\"async\" src=\"https:\/\/www.verztec.com\/wp-content\/uploads\/events\/MGS\/MGS2011-4.jpg\" alt=\"MGS 2011\" \/>\r\n    <\/a>\r\n    <a href=\"https:\/\/www.verztec.com\/wp-content\/uploads\/events\/MGS\/MGS2011-5.jpg\" class=\"gallery-item\">\r\n        <img decoding=\"async\" src=\"https:\/\/www.verztec.com\/wp-content\/uploads\/events\/MGS\/MGS2011-5.jpg\" alt=\"MGS 2011\" \/>\r\n    <\/a>\r\n    <a href=\"https:\/\/www.verztec.com\/wp-content\/uploads\/events\/MGS\/MGS2011-6.jpg\" class=\"gallery-item\">\r\n        <img decoding=\"async\" src=\"https:\/\/www.verztec.com\/wp-content\/uploads\/events\/MGS\/MGS2011-6.jpg\" alt=\"MGS 2011\" \/>\r\n    <\/a>\r\n    <a href=\"https:\/\/www.verztec.com\/wp-content\/uploads\/events\/MGS\/MGS2011-7.jpg\" class=\"gallery-item\">\r\n        <img decoding=\"async\" src=\"https:\/\/www.verztec.com\/wp-content\/uploads\/events\/MGS\/MGS2011-7.jpg\" alt=\"MGS 2011\" \/>\r\n    <\/a>\r\n    <a href=\"https:\/\/www.verztec.com\/wp-content\/uploads\/events\/MGS\/MGS2011-8.jpg\" class=\"gallery-item\">\r\n        <img decoding=\"async\" src=\"https:\/\/www.verztec.com\/wp-content\/uploads\/events\/MGS\/MGS2011-8.jpg\" alt=\"MGS 2011\" \/>\r\n    <\/a>\r\n<\/div>\r\n<hr style=\"margin-top: 20px; margin-bottom: 20px; border: 0; border-top: 1px solid rgb(238, 238, 238);\">\r\n<p><em><a name=\"october2011\"><\/a><\/em><\/p>\r\n<p><em>Oktober 2011<\/em><\/p>\r\n<p><strong>Verztec wieder als offizieller \u00dcbersetzungspartner der GES 2011<\/strong><\/p>\r\n<p>Nach dem Erfolg der Zusammenarbeit im letzten Jahr wurde Verztec erneut zum offiziellen \u00dcbersetzungspartner der GES 2011 ernannt.<\/p>\r\n<p>Die Veranstaltung fand vom 17. bis 20. Oktober im Resorts World Sentosa statt und zog \u00fcber 600 Delegierte aus der Region an, darunter einflussreiche F\u00fchrungskr\u00e4fte, Unternehmer und verm\u00f6gende Privatpersonen. Renommierte internationale Redner er\u00f6ffneten die Diskussion \u00fcber globale Trends, Wachstumsstrategien und Innovationen.<\/p>\r\n<p>Verztec erleichterte den Austausch von Ideen, indem Sprachbarrieren \u00fcberwunden und ausl\u00e4ndische Delegierte unterst\u00fctzt wurden. Aufgrund der starken Synergien hofft Verztec, diese Partnerschaft auch im n\u00e4chsten Jahr fortzusetzen.<\/p>\r\n<p>Weitere Informationen zu dieser Veranstaltung finden Sie auf der <a href=\"http:\/\/www.globalentrepolis.com\/\" target=\"_blank\" rel=\"noopener\">offiziellen GES-Website<\/a>.<\/p>\r\n<div id=\"gallery\" class=\"small\">\r\n    <a href=\"https:\/\/www.verztec.com\/wp-content\/uploads\/events\/GES\/GES2011-1.jpg\" class=\"gallery-item\">\r\n        <img decoding=\"async\" src=\"https:\/\/www.verztec.com\/wp-content\/uploads\/events\/GES\/GES2011-1.jpg\" alt=\"GES 2011\" \/>\r\n    <\/a>\r\n    <a href=\"https:\/\/www.verztec.com\/wp-content\/uploads\/events\/GES\/GES2011-2.jpg\" class=\"gallery-item\">\r\n        <img decoding=\"async\" src=\"https:\/\/www.verztec.com\/wp-content\/uploads\/events\/GES\/GES2011-2.jpg\" alt=\"GES 2011\" \/>\r\n    <\/a>\r\n    <a href=\"https:\/\/www.verztec.com\/wp-content\/uploads\/events\/GES\/GES2011-3.jpg\" class=\"gallery-item\">\r\n        <img decoding=\"async\" src=\"https:\/\/www.verztec.com\/wp-content\/uploads\/events\/GES\/GES2011-3.jpg\" alt=\"GES 2011\" \/>\r\n    <\/a>\r\n    <a href=\"https:\/\/www.verztec.com\/wp-content\/uploads\/events\/GES\/GES2011-4.jpg\" class=\"gallery-item\">\r\n        <img decoding=\"async\" src=\"https:\/\/www.verztec.com\/wp-content\/uploads\/events\/GES\/GES2011-4.jpg\" alt=\"GES 2011\" \/>\r\n    <\/a>\r\n<\/div>\r\n<\/div>\r\n\r\n<div id=\"page8\" class=\"page\" style=\"display: none;\">\r\n<p class=\"first8\"><\/p> \r\n<p><em><a name=\"september2011\"><\/a>September 2011<\/em><\/p>\r\n<p><strong>Verztec engagiert sich f\u00fcr verschiedene Gemeinschaftsprojekte<\/strong><\/p>\r\n<p>Das Verztec-Team nahm am Yellow Ribbon Run teil, der am 18. September stattfand, bereits zum zweiten Mal in Folge. Es war eine erf\u00fcllende Aktivit\u00e4t, die die Gesellschaft an die Schwierigkeiten erinnerte, denen sich Ex-Straft\u00e4ter bei ihrer Wiedereingliederung stellen m\u00fcssen, und an die dringende Notwendigkeit, sie auf ihrem neuen Weg zu unterst\u00fctzen.<\/p>\r\n<p>Erfahren Sie mehr \u00fcber die Rehabilitation von Ex-Straft\u00e4tern auf der <a href=\"http:\/\/www.yellowribbon.org.sg\/\" target=\"_blank\" rel=\"noopener\">Yellow Ribbon Project Website<\/a>.<\/p>\r\n<div id=\"gallery\" class=\"small\">\r\n    <a href=\"https:\/\/www.verztec.com\/wp-content\/uploads\/events\/yellowribbon\/yellowribbon2011-1.jpg\" class=\"gallery-item\">\r\n        <img decoding=\"async\" src=\"https:\/\/www.verztec.com\/wp-content\/uploads\/events\/yellowribbon\/yellowribbon2011-1.jpg\" alt=\"Yellow Ribbon Run\" \/>\r\n    <\/a>\r\n    <a href=\"https:\/\/www.verztec.com\/wp-content\/uploads\/events\/yellowribbon\/yellowribbon2011-2.jpg\" class=\"gallery-item\">\r\n        <img decoding=\"async\" src=\"https:\/\/www.verztec.com\/wp-content\/uploads\/events\/yellowribbon\/yellowribbon2011-2.jpg\" alt=\"Yellow Ribbon Run\" \/>\r\n    <\/a>\r\n    <a href=\"https:\/\/www.verztec.com\/wp-content\/uploads\/events\/yellowribbon\/yellowribbon2011-3.jpg\" class=\"gallery-item\">\r\n        <img decoding=\"async\" src=\"https:\/\/www.verztec.com\/wp-content\/uploads\/events\/yellowribbon\/yellowribbon2011-3.jpg\" alt=\"Yellow Ribbon Run\" \/>\r\n    <\/a>\r\n    <a href=\"https:\/\/www.verztec.com\/wp-content\/uploads\/events\/yellowribbon\/yellowribbon2011-4.jpg\" class=\"gallery-item\">\r\n        <img decoding=\"async\" src=\"https:\/\/www.verztec.com\/wp-content\/uploads\/events\/yellowribbon\/yellowribbon2011-4.jpg\" alt=\"Yellow Ribbon Run\" \/>\r\n    <\/a>\r\n<\/div>\r\n<hr style=\"margin-top: 20px; margin-bottom: 20px; border: 0; border-top: 1px solid rgb(238, 238, 238);\">\r\n<p>Der Mandela Day, inspiriert von Nelson Mandelas Beitr\u00e4gen zur Menschheit, ist ein besonderer Tag, an dem Einzelpersonen und Organisationen dazu beitragen, diese Welt zu einem besseren Ort zu machen.<\/p>\r\n<p>Das Verztec-Team in Thailand spendete eine Teamspende und verpflichtete sich, 20% aller Verk\u00e4ufe in dieser Woche f\u00fcr eine Baumpflanzinitiative sowie f\u00fcr die Organisation Women with a Mission bereitzustellen.<\/p>\r\n<p>Wenn Sie mehr \u00fcber den Mandela Day erfahren m\u00f6chten, besuchen Sie die <a href=\"http:\/\/www.mandeladay.com\/\" target=\"_blank\" rel=\"noopener\">Mandela Day Website<\/a>.<\/p>\r\n<div id=\"gallery\" class=\"small\">\r\n    <a href=\"https:\/\/www.verztec.com\/wp-content\/uploads\/events\/mandeladay\/mandeladay2011-1.jpg\" class=\"gallery-item\">\r\n        <img decoding=\"async\" src=\"https:\/\/www.verztec.com\/wp-content\/uploads\/events\/mandeladay\/mandeladay2011-1.jpg\" alt=\"Mandela Day\" \/>\r\n    <\/a>\r\n    <a href=\"https:\/\/www.verztec.com\/wp-content\/uploads\/events\/mandeladay\/mandeladay2011-2.jpg\" class=\"gallery-item\">\r\n        <img decoding=\"async\" src=\"https:\/\/www.verztec.com\/wp-content\/uploads\/events\/mandeladay\/mandeladay2011-2.jpg\" alt=\"Mandela Day\" \/>\r\n    <\/a>\r\n<\/div>\r\n<hr style=\"margin-top: 20px; margin-bottom: 20px; border: 0; border-top: 1px solid rgb(238, 238, 238);\">\r\n<p>Verztec organisierte gemeinsam und war einer der Sponsoren des LCSS Charity Golf Open, das im Warren Golf &amp; Country Club stattfand. Dank gro\u00dfz\u00fcgiger Spenden brachte die Veranstaltung erfolgreich 200.000 US-Dollar f\u00fcr die Sch\u00fclerbetreuungsprogramme des Life Community Services Centre ein. Die Mittel werden verwendet, um benachteiligte Kinder in ihrer Bildung und anderen finanziellen Bed\u00fcrfnissen zu unterst\u00fctzen.<\/p>\r\n<p>Weitere Informationen zu LCSS finden Sie auf der <a href=\"http:\/\/www.life-community.org\/en\/AboutUs\/AbtUs-History.htm\" target=\"_blank\" rel=\"noopener\">LCSS Website<\/a>.<\/p>\r\n<div id=\"gallery\" class=\"small\">\r\n    <a href=\"https:\/\/www.verztec.com\/wp-content\/uploads\/events\/LCSSgolf\/LCSSgolf2011-1.jpg\" class=\"gallery-item\">\r\n        <img decoding=\"async\" src=\"https:\/\/www.verztec.com\/wp-content\/uploads\/events\/LCSSgolf\/LCSSgolf2011-1.jpg\" alt=\"LCSS Golf\" \/>\r\n    <\/a>\r\n    <a href=\"https:\/\/www.verztec.com\/wp-content\/uploads\/events\/LCSSgolf\/LCSSgolf2011-2.jpg\" class=\"gallery-item\">\r\n        <img decoding=\"async\" src=\"https:\/\/www.verztec.com\/wp-content\/uploads\/events\/LCSSgolf\/LCSSgolf2011-2.jpg\" alt=\"LCSS Golf\" \/>\r\n    <\/a>\r\n    <a href=\"https:\/\/www.verztec.com\/wp-content\/uploads\/events\/LCSSgolf\/LCSSgolf2011-3.jpg\" class=\"gallery-item\">\r\n        <img decoding=\"async\" src=\"https:\/\/www.verztec.com\/wp-content\/uploads\/events\/LCSSgolf\/LCSSgolf2011-3.jpg\" alt=\"LCSS Golf\" \/>\r\n    <\/a>\r\n    <a href=\"https:\/\/www.verztec.com\/wp-content\/uploads\/events\/LCSSgolf\/LCSSgolf2011-4.jpg\" class=\"gallery-item\">\r\n        <img decoding=\"async\" src=\"https:\/\/www.verztec.com\/wp-content\/uploads\/events\/LCSSgolf\/LCSSgolf2011-4.jpg\" alt=\"LCSS Golf\" \/>\r\n    <\/a>\r\n<\/div>\r\n<hr style=\"margin-top: 20px; margin-bottom: 20px; border: 0; border-top: 1px solid rgb(238, 238, 238);\">\r\n<p><em><a name=\"april2011\"><\/a>April 2011<\/em><\/p>\r\n<p><strong>Verztecs hervorragende Servicequalit\u00e4t und die F\u00e4higkeiten der Dolmetscher beeindrucken Questex Asia<\/strong><\/p>\r\n<p>Verztec wurde beauftragt, &#8220;Live&#8221;-Simultandolmetscherdienste f\u00fcr Questex Asia und Brocade\u2019s neuestes Event &#8220;Building Network \u2013 Building Connections \u2013 the ICT Leadership Summit 2011&#8221; bereitzustellen. Die Veranstaltung fand vom 31. M\u00e4rz bis 1. April 2011 im Ritz Carlton in Kuala Lumpur statt und zog \u00fcber 120 F\u00fchrungskr\u00e4fte aus sieben L\u00e4ndern an.<\/p>\r\n<p>Die hochqualifizierten Dolmetscherf\u00e4higkeiten der Verztec-Dolmetscher f\u00fcr Koreanisch und Mandarin, ihre Proaktivit\u00e4t und freundliche Art stellten sicher, dass sich die Teilnehmer w\u00e4hrend der Veranstaltung wohl f\u00fchlten. Die Delegierten konnten auch sehr von der Veranstaltung profitieren, da sie die Pr\u00e4sentationen und Diskussionen in ihrer eigenen Muttersprache verstehen konnten.<\/p>\r\n<p>Questex Asia hat Verztec auch ein Zeugnis f\u00fcr die hervorragende Arbeit ausgestellt.<\/p>\r\n<p><a href=\"https:\/\/www.verztec.com\/testimonials\/\">Lesen Sie<\/a>, was Questex Asia \u00fcber Verztec zu sagen hat.<\/p>\r\n<p>Besuchen Sie die <a href=\"http:\/\/brocade.questexevents.net\/\" target=\"_blank\" rel=\"noopener\">offizielle Website<\/a> f\u00fcr das Event von Questex Asia und Brocade.<\/p>\r\n<hr style=\"margin-top: 20px; margin-bottom: 20px; border: 0; border-top: 1px solid rgb(238, 238, 238);\">\r\n<p><em><a name=\"march2011\"><\/a>M\u00e4rz 2011<\/em><\/p>\r\n<p><strong>Verztec Learning f\u00fchrt Schulungen und Workshops durch<\/strong><\/p>\r\n<p>Unter der Leitung von professionellen Trainern und erfahrenen Moderatoren konzentrieren sich die Verztec Learning-Kurse darauf, das wesentliche Wissen und die F\u00e4higkeiten zu vermitteln, die Organisationen ben\u00f6tigen, um in der heutigen sich schnell ver\u00e4ndernden Gesch\u00e4ftswelt erfolgreich zu sein.<\/p>\r\n<p>Die Verztec Learning-Kurse sind umfassend und decken Themen ab, die von Management und F\u00fchrung \u00fcber Kommunikation und pers\u00f6nliche Entwicklung bis hin zu Vertrieb und Marketing reichen.<\/p>\r\n<p>Weitere Details zu bevorstehenden Workshops und Kursen von Verztec Learning finden Sie auf der <a title=\"Verztec Learning\" href=\"http:\/\/www.verzteclearning.com\" target=\"_blank\" rel=\"noopener\">Verztec Learning Website<\/a>.<\/p>\r\n<p>* Verztec Learning ist die Management Training, Learning und Development Solutions Division von Verztec Consulting, einem international f\u00fchrenden Anbieter von globalen Content-Management-Dienstleistungen.<\/p>\r\n<hr style=\"margin-top: 20px; margin-bottom: 20px; border: 0; border-top: 1px solid rgb(238, 238, 238);\">\r\n<p><em><a name=\"february2011\"><\/a>Februar 2011<\/em><\/p>\r\n<p><strong>Verztec pr\u00e4sentiert und teilt neueste L\u00f6sungen f\u00fcr Lernen und Entwicklung auf dem 4. j\u00e4hrlichen Global Learning Summit<\/strong><\/p>\r\n<p>Verztec ist stolz darauf, einer der Hauptsponsoren des 4. j\u00e4hrlichen Global Learning Summit zu sein.<\/p>\r\n<p>Der Summit fand vom 23. bis 25. Februar im Resorts World Sentosa statt und brachte F\u00fchrungskr\u00e4fte f\u00fcr Corporate Training und Talent Management einiger der weltweit f\u00fchrenden multinationalen Unternehmen zusammen, um aktuelle und relevante Lernstrategien sowie effektive Implementierungsmethoden zu teilen.<\/p>\r\n<p>Verztec hat sich verpflichtet, Unternehmen dabei zu helfen, ihre Lernbenchmarks zu \u00fcbertreffen. Das Unternehmen teilte mit, wie Organisationen ihre Schulungsinitiativen verbessern k\u00f6nnen. Verztec betonte die Bedeutung kultureller Anpassung im Blended Learning und hob die zahlreichen Vorteile der Lokalisierung von Inhalten f\u00fcr ein effektiveres globales Lernerlebnis hervor.<\/p>\r\n<p>Verztec hatte das Vergn\u00fcgen, einem der gl\u00fccklichen Teilnehmer, der ihre Visitenkarte an unserem Stand hinterlie\u00df, ein iPad zu \u00fcberreichen. Herzlichen Gl\u00fcckwunsch an Geraldyn Fong, die Vizepr\u00e4sidentin f\u00fcr Lernen und Organisationsentwicklung der UOB Bank (Singapur)!<\/p>\r\n<p>Bitte besuchen Sie die Website des <a title=\"Global Learning Summit\" href=\"http:\/\/www.salvoglobal.com\/globallearningsummit2011\/\" target=\"_blank\" rel=\"noopener\">4. j\u00e4hrlichen Global Learning Summit<\/a>, um weitere Informationen zu erhalten.<\/p>\r\n<div id=\"gallery\" class=\"small\">\r\n    <a href=\"https:\/\/www.verztec.com\/wp-content\/uploads\/events\/gls\/2011\/gls2011-1.jpg\" class=\"gallery-item\">\r\n        <img decoding=\"async\" src=\"https:\/\/www.verztec.com\/wp-content\/uploads\/events\/gls\/2011\/gls2011-1.jpg\" alt=\"GLS 2011\" \/>\r\n    <\/a>\r\n    <a href=\"https:\/\/www.verztec.com\/wp-content\/uploads\/events\/gls\/2011\/gls2011-2.jpg\" class=\"gallery-item\">\r\n        <img decoding=\"async\" src=\"https:\/\/www.verztec.com\/wp-content\/uploads\/events\/gls\/2011\/gls2011-2.jpg\" alt=\"GLS 2011\" \/>\r\n    <\/a>\r\n    <a href=\"https:\/\/www.verztec.com\/wp-content\/uploads\/events\/gls\/2011\/gls2011-3.jpg\" class=\"gallery-item\">\r\n        <img decoding=\"async\" src=\"https:\/\/www.verztec.com\/wp-content\/uploads\/events\/gls\/2011\/gls2011-3.jpg\" alt=\"GLS 2011\" \/>\r\n    <\/a>\r\n    <a href=\"https:\/\/www.verztec.com\/wp-content\/uploads\/events\/gls\/2011\/gls2011-4.jpg\" class=\"gallery-item\">\r\n        <img decoding=\"async\" src=\"https:\/\/www.verztec.com\/wp-content\/uploads\/events\/gls\/2011\/gls2011-4.jpg\" alt=\"GLS 2011\" \/>\r\n    <\/a>\r\n<\/div>\r\n<hr style=\"margin-top: 20px; margin-bottom: 20px; border: 0; border-top: 1px solid rgb(238, 238, 238);\">\r\n<p><em><a name=\"january2011\"><\/a>Januar 2011<\/em><\/p>\r\n<p><strong>Verztec erweitert Fachkenntnisse in mehrsprachiger und multimedialer Entwicklung f\u00fcr Global Learning<\/strong><\/p>\r\n<p>Die L&amp;D (*Learning and Development) Solutions-Abteilung von Verztec hat eine umfassende Bibliothek von Blended-Learning-Kursen entwickelt, die sich auf Gesch\u00e4ftsergebnisse und Soft Skills Training konzentrieren, um den Anforderungen der heutigen Unternehmen gerecht zu werden.<\/p>\r\n<p>Die Blended-Learning-Kurse werden mit E-Learning geliefert, um sich an die Zeitpl\u00e4ne vielbesch\u00e4ftigter Personen anzupassen, und beinhalten begleitende, von Instruktoren geleitete Workshops, die in den L\u00e4ndern und den bevorzugten Sprachen der Lernenden durchgef\u00fchrt werden.<\/p>\r\n<p>Die Blended-Learning-Kurse, die von Verztecs L&amp;D Solutions-Team zusammen mit Branchenexperten konzipiert und entwickelt wurden, konzentrieren sich in erster Linie auf einfache, bew\u00e4hrte Techniken, die sofort anwendbar sind \u2013 und so Zeit, Geld und Opportunit\u00e4tskosten sparen.<\/p>\r\n<p>Die L&amp;D Solutions-Abteilung von Verztec ist zudem auf Design und Entwicklung von E-Learning-Kursen mit Online-Bewertungen f\u00fcr Kunden spezialisiert und lokalisiert diese in \u00fcber 60 Fremdsprachen, um effektives globales Training zu gew\u00e4hrleisten.<\/p>\r\n<p>Erfahren Sie mehr dar\u00fcber, wie <a title=\"Global Learning Solution\" href=\"https:\/\/www.verztec.com\/?page_id=1449\">unsere Blended-Learning-Dienste<\/a> Ihrem Unternehmen Mehrwert bieten k\u00f6nnen.<\/p>\r\n<hr style=\"margin-top: 20px; margin-bottom: 20px; border: 0; border-top: 1px solid rgb(238, 238, 238);\">\r\n<p><em><a name=\"december2010\"><\/a><\/em><\/p>\r\n<p><em>Dezember 2010<\/em><\/p>\r\n<p><strong>Verztecs CEO wird f\u00fcr seine unternehmerische Leistung gew\u00fcrdigt<\/strong><\/p>\r\n<p>Verztecs CEO, Herr Nicholas Goh, ist stolz darauf, einer der Geehrten der Spirit of Enterprise (SOE) Awards 2010 zu sein. Am 15. November wurden 30 Geehrte der Spirit of Enterprise 2010 bei einem Galadinner im Grand Hyatt geehrt.<\/p>\r\n<p>Die Geehrten wurden von der SOE Board of Governors sowie durch \u00f6ffentliche Abstimmungen f\u00fcr herausragendes Unternehmertum ausgew\u00e4hlt.<\/p>\r\n<p>Wir m\u00f6chten allen f\u00fcr ihre Unterst\u00fctzung und ihre wertvollen Stimmen danken, die es m\u00f6glich gemacht haben, diese prestigetr\u00e4chtige Auszeichnung zu erhalten. Verztec wird weiterhin hart daran arbeiten, 2011 weitere Erfolge zu erzielen.<\/p>\r\n<p>Um mehr \u00fcber die Spirit of Enterprise Awards 2010 zu erfahren, besuchen Sie bitte die <a title=\"SOE Website\" href=\"http:\/\/www.soe.org.sg\/2010\/\" target=\"_blank\" rel=\"noopener\">SOE-Website<\/a>.<\/p>\r\n<div id=\"gallery\" class=\"small\">\r\n    <a href=\"https:\/\/www.verztec.com\/wp-content\/uploads\/events\/soe\/soe1.jpg\" class=\"gallery-item\">\r\n        <img decoding=\"async\" src=\"https:\/\/www.verztec.com\/wp-content\/uploads\/events\/soe\/soe1.jpg\" alt=\"SOE\" \/>\r\n    <\/a>\r\n    <a href=\"https:\/\/www.verztec.com\/wp-content\/uploads\/events\/soe\/soe2.jpg\" class=\"gallery-item\">\r\n        <img decoding=\"async\" src=\"https:\/\/www.verztec.com\/wp-content\/uploads\/events\/soe\/soe2.jpg\" alt=\"SOE\" \/>\r\n    <\/a>\r\n    <a href=\"https:\/\/www.verztec.com\/wp-content\/uploads\/events\/soe\/soe3.jpg\" class=\"gallery-item\">\r\n        <img decoding=\"async\" src=\"https:\/\/www.verztec.com\/wp-content\/uploads\/events\/soe\/soe3.jpg\" alt=\"SOE\" \/>\r\n    <\/a>\r\n    <a href=\"https:\/\/www.verztec.com\/wp-content\/uploads\/events\/soe\/soe4.jpg\" class=\"gallery-item\">\r\n        <img decoding=\"async\" src=\"https:\/\/www.verztec.com\/wp-content\/uploads\/events\/soe\/soe4.jpg\" alt=\"SOE\" \/>\r\n    <\/a>\r\n<\/div>\r\n<hr style=\"margin-top: 20px; margin-bottom: 20px; border: 0; border-top: 1px solid rgb(238, 238, 238);\">\r\n<p><em><a name=\"november2010\"><\/a>November 2010<\/em><\/p>\r\n<p><strong>Verztec gewinnt den Singapore Prestige Brand Award 2010<\/strong><\/p>\r\n<p>Wir freuen uns, bekannt zu geben, dass Verztec einer der stolzen Gewinner des Promising Brands Award ist, einer der f\u00fcnf Preiskategorien des Singapore Prestige Brand Award (SPBA) &#8217;10. Der SPBA wird gemeinsam von der Association of Small and Medium Enterprises und Lianhe Zaobao organisiert und wurde ins Leben gerufen, um verdiente singapurische Marken auszuzeichnen, die durch verschiedene Branding-Initiativen effektiv entwickelt und verwaltet wurden.<\/p>\r\n<p>Diese Auszeichnung markiert definitiv einen der bedeutenden Meilensteine von Verztec und best\u00e4tigt unsere starken Branding-Bem\u00fchungen. Wir m\u00f6chten diese Gelegenheit nutzen, unseren Kunden zu danken, die im Laufe der Jahre mit uns gewachsen sind, und ihnen versichern, dass wir weiterhin daran arbeiten werden, gr\u00f6\u00dfere Meilensteine zu erreichen.<\/p>\r\n<p>Weitere Informationen zu den Auszeichnungen finden Sie auf der <a href=\"http:\/\/www.spba.com.sg\/\" target=\"_blank\" rel=\"noopener\">SPBA-Website<\/a>.<\/p>\r\n<div id=\"gallery\" class=\"small\">\r\n    <a href=\"https:\/\/www.verztec.com\/wp-content\/uploads\/events\/spba\/spba1.jpg\" class=\"gallery-item\">\r\n        <img decoding=\"async\" src=\"https:\/\/www.verztec.com\/wp-content\/uploads\/events\/spba\/spba1.jpg\" alt=\"SPBA\" \/>\r\n    <\/a>\r\n    <a href=\"https:\/\/www.verztec.com\/wp-content\/uploads\/events\/spba\/spba2.jpg\" class=\"gallery-item\">\r\n        <img decoding=\"async\" src=\"https:\/\/www.verztec.com\/wp-content\/uploads\/events\/spba\/spba2.jpg\" alt=\"SPBA\" \/>\r\n    <\/a>\r\n    <a href=\"https:\/\/www.verztec.com\/wp-content\/uploads\/events\/spba\/spba3.jpg\" class=\"gallery-item\">\r\n        <img decoding=\"async\" src=\"https:\/\/www.verztec.com\/wp-content\/uploads\/events\/spba\/spba3.jpg\" alt=\"SPBA\" \/>\r\n    <\/a>\r\n    <a href=\"https:\/\/www.verztec.com\/wp-content\/uploads\/events\/spba\/spba4.jpg\" class=\"gallery-item\">\r\n        <img decoding=\"async\" src=\"https:\/\/www.verztec.com\/wp-content\/uploads\/events\/spba\/spba4.jpg\" alt=\"SPBA\" \/>\r\n    <\/a>\r\n<\/div>\r\n<hr style=\"margin-top: 20px; margin-bottom: 20px; border: 0; border-top: 1px solid rgb(238, 238, 238);\">\r\n<p><em>September 2010<\/em><\/p>\r\n<p><strong>Verztec unterst\u00fctzt einen Neuanfang f\u00fcr ehemalige Straft\u00e4ter<\/strong><\/p>\r\n<p>Am 5. September nahmen Mitarbeiter von Verztec Singapur am Yellow Ribbon Run \u201910 teil. Diese landesweite Veranstaltung sammelte Gelder und schuf Bewusstsein, um ehemaligen Straft\u00e4tern bei der Wiedereingliederung in die Gesellschaft zu helfen. Die Rennstrecke f\u00fchrte an vielen bedeutenden Wahrzeichen wie der Johore Battery vorbei und endete schlie\u00dflich am Changi Prison Complex. Trotz str\u00f6menden Regens beendete das Verztec-Team das Rennen in bester Stimmung, entschlossen, ihre Unterst\u00fctzung f\u00fcr ehemalige Straft\u00e4ter zu zeigen!<\/p>\r\n<p>Weitere Details finden Sie auf der <a href=\"http:\/\/www.yellowribbonprisonrun.sg\/\" target=\"_blank\" rel=\"noopener\">Yellow Ribbon Prison Run Website<\/a>.<\/p>\r\n<div id=\"gallery\" class=\"small\">\r\n    <a href=\"https:\/\/www.verztec.com\/wp-content\/uploads\/events\/yrr\/run_01.jpg\" class=\"gallery-item\">\r\n        <img decoding=\"async\" src=\"https:\/\/www.verztec.com\/wp-content\/uploads\/events\/yrr\/run_01.jpg\" alt=\"Yellow Ribbon Run\" \/>\r\n    <\/a>\r\n    <a href=\"https:\/\/www.verztec.com\/wp-content\/uploads\/events\/yrr\/run_02.jpg\" class=\"gallery-item\">\r\n        <img decoding=\"async\" src=\"https:\/\/www.verztec.com\/wp-content\/uploads\/events\/yrr\/run_02.jpg\" alt=\"Yellow Ribbon Run\" \/>\r\n    <\/a>\r\n    <a href=\"https:\/\/www.verztec.com\/wp-content\/uploads\/events\/yrr\/run_03.jpg\" class=\"gallery-item\">\r\n        <img decoding=\"async\" src=\"https:\/\/www.verztec.com\/wp-content\/uploads\/events\/yrr\/run_03.jpg\" alt=\"Yellow Ribbon Run\" \/>\r\n    <\/a>\r\n    <a href=\"https:\/\/www.verztec.com\/wp-content\/uploads\/events\/yrr\/run_04.jpg\" class=\"gallery-item\">\r\n        <img decoding=\"async\" src=\"https:\/\/www.verztec.com\/wp-content\/uploads\/events\/yrr\/run_04.jpg\" alt=\"Yellow Ribbon Run\" \/>\r\n    <\/a>\r\n<\/div>\r\n<\/div>\r\n\r\n<div id=\"page9\" class=\"page\" style=\"display: none;\">\r\n<p class=\"first9\"><\/p> \r\n<p><em>August 2010<\/em><\/p>\r\n<p><strong>Verztec-B\u00fcros widmen ihre Zeit verschiedenen Gemeinschaftsinitiativen<\/strong><\/p>\r\n<p>Das Verztec-Team in London arbeitet eng mit der Medical Foundation zusammen, um Mittel f\u00fcr die Betreuung von Folteropfern zu sammeln. In den Monaten August und September wird Verztec UK einen Teil der Einnahmen jedes Projekts an die Medical Foundation spenden.<\/p>\r\n<p>Das Team in Gro\u00dfbritannien nahm au\u00dferdem an einer Gartenparty teil, die am 26. Juni im Rahmen des UN International Day for Victims of Torture stattfand. Die Veranstaltung schuf Bewusstsein f\u00fcr Folteropfer und unterst\u00fctzte die \u00dcberlebenden.<\/p>\r\n<p>Weitere Informationen finden Sie auf der <a href=\"http:\/\/www.torturecare.org.uk\/\" target=\"_blank\" rel=\"noopener\">Website der Medical Foundation<\/a>.<\/p>\r\n<p>Am 21. August brachte das Verztec-Team aus Singapur Kinder der Life Community Services Society (LCSS) zu einem spannenden Ausflug nach Snow City. LCSS bietet verschiedene Unterst\u00fctzungsformen f\u00fcr Kinder und Jugendliche, deren Eltern inhaftiert sind.<\/p>\r\n<p>Die Mitarbeiter von Verztec waren Begleiter der Kinder, und alle hatten eine gro\u00dfartige Zeit im Winterwunderland. Es wurde im Schneeraum gespielt und Eiscreme in einer Eisherstellungssitzung probiert.<\/p>\r\n<p>Weitere Informationen zu LCSS finden Sie auf der <a href=\"http:\/\/www.life-community.org\/en\/AboutUs\/AbtUs-History.htm\" target=\"_blank\" rel=\"noopener\">Website von LCSS<\/a>.<\/p>\r\n<p>In Thailand verteilte das Verztec-Team 100 gro\u00dfe Sonnenschirme an Stra\u00dfenh\u00e4ndler in Silom und den umliegenden Gebieten. Mit dem bereitgestellten Schatten und Schutz k\u00f6nnen diese Stra\u00dfenh\u00e4ndler nun ohne Unterbrechungen durch das Wetter ihrem t\u00e4glichen Gesch\u00e4ft nachgehen.<\/p>\r\n<div id=\"gallery\" class=\"small\">\r\n    <a href=\"https:\/\/www.verztec.com\/wp-content\/uploads\/events\/global\/sep_uk.jpg\" class=\"gallery-item\">\r\n        <img decoding=\"async\" src=\"https:\/\/www.verztec.com\/wp-content\/uploads\/events\/global\/sep_uk.jpg\" alt=\"Torturecare Garden Party\" \/>\r\n    <\/a>\r\n    <a href=\"https:\/\/www.verztec.com\/wp-content\/uploads\/events\/global\/sep_sg1.jpg\" class=\"gallery-item\">\r\n        <img decoding=\"async\" src=\"https:\/\/www.verztec.com\/wp-content\/uploads\/events\/global\/sep_sg1.jpg\" alt=\"Snow City with LCSS\" \/>\r\n    <\/a>\r\n    <a href=\"https:\/\/www.verztec.com\/wp-content\/uploads\/events\/global\/sep_sg2.jpg\" class=\"gallery-item\">\r\n        <img decoding=\"async\" src=\"https:\/\/www.verztec.com\/wp-content\/uploads\/events\/global\/sep_sg2.jpg\" alt=\"Snow City with LCSS\" \/>\r\n    <\/a>\r\n    <a href=\"https:\/\/www.verztec.com\/wp-content\/uploads\/events\/global\/sep_th.jpg\" class=\"gallery-item\">\r\n        <img decoding=\"async\" src=\"https:\/\/www.verztec.com\/wp-content\/uploads\/events\/global\/sep_th.jpg\" alt=\"Shades for all in Silom\" \/>\r\n    <\/a>\r\n<\/div>\r\n<hr style=\"margin-top: 20px; margin-bottom: 20px; border: 0; border-top: 1px solid rgb(238, 238, 238);\">\r\n<p><em>Juli 2010<\/em><\/p>\r\n<p><strong>Verztec wird als Lokalisierungspartner f\u00fcr den GES Summit 2010 ernannt<\/strong><\/p>\r\n<p>Verztec ist der offizielle Lokalisierungspartner des Global Entrepolis @ Singapore Summit 2010 (GES Summit 2010). Der vom 6. bis 8. Oktober stattfindende Gipfel zieht f\u00fchrende Wirtschaftspers\u00f6nlichkeiten von Weltklasseorganisationen wie LVMH, Unilever, JP Morgan und Prudential an. Der Gipfel wird auch von Regierungsvertretern wie dem indonesischen Handelsminister und dem Berater des indischen Premierministers f\u00fcr \u00f6ffentliche Informationsinfrastruktur und Innovationen begleitet. Als ausgezeichnete internationale Plattform f\u00fcr Gesch\u00e4ftsdiskussionen werden die wichtigsten Themen des Gipfels die neuesten Gesch\u00e4ftstrends und Markenaufbau in den aufstrebenden M\u00e4rkten Asiens \u2013 China und Indien \u2013 sowie Megatrends, die die Zukunft des Gesch\u00e4fts pr\u00e4gen werden, umfassen.<\/p>\r\n<p>Weitere Details finden Sie auf der <a href=\"http:\/\/www.globalentrepolis.com\/index.php\" target=\"_blank\" rel=\"noopener\">GES Summit 2010 Website<\/a>.<\/p>\r\n<p><strong>Verztec-CEO in Thailands f\u00fchrender englischsprachiger Zeitung interviewt<\/strong><\/p>\r\n<p>Verztecs CEO Nicholas Goh wurde k\u00fcrzlich in einem exklusiven Interview in The Nation, Thailands f\u00fchrender englischsprachiger Zeitung, vorgestellt. Mit Verztecs wachsender globaler Pr\u00e4senz sprach Nicholas \u00fcber die Bedeutung der Lokalisierung in der heutigen hoch globalisierten Welt.<\/p>\r\n<p>Besuchen Sie <a href=\"http:\/\/www.nationmultimedia.com\/home\/2010\/07\/13\/business\/Consultancy-firms-a-vital-channel-of-communication-30133653.html\" target=\"_blank\" rel=\"noopener\">The Nation\u2019s News Site<\/a>, um das vollst\u00e4ndige Interview zu lesen.<\/p>\r\n<hr style=\"margin-top: 20px; margin-bottom: 20px; border: 0; border-top: 1px solid rgb(238, 238, 238);\">\r\n<p><em>Juni 2010<\/em><\/p>\r\n<p><strong>Verztec k\u00fcndigt die neueste Zusammenarbeit mit Invensys an<\/strong><\/p>\r\n<p>Invensys bietet Beratungsdienste, Softwarel\u00f6sungen und verschiedene Produkte an, die es ihren Kunden erm\u00f6glichen, ihre Prozesse zu optimieren und zu verbessern. Invensys hat Verztec offiziell damit beauftragt, seine Website, Produktdatenbl\u00e4tter und Pressemitteilungen in vereinfachtes Chinesisch, Japanisch und Koreanisch zu lokalisieren. Verztec wird auch an der mehrsprachigen Desktop-Publishing-Erstellung der Druckmaterialien, der Integration des \u00fcbersetzten Inhalts in die Website \u00fcber ein Web-Content-Management-System sowie an Lokalisierungstests beteiligt sein.<\/p>\r\n<p>Als End-to-End-Anbieter von globalen Content-Management-Dienstleistungen bietet Verztec Beratungsdienste an, um die Qualit\u00e4t der Kommunikation zu verbessern, und ma\u00dfgeschneiderte L\u00f6sungen, die auf die Bed\u00fcrfnisse heutiger globaler Unternehmen abgestimmt sind, um den Erfolg beim Eindringen in ausl\u00e4ndische M\u00e4rkte mit ihren Produkten und Dienstleistungen zu steigern.<\/p>\r\n<p>Lesen Sie mehr \u00fcber Invensys auf der <a href=\"http:\/\/www.invensys.com\/\" target=\"_blank\" rel=\"noopener\">Website von Invensys<\/a>.<\/p>\r\n<hr style=\"margin-top: 20px; margin-bottom: 20px; border: 0; border-top: 1px solid rgb(238, 238, 238);\">\r\n<p><em>Mai 2010<\/em><\/p>\r\n<p><strong>Verztec er\u00f6ffnet B\u00fcro in Tokio, um globale Kunden besser zu bedienen<\/strong><\/p>\r\n<p>Verztec hat durch die Er\u00f6ffnung eines neuen B\u00fcros in Japan eine gr\u00f6\u00dfere globale Pr\u00e4senz erreicht. Im Gesch\u00e4fts- und Handelsviertel von Shinjuku, im Herzen Tokios, gelegen, ist Verztec Japan strategisch positioniert, um den Bed\u00fcrfnissen von Unternehmen gerecht zu werden und umfassende, End-to-End-Content-Management-L\u00f6sungen anzubieten.<\/p>\r\n<p><strong>Eaton Corporation vergibt Videolokalisierungsprojekt an Verztec<\/strong><\/p>\r\n<p>Die Eaton Corporation, ein Fortune 500-Unternehmen im Bereich Energiemanagement, hat Verztec k\u00fcrzlich mit der Lokalisierung mehrerer Kundendienstschulungs-Videos von Englisch ins Spanische, Franz\u00f6sische und Deutsche beauftragt. Der Prozess der Videolokalisierung umfasst die vollst\u00e4ndige \u00dcbersetzung der Skripte, mehrsprachige Voice-overs und Sprachaufnahmen in drei Sprachen, die Integration und Synchronisierung der Voice-overs in den Videos. Bildschirmtexte wurden ebenfalls hinzugef\u00fcgt, um wichtige Punkte hervorzuheben. Die gut lokalisierten Videos helfen Eaton dabei, Mitarbeiter weltweit besser in Kundendienst-Exzellenz zu schulen.<\/p>\r\n<p>Besuchen Sie die <a href=\"http:\/\/www.eaton.com\/EatonCom\/index.htm\" target=\"_blank\" rel=\"noopener\">Website der Eaton Corporation<\/a>, um mehr zu erfahren.<\/p>\r\n<hr style=\"margin-top: 20px; margin-bottom: 20px; border: 0; border-top: 1px solid rgb(238, 238, 238);\">\r\n<p><em>April 2010<\/em><\/p>\r\n<p><strong>Erweiterung der Firmenzentrale von Verztec<\/strong><\/p>\r\n<p>Am 19. April 2010 zog das Verztec-Technologie-Team in Singapur in ein brandneues B\u00fcro um, um das wachsende Team unterzubringen und als Teil eines umfassenden Expansionsplans.<\/p>\r\n<p>Das neue B\u00fcro befindet sich im 14. Stock desselben Geb\u00e4udes wie das Hauptb\u00fcro, das im 16. Stock liegt. Mit der Teamerweiterung und gesteigerten Kapazit\u00e4ten ist Verztec bestens aufgestellt, um ein breiteres Spektrum an Dienstleistungen anzubieten und stets ein hervorragendes Kundenerlebnis zu gew\u00e4hrleisten.<\/p>\r\n<hr style=\"margin-top: 20px; margin-bottom: 20px; border: 0; border-top: 1px solid rgb(238, 238, 238);\">\r\n<p><em>M\u00e4rz 2010<\/em><\/p>\r\n<p><strong>Verztec nimmt an Konferenzen zu globalem Lernen, Marketing und Werbung teil<\/strong><\/p>\r\n<p>Das Verztec-Team in London pr\u00e4sentierte sich stolz auf der Messe Technology for Marketing and Advertising (TFM&amp;A). Die Veranstaltung fand vom 23. bis 24. Februar im Earls Court 2 in London statt und zog zahlreiche Verkaufs- und Marketingfachleute aus verschiedenen Branchen an.<\/p>\r\n<p>Die TFM&amp;A wurde 2009 als beste Fachmesse (UK) ausgezeichnet und ist ein Muss f\u00fcr Fachleute, die die neuesten Branchenpraktiken zur Integration von Technologie in Marketing- und Werbekampagnen kennenlernen m\u00f6chten.<\/p>\r\n<hr style=\"margin-top: 20px; margin-bottom: 20px; border: 0; border-top: 1px solid rgb(238, 238, 238);\">\r\n<div id=\"gallery\" class=\"small\">\r\n    <a href=\"https:\/\/www.verztec.com\/wp-content\/uploads\/events\/TMFA\/TMFA_01.jpg\" class=\"gallery-item\">\r\n        <img decoding=\"async\" src=\"https:\/\/www.verztec.com\/wp-content\/uploads\/events\/TMFA\/TMFA_01.jpg\" alt=\"\" \/>\r\n    <\/a>\r\n    <a href=\"https:\/\/www.verztec.com\/wp-content\/uploads\/events\/TMFA\/TMFA_02.jpg\" class=\"gallery-item\">\r\n        <img decoding=\"async\" src=\"https:\/\/www.verztec.com\/wp-content\/uploads\/events\/TMFA\/TMFA_02.jpg\" alt=\"\" \/>\r\n    <\/a>\r\n    <a href=\"https:\/\/www.verztec.com\/wp-content\/uploads\/events\/TMFA\/TMFA_03.jpg\" class=\"gallery-item\">\r\n        <img decoding=\"async\" src=\"https:\/\/www.verztec.com\/wp-content\/uploads\/events\/TMFA\/TMFA_03.jpg\" alt=\"\" \/>\r\n    <\/a>\r\n    <a href=\"https:\/\/www.verztec.com\/wp-content\/uploads\/events\/TMFA\/TMFA_04.jpg\" class=\"gallery-item\">\r\n        <img decoding=\"async\" src=\"https:\/\/www.verztec.com\/wp-content\/uploads\/events\/TMFA\/TMFA_04.jpg\" alt=\"\" \/>\r\n    <\/a>\r\n<\/div>\r\n<p>Weitere Informationen zur Messe finden Sie auf der <a href=\"http:\/\/www.t-f-m.co.uk\/\" target=\"_blank\" rel=\"noopener\">TFM&amp;A-Website<\/a>.<\/p>\r\n<p>Verztec war Sponsor des Global Learning Summit 2010, der vom 3. bis 5. M\u00e4rz 2010 im Pan Pacific Hotel in Singapur stattfand. Der Gipfel bot Redner von Fortune-500-Unternehmen wie Google, Citibank und Disney, die Einblicke in die neuesten Lernstrategien, Technologien und Branchentrends gaben. Verztec betonte die Bedeutung der kulturellen Anpassung im Blended Learning und teilte die zahlreichen Vorteile der Inhaltslokalisierung f\u00fcr ein effektiveres globales Lernerlebnis.<\/p>\r\n<div id=\"gallery\" class=\"small\">\r\n    <a href=\"https:\/\/www.verztec.com\/wp-content\/uploads\/events\/GLS\/GLS_01.jpg\" class=\"gallery-item\">\r\n        <img decoding=\"async\" src=\"https:\/\/www.verztec.com\/wp-content\/uploads\/events\/GLS\/GLS_01.jpg\" alt=\"\" \/>\r\n    <\/a>\r\n    <a href=\"https:\/\/www.verztec.com\/wp-content\/uploads\/events\/GLS\/GLS_02.jpg\" class=\"gallery-item\">\r\n        <img decoding=\"async\" src=\"https:\/\/www.verztec.com\/wp-content\/uploads\/events\/GLS\/GLS_02.jpg\" alt=\"\" \/>\r\n    <\/a>\r\n    <a href=\"https:\/\/www.verztec.com\/wp-content\/uploads\/events\/GLS\/GLS_03.jpg\" class=\"gallery-item\">\r\n        <img decoding=\"async\" src=\"https:\/\/www.verztec.com\/wp-content\/uploads\/events\/GLS\/GLS_03.jpg\" alt=\"\" \/>\r\n    <\/a>\r\n    <a href=\"https:\/\/www.verztec.com\/wp-content\/uploads\/events\/GLS\/GLS_04.jpg\" class=\"gallery-item\">\r\n        <img decoding=\"async\" src=\"https:\/\/www.verztec.com\/wp-content\/uploads\/events\/GLS\/GLS_04.jpg\" alt=\"\" \/>\r\n    <\/a>\r\n<\/div>\r\n<p>Weitere Informationen zu diesem Gipfel finden Sie auf der <a href=\"http:\/\/www.globallearningsummit.com\/\" target=\"_blank\" rel=\"noopener\">Website des Global Learning Summit 2010<\/a>.<\/p>\r\n<hr style=\"margin-top: 20px; margin-bottom: 20px; border: 0; border-top: 1px solid rgb(238, 238, 238);\">\r\n<p><em>Februar 2010<\/em><\/p>\r\n<p><strong>Verztec bringt Freude zu \u00e4lteren Bewohnern in der Gemeinschaft<\/strong><\/p>\r\n<p>Das Verztec-Team in Singapur besuchte am 19. Februar 2010 das St. Vincent Home, um den Bewohnern w\u00e4hrend des chinesischen Neujahrs Gl\u00fcckw\u00fcnsche und Freude zu bringen. Die Bewohner waren in festlicher Stimmung, als das Team rote Umschl\u00e4ge und Mandarinen als Symbole des Gl\u00fccks verteilte. Ein reichhaltiges Buffet, Lebensmittel, viele interessante Gespr\u00e4che und Geschenke aus einer Tombola brachten ebenfalls viele L\u00e4cheln auf die Gesichter der Bewohner.<\/p>\r\n<p>Weitere Informationen \u00fcber das Heim finden Sie auf dieser <a href=\"http:\/\/www.catholicwelfare.org.sg\/projects\/svh.html\" target=\"_blank\" rel=\"noopener\">Webseite<\/a>.<\/p>\r\n<div id=\"gallery\" class=\"small\">\r\n    <a href=\"https:\/\/www.verztec.com\/wp-content\/uploads\/events\/vincenthm\/Vincent_01.jpg\" class=\"gallery-item\">\r\n        <img decoding=\"async\" src=\"https:\/\/www.verztec.com\/wp-content\/uploads\/events\/vincenthm\/Vincent_01.jpg\" alt=\"\" \/>\r\n    <\/a>\r\n    <a href=\"https:\/\/www.verztec.com\/wp-content\/uploads\/events\/vincenthm\/Vincent_02.jpg\" class=\"gallery-item\">\r\n        <img decoding=\"async\" src=\"https:\/\/www.verztec.com\/wp-content\/uploads\/events\/vincenthm\/Vincent_02.jpg\" alt=\"\" \/>\r\n    <\/a>\r\n    <a href=\"https:\/\/www.verztec.com\/wp-content\/uploads\/events\/vincenthm\/Vincent_03.jpg\" class=\"gallery-item\">\r\n        <img decoding=\"async\" src=\"https:\/\/www.verztec.com\/wp-content\/uploads\/events\/vincenthm\/Vincent_03.jpg\" alt=\"\" \/>\r\n    <\/a>\r\n    <a href=\"https:\/\/www.verztec.com\/wp-content\/uploads\/events\/vincenthm\/Vincent_04.jpg\" class=\"gallery-item\">\r\n        <img decoding=\"async\" src=\"https:\/\/www.verztec.com\/wp-content\/uploads\/events\/vincenthm\/Vincent_04.jpg\" alt=\"\" \/>\r\n    <\/a>\r\n<\/div>\r\n<hr style=\"margin-top: 20px; margin-bottom: 20px; border: 0; border-top: 1px solid rgb(238, 238, 238);\">\r\n<p><em>Februar 2010<\/em><\/p>\r\n<p><strong>Verztec bowlt f\u00fcr wohlt\u00e4tige Zwecke<\/strong><\/p>\r\n<p>Am 4. Februar nahm Verztec am Charity Bowl und am Canon SuperSeries Unternehmens-Bowlingturnier teil, das im SuperBowl Safra Mount Faber stattfand.<\/p>\r\n<p>Der Charity Bowl war eine Auftaktveranstaltung zum Unternehmensbowling-Wettbewerb. Gemeinsam organisiert von Canon Singapore und der Singapore Bowling Federation wurden 138.000 US-Dollar f\u00fcr den Straits Times School Pocket Money Fund und das Bowling-Gemeinschaftsprojekt BOWLinks gesammelt. Die gesammelten Mittel kommen bed\u00fcrftigen Sch\u00fclern und Kindern mit besonderen Bed\u00fcrfnissen zugute.<\/p>\r\n<p>Weitere Informationen finden Sie auf der <a title=\"Verztec bowls for charity\" href=\"http:\/\/www.singaporebowling.org.sg\/results\/news09.asp?id=sbfnews&amp;item=charitybowl\" target=\"_blank\" rel=\"noopener\">Website der Singapore Bowling Federation<\/a>.<\/p>\r\n<div id=\"gallery\" class=\"small\">\r\n    <a href=\"https:\/\/www.verztec.com\/wp-content\/uploads\/events\/canon\/canon_01.jpg\" class=\"gallery-item\">\r\n        <img decoding=\"async\" src=\"https:\/\/www.verztec.com\/wp-content\/uploads\/events\/canon\/canon_01.jpg\" alt=\"\" \/>\r\n    <\/a>\r\n    <a href=\"https:\/\/www.verztec.com\/wp-content\/uploads\/events\/canon\/canon_02.jpg\" class=\"gallery-item\">\r\n        <img decoding=\"async\" src=\"https:\/\/www.verztec.com\/wp-content\/uploads\/events\/canon\/canon_02.jpg\" alt=\"\" \/>\r\n    <\/a>\r\n    <a href=\"https:\/\/www.verztec.com\/wp-content\/uploads\/events\/canon\/canon_03.jpg\" class=\"gallery-item\">\r\n        <img decoding=\"async\" src=\"https:\/\/www.verztec.com\/wp-content\/uploads\/events\/canon\/canon_03.jpg\" alt=\"\" \/>\r\n    <\/a>\r\n    <a href=\"https:\/\/www.verztec.com\/wp-content\/uploads\/events\/canon\/canon_04.jpg\" class=\"gallery-item\">\r\n        <img decoding=\"async\" src=\"https:\/\/www.verztec.com\/wp-content\/uploads\/events\/canon\/canon_04.jpg\" alt=\"\" \/>\r\n    <\/a>\r\n<\/div>\r\n<\/div>\r\n\r\n<div id=\"page10\" class=\"page\" style=\"display: none;\">\r\n<p class=\"first10\"><\/p> \r\n<p><em>Dezember 2009<\/em><\/p>\r\n<p><strong>Verztec kooperiert mit Creative Technology<\/strong><\/p>\r\n<p>Creative Technology, ein Marktf\u00fchrer im Bereich innovativer digitaler Unterhaltungsprodukte, hat Verztec mit der Lokalisierung und \u00dcbersetzung der Benutzerhandb\u00fccher f\u00fcr ihre neuesten hochwertigen Unterhaltungsprodukte in 11 Sprachen, darunter Polnisch, Russisch und Koreanisch, beauftragt. \u00dcbersetzer mit umfangreichem technischem Wissen wurden eingesetzt, um die technische Genauigkeit der Handb\u00fccher sicherzustellen.<\/p>\r\n<p>F\u00fcr weitere Informationen \u00fcber Creative Technology klicken Sie bitte <a href=\"http:\/\/sg.creative.com\/welcome.asp\" target=\"_blank\" rel=\"noopener\">hier<\/a>.<\/p>\r\n<hr style=\"margin-top: 20px; margin-bottom: 20px; border: 0; border-top: 1px solid rgb(238, 238, 238);\">\r\n<p><em>November 2009<\/em><\/p>\r\n<p><strong>Verztec nimmt am MIS National Sales &amp; Marketing Congress 2009 teil<\/strong><\/p>\r\n<p>Organisiert vom Marketing Institute of Singapore bringt dieser Kongress Referenten zusammen, die neue Strategien vorstellen, die Unternehmen in der sich wandelnden globalen Umgebung anwenden k\u00f6nnen.<\/p>\r\n<p>Verztec freut sich, Teil des Kongresses zu sein. Besuchen Sie Verztecs Stand im Grand Ballroom, Sheraton Towers Singapore, am 3. und 4. November.<\/p>\r\n<p>Wir freuen uns darauf, Sie auf der Veranstaltung zu sehen!<\/p>\r\n<p>F\u00fcr weitere Informationen zu diesem Kongress besuchen Sie bitte <a href=\"http:\/\/www.mis.org.sg\/downloads\/events\/National%20Sales%20&amp;%20Marketing%20Congress.pdf\">http:\/\/www.mis.org.sg\/downloads\/events\/National%20Sales%20&amp;%20Marketing%20Congress.pdf<\/a>.<\/p>\r\n<hr style=\"margin-top: 20px; margin-bottom: 20px; border: 0; border-top: 1px solid rgb(238, 238, 238);\">\r\n<p><em>August 2009<\/em><\/p>\r\n<p><strong>Verztec engagiert sich f\u00fcr die Gemeinschaft<\/strong><\/p>\r\n<p>Verztec ist stolz darauf, einer der Sponsoren der SASCO (Singapore Amalgamated Services Co-operative Organization Ltd) Gala Nite 2009 zu sein. Die Veranstaltung fand am 15. August im Swissotel, The Stamford statt und sammelte erfolgreich die angestrebten 480.000 US-Dollar. Die Mittel werden haupts\u00e4chlich verwendet, um die Betriebskosten verschiedener Heime zu decken sowie Sportger\u00e4te f\u00fcr \u00e4ltere Menschen zu kaufen.<\/p>\r\n<p>SASCO wurde am 15. Oktober 1981 gegr\u00fcndet, um der Gemeinschaft soziale Unterst\u00fctzung und andere soziale Dienstleistungen zu bieten, insbesondere den Benachteiligten, Bed\u00fcrftigen und Behinderten. Derzeit verwaltet SASCO mehrere Kinderbetreuungs- und Seniorendienste, die sich an einkommensschwache Familien und Bed\u00fcrftige richten.<\/p>\r\n<p>Verztec ist stark der Aus\u00fcbung von Corporate Social Responsibility verpflichtet. Wir identifizieren uns mit \u00f6ffentlichen Anliegen und bem\u00fchen uns, auf vielf\u00e4ltige Weise einen Beitrag f\u00fcr die Gesellschaft zu leisten.<\/p>\r\n<div id=\"gallery\" class=\"small\">\r\n    <a href=\"https:\/\/www.verztec.com\/wp-content\/uploads\/events\/gallery\/sm_sasco01.jpg\" class=\"gallery-item\">\r\n        <img decoding=\"async\" src=\"https:\/\/www.verztec.com\/wp-content\/uploads\/events\/gallery\/sm_sasco01.jpg\" alt=\"\" \/>\r\n    <\/a>\r\n    <a href=\"https:\/\/www.verztec.com\/wp-content\/uploads\/events\/gallery\/sm_sasco02.jpg\" class=\"gallery-item\">\r\n        <img decoding=\"async\" src=\"https:\/\/www.verztec.com\/wp-content\/uploads\/events\/gallery\/sm_sasco02.jpg\" alt=\"\" \/>\r\n    <\/a>\r\n<\/div>\r\n<hr style=\"margin-top: 20px; margin-bottom: 20px; border: 0; border-top: 1px solid rgb(238, 238, 238);\">\r\n<p><em>Juni 2009<\/em><\/p>\r\n<p align=\"left\"><strong>Verztec nimmt an weiteren Ausstellungen in Singapur und Gro\u00dfbritannien teil<\/strong><\/p>\r\n<p align=\"left\">ad:tech ist eine interaktive Werbe- und Technologiekonferenz und Ausstellung, die Unternehmen wesentliche Werbetools und -techniken bietet, um in dieser sich st\u00e4ndig ver\u00e4ndernden Welt wettbewerbsf\u00e4hig zu bleiben. Teilnehmer k\u00f6nnen sich auf Informationen \u00fcber Online-Medien sowie interaktives und digitales Marketing in dieser ansprechenden Konferenz freuen.<\/p>\r\n<p align=\"left\">Verztec freut sich, erneut Teil von ad:tech Singapur zu sein. Besuchen Sie uns am Stand Nr. 29 am 9.\u201310. Juni im Suntec Singapore International Convention and Exhibition Centre.<\/p>\r\n<p><img loading=\"lazy\" decoding=\"async\" class=\"size-full wp-image-549\" src=\"https:\/\/www.verztec.com\/wp-content\/uploads\/events\/adtech\/08\/adtech_logo.gif\" alt=\"\" width=\"139\" height=\"47\" border=\"0\" \/><\/p>\r\n<p align=\"left\">F\u00fcr weitere Informationen zu ad:tech Singapore besuchen Sie bitte<br \/><a href=\"http:\/\/www.ad-tech.com\/singapore\/adtech_singapore.aspx\" target=\"_blank\" rel=\"noopener\">http:\/\/www.ad-tech.com\/singapore\/adtech_singapore.aspx<\/a>.<\/p>\r\n<p align=\"left\">In Gro\u00dfbritannien nimmt Verztec an The Insight Show teil, die Teil von The Marketing Live! ist. Als gr\u00f6\u00dfte Forschungsausstellung f\u00fcr Marktforschungspersonal wird sie von gro\u00dfen Handelsverb\u00e4nden wie MRS, AURA und AIMRI unterst\u00fctzt. Sie bietet eine gro\u00dfartige Lernerfahrung mit den besten Branchenexperten, die Unternehmen helfen, der Konkurrenz voraus zu sein.<\/p>\r\n<div><img loading=\"lazy\" decoding=\"async\" class=\" size-full wp-image-550\" src=\"https:\/\/www.verztec.com\/wp-content\/uploads\/events\/insights\/insightshow-logo.gif\" alt=\"\" width=\"129\" height=\"65\" border=\"0\" \/><\/div>\r\n<p align=\"left\">F\u00fcr weitere Informationen zu The Insight Show besuchen Sie bitte<br \/><a href=\"http:\/\/www.insightshow.co.uk\/\" target=\"_blank\" rel=\"noopener\">http:\/\/www.insightshow.co.uk\/<\/a>.<\/p>\r\n<p align=\"left\">Wir freuen uns darauf, Sie auf der Veranstaltung zu sehen!<\/p>\r\n<hr style=\"margin-top: 20px; margin-bottom: 20px; border: 0; border-top: 1px solid rgb(238, 238, 238);\">\r\n<p><em>Mai 2009<\/em><\/p>\r\n<p><strong>Verztec teilt Ansichten und vermittelt die Bedeutung von kulturellem Bewusstsein und effektiver globaler Kommunikation auf wichtigen Branchenveranstaltungen<\/strong><\/p>\r\n<p>Verztec ist Goldsponsor und Gastgeber des Mittagessens f\u00fcr den k\u00fcrzlich stattgefundenen Learning &amp; Development Summit, der am 23.\u201324. April 2009 im M Hotel, Singapur, stattfand. Die Veranstaltung war ein gro\u00dfer Erfolg mit aktivem Wissensaustausch zwischen L&amp;D- und HR-Fachleuten sowie der M\u00f6glichkeit f\u00fcr Verztec, die Bedeutung effektiver globaler Kommunikation im Bereich der Unternehmensschulungen und HR zu vermitteln.<\/p>\r\n<div id=\"gallery\" class=\"small\">\r\n    <a href=\"https:\/\/www.verztec.com\/wp-content\/uploads\/events\/lds\/09\/lds01.jpg\" class=\"gallery-item\">\r\n        <img decoding=\"async\" src=\"https:\/\/www.verztec.com\/wp-content\/uploads\/events\/lds\/09\/lds01.jpg\" alt=\"\" \/>\r\n    <\/a>\r\n    <a href=\"https:\/\/www.verztec.com\/wp-content\/uploads\/events\/lds\/09\/lds02.jpg\" class=\"gallery-item\">\r\n        <img decoding=\"async\" src=\"https:\/\/www.verztec.com\/wp-content\/uploads\/events\/lds\/09\/lds02.jpg\" alt=\"\" \/>\r\n    <\/a>\r\n    <a href=\"https:\/\/www.verztec.com\/wp-content\/uploads\/events\/lds\/09\/lds03.jpg\" class=\"gallery-item\">\r\n        <img decoding=\"async\" src=\"https:\/\/www.verztec.com\/wp-content\/uploads\/events\/lds\/09\/lds03.jpg\" alt=\"\" \/>\r\n    <\/a>\r\n    <a href=\"https:\/\/www.verztec.com\/wp-content\/uploads\/events\/lds\/09\/lds04.jpg\" class=\"gallery-item\">\r\n        <img decoding=\"async\" src=\"https:\/\/www.verztec.com\/wp-content\/uploads\/events\/lds\/09\/lds04.jpg\" alt=\"\" \/>\r\n    <\/a>\r\n<\/div>\r\n<p>F\u00fcr weitere Informationen \u00fcber den Learning and Development Summit 2009 klicken Sie bitte <a href=\"http:\/\/www.alleventsgroup.com\/learn&amp;dev09\/\" target=\"_blank\" rel=\"noopener\">hier<\/a>.<\/p>\r\n<p>Am 6. und 7. Mai 2009 stellte Verztec auch auf dem HR Summit 2009 aus, dem gr\u00f6\u00dften j\u00e4hrlichen HR-Event Asiens, und erhielt \u00fcberw\u00e4ltigendes Feedback. Der Gipfel bot innovative Lernstrategien f\u00fcr die Herausforderungen und Ver\u00e4nderungen von heute und zog \u00fcber 3500 Teilnehmer ins Suntec Singapore International Convention and Exhibition Centre.<\/p>\r\n<div id=\"gallery\" class=\"small\">\r\n    <a href=\"https:\/\/www.verztec.com\/wp-content\/uploads\/events\/HR\/09\/hr01.jpg\" class=\"gallery-item\">\r\n        <img decoding=\"async\" src=\"https:\/\/www.verztec.com\/wp-content\/uploads\/events\/HR\/09\/hr01.jpg\" alt=\"\" \/>\r\n    <\/a>\r\n    <a href=\"https:\/\/www.verztec.com\/wp-content\/uploads\/events\/HR\/09\/hr02.jpg\" class=\"gallery-item\">\r\n        <img decoding=\"async\" src=\"https:\/\/www.verztec.com\/wp-content\/uploads\/events\/HR\/09\/hr02.jpg\" alt=\"\" \/>\r\n    <\/a>\r\n    <a href=\"https:\/\/www.verztec.com\/wp-content\/uploads\/events\/HR\/09\/hr03.jpg\" class=\"gallery-item\">\r\n        <img decoding=\"async\" src=\"https:\/\/www.verztec.com\/wp-content\/uploads\/events\/HR\/09\/hr03.jpg\" alt=\"\" \/>\r\n    <\/a>\r\n    <a href=\"https:\/\/www.verztec.com\/wp-content\/uploads\/events\/HR\/09\/hr04.jpg\" class=\"gallery-item\">\r\n        <img decoding=\"async\" src=\"https:\/\/www.verztec.com\/wp-content\/uploads\/events\/HR\/09\/hr04.jpg\" alt=\"\" \/>\r\n    <\/a>\r\n<\/div>\r\n<p>F\u00fcr weitere Informationen \u00fcber den HR Summit 2009 klicken Sie bitte <a href=\"http:\/\/www.hrsummit.com.sg\/\" target=\"_blank\" rel=\"noopener\">hier<\/a>.<\/p>\r\n<p>Das Verztec-Team in London nahm ebenfalls an der 8. Annual Responsible Business Summit 2009 teil, die am 11. und 12. Mai 2009 im Business Design Centre in London stattfand. Als gr\u00f6\u00dfte Veranstaltung f\u00fcr verantwortungsbewusstes Unternehmertum in Europa konzentrierte sich die Konferenz auf die Weiterentwicklung der Corporate Social Responsibility.<\/p>\r\n<div id=\"gallery\" class=\"small\">\r\n    <a href=\"https:\/\/www.verztec.com\/wp-content\/uploads\/events\/RBS\/rbs01.jpg\" class=\"gallery-item\">\r\n        <img decoding=\"async\" src=\"https:\/\/www.verztec.com\/wp-content\/uploads\/events\/RBS\/rbs01.jpg\" alt=\"\" \/>\r\n    <\/a>\r\n    <a href=\"https:\/\/www.verztec.com\/wp-content\/uploads\/events\/RBS\/rbs02.jpg\" class=\"gallery-item\">\r\n        <img decoding=\"async\" src=\"https:\/\/www.verztec.com\/wp-content\/uploads\/events\/RBS\/rbs02.jpg\" alt=\"\" \/>\r\n    <\/a>\r\n    <a href=\"https:\/\/www.verztec.com\/wp-content\/uploads\/events\/RBS\/rbs03.jpg\" class=\"gallery-item\">\r\n        <img decoding=\"async\" src=\"https:\/\/www.verztec.com\/wp-content\/uploads\/events\/RBS\/rbs03.jpg\" alt=\"\" \/>\r\n    <\/a>\r\n    <a href=\"https:\/\/www.verztec.com\/wp-content\/uploads\/events\/RBS\/rbs04.jpg\" class=\"gallery-item\">\r\n        <img decoding=\"async\" src=\"https:\/\/www.verztec.com\/wp-content\/uploads\/events\/RBS\/rbs04.jpg\" alt=\"\" \/>\r\n    <\/a>\r\n<\/div>\r\n<p>F\u00fcr weitere Informationen \u00fcber den Responsible Business Summit 2009 klicken Sie bitte <a href=\"http:\/\/www.ethicalcorp.com\/rbs\/\" target=\"_blank\" rel=\"noopener\">hier<\/a>.<\/p>\r\n<hr style=\"margin-top: 20px; margin-bottom: 20px; border: 0; border-top: 1px solid rgb(238, 238, 238);\">\r\n<p><em>April 2009<\/em><\/p>\r\n<p><strong>Er\u00f6ffnung des neuen B\u00fcros in Bangkok markiert weiteres Wachstum f\u00fcr Verztec<\/strong><\/p>\r\n<p>Trotz der globalen Rezession feierte Verztec am 26. M\u00e4rz 2009 einen Wachstumsmoment mit der offiziellen Er\u00f6ffnung eines B\u00fcros in Bangkok, Thailand. Das Verztec-B\u00fcro in Bangkok befindet sich im Empire Tower im Sathorn District \u2013 dem zentralen Finanzdistrikt von Bangkok.<\/p>\r\n<p>\u00dcber 100 G\u00e4ste von verschiedenen Unternehmen, darunter L\u2019Oreal, Centre Point und SAMART, nahmen an der offiziellen Er\u00f6ffnungsfeier von Verztec Thailand teil. Senator Teerajit Satirotamawongse nahm zusammen mit Verztecs CEO Nicholas Goh an der Zeremonie teil. Die Er\u00f6ffnungsfeier wurde mit einem pr\u00e4chtigen Mittagessen, einer Weinprobe und einer Tombola im Hu\u2019u Restaurant im Ascott Hotel gefeiert. Verztec m\u00f6chte allen G\u00e4sten und Sponsoren f\u00fcr dieses Event herzlich danken.<\/p>\r\n<div id=\"gallery\" class=\"small\">\r\n    <a href=\"https:\/\/www.verztec.com\/wp-content\/uploads\/events\/verztec\/09_01\/thaiop01.jpg\" class=\"gallery-item\">\r\n        <img decoding=\"async\" src=\"https:\/\/www.verztec.com\/wp-content\/uploads\/events\/verztec\/09_01\/thaiop01.jpg\" alt=\"\" \/>\r\n    <\/a>\r\n    <a href=\"https:\/\/www.verztec.com\/wp-content\/uploads\/events\/verztec\/09_01\/thaiop05.jpg\" class=\"gallery-item\">\r\n        <img decoding=\"async\" src=\"https:\/\/www.verztec.com\/wp-content\/uploads\/events\/verztec\/09_01\/thaiop05.jpg\" alt=\"\" \/>\r\n    <\/a>\r\n    <a href=\"https:\/\/www.verztec.com\/wp-content\/uploads\/events\/verztec\/09_01\/thaiop02.jpg\" class=\"gallery-item\">\r\n        <img decoding=\"async\" src=\"https:\/\/www.verztec.com\/wp-content\/uploads\/events\/verztec\/09_01\/thaiop02.jpg\" alt=\"\" \/>\r\n    <\/a>\r\n    <a href=\"https:\/\/www.verztec.com\/wp-content\/uploads\/events\/verztec\/09_01\/thaiop04.jpg\" class=\"gallery-item\">\r\n        <img decoding=\"async\" src=\"https:\/\/www.verztec.com\/wp-content\/uploads\/events\/verztec\/09_01\/thaiop04.jpg\" alt=\"\" \/>\r\n    <\/a>\r\n<\/div>\r\n<span style=\"font-size: 9px;\">*video<\/span>\r\n<hr style=\"margin-top: 20px; margin-bottom: 20px; border: 0; border-top: 1px solid rgb(238, 238, 238);\">\r\n<p><em>Februar 2009<\/em><\/p>\r\n<p><strong>Verztec nimmt aktiv an bevorstehenden Gipfeln teil<\/strong><\/p>\r\n<p>Der Learning &amp; Development Summit 2009 behandelt wichtige Kommunikationsstrategien f\u00fcr Lernen und Entwicklung in Organisationen und bietet den Teilnehmern neue Perspektiven und Einblicke in die neuesten Entwicklungen im Bereich Blended Learning und Technologien.<\/p>\r\n<p>Verztec freut sich, Hauptsponsor dieses Gipfels zu sein, der am 23. und 24. April dieses Jahres im Novotel Clarke Quay stattfinden wird.<\/p>\r\n<p>Au\u00dferdem wird Verztec am 8. Annual Responsible Business Summit 2009 teilnehmen, der am 11. und 12. Mai 2009 in London, Gro\u00dfbritannien, stattfindet.<\/p>\r\n<p>Wir freuen uns darauf, Sie bei diesen Veranstaltungen zu treffen!<\/p>\r\n<p><img loading=\"lazy\" decoding=\"async\" class=\" size-full wp-image-583\" src=\"https:\/\/www.verztec.com\/wp-content\/uploads\/events\/toplogo_sm.jpg\" alt=\"\" width=\"128\" height=\"55\" border=\"0\" \/><\/p>\r\n<p>F\u00fcr weitere Informationen \u00fcber den Learning &amp; Development Summit 2009 besuchen Sie bitte <a href=\"http:\/\/alleventsgroup.com\/learn%26dev09\/\" target=\"_blank\" rel=\"noopener\">http:\/\/alleventsgroup.com\/learn%26dev09\/<\/a>.<\/p>\r\n<p><img loading=\"lazy\" decoding=\"async\" class=\" size-full wp-image-584\" src=\"https:\/\/www.verztec.com\/wp-content\/uploads\/events\/rbs09-sm.gif\" alt=\"\" width=\"120\" height=\"63\" border=\"0\" \/><\/p>\r\n<p>F\u00fcr weitere Informationen \u00fcber den 8. Annual Responsible Business Summit 2009 besuchen Sie bitte <a href=\"http:\/\/www.ethicalcorp.com\/rbs\/\" target=\"_blank\" rel=\"noopener\">http:\/\/www.ethicalcorp.com\/rbs\/<\/a>.<\/p>\r\n<hr style=\"margin-top: 20px; margin-bottom: 20px; border: 0; border-top: 1px solid rgb(238, 238, 238);\">\r\n<p><em>November 2008<\/em><\/p>\r\n<p><strong>Verztec ist stolzer Sponsor von Invest Develop Build \u2013 Resorts Spas Hotels Marinas Asia Pacific 2008<\/strong><\/p>\r\n<p>IDB \u2013 RSHM Asia Pacific 2008 bringt die gro\u00dfen Akteure der Hospitality-Branche zusammen, um Investitions- und Entwicklungsm\u00f6glichkeiten zu erkunden. Diese erstmals stattfindende Konferenz, organisiert von All Events Group, fand vom 29. bis 31. Oktober 2008 im exklusiven ONE\u00b015 Marina Club statt.<\/p>\r\n<div id=\"gallery\" class=\"small\">\r\n    <a href=\"https:\/\/www.verztec.com\/wp-content\/uploads\/events\/IDB\/08\/idb01.gif\" class=\"gallery-item\">\r\n        <img decoding=\"async\" src=\"https:\/\/www.verztec.com\/wp-content\/uploads\/events\/IDB\/08\/idb01.gif\" alt=\"\" \/>\r\n    <\/a>\r\n    <a href=\"https:\/\/www.verztec.com\/wp-content\/uploads\/events\/IDB\/08\/idb03.gif\" class=\"gallery-item\">\r\n        <img decoding=\"async\" src=\"https:\/\/www.verztec.com\/wp-content\/uploads\/events\/IDB\/08\/idb03.gif\" alt=\"\" \/>\r\n    <\/a>\r\n    <a href=\"https:\/\/www.verztec.com\/wp-content\/uploads\/events\/IDB\/08\/idb02.gif\" class=\"gallery-item\">\r\n        <img decoding=\"async\" src=\"https:\/\/www.verztec.com\/wp-content\/uploads\/events\/IDB\/08\/idb02.gif\" alt=\"\" \/>\r\n    <\/a>\r\n    <a href=\"https:\/\/www.verztec.com\/wp-content\/uploads\/events\/IDB\/08\/idb04.gif\" class=\"gallery-item\">\r\n        <img decoding=\"async\" src=\"https:\/\/www.verztec.com\/wp-content\/uploads\/events\/IDB\/08\/idb04.gif\" alt=\"\" \/>\r\n    <\/a>\r\n<\/div>\r\n<p>F\u00fcr weitere Informationen \u00fcber die All Events Group klicken Sie bitte <a href=\"http:\/\/www.alleventsgroup.com\/newsite\/\" target=\"_blank\" rel=\"noopener\">hier<\/a>.<\/p>\r\n<p>F\u00fcr weitere Informationen \u00fcber IDB &#8211; RSHM Asia Pacific 2008 klicken Sie bitte <a href=\"http:\/\/investdevelopbuild.com\/\" target=\"_blank\" rel=\"noopener\">hier<\/a>.<\/p>\r\n<\/div>\r\n\r\n<div id=\"page11\" class=\"page\" style=\"display: none;\">\r\n<p class=\"first11\"><\/p> \r\n<p><em>September 2008<\/em><\/p>\r\n<p><strong>Verztec als Lokalisierungspartner f\u00fcr das Singapore Flyer ausgew\u00e4hlt<\/strong><\/p>\r\n<p>Die Adval Brand Group Pte Ltd, der exklusive Marketing-Agent des ikonischen Singapore Flyer, hat Verztec damit beauftragt, alle Marketing- und Branding-Kommunikationsmaterialien f\u00fcr die neu er\u00f6ffnete weltklasse Touristenattraktion in Mandarin, Japanisch und Koreanisch zu \u00fcbersetzen und zu lokalisieren. Verztec hat auch die offizielle Website des Singapore Flyer in Mandarin, Japanisch und Koreanisch lokalisiert.<\/p>\r\n<div id=\"gallery\" class=\"small\">\r\n    <a href=\"https:\/\/www.verztec.com\/wp-content\/uploads\/events\/sporeflyer\/SingFlyer1.jpg\" class=\"gallery-item\">\r\n        <img decoding=\"async\" src=\"https:\/\/www.verztec.com\/wp-content\/uploads\/events\/sporeflyer\/SingFlyer1.jpg\" alt=\"\" \/>\r\n    <\/a>\r\n    <a href=\"https:\/\/www.verztec.com\/wp-content\/uploads\/events\/sporeflyer\/SingFlyer2.jpg\" class=\"gallery-item\">\r\n        <img decoding=\"async\" src=\"https:\/\/www.verztec.com\/wp-content\/uploads\/events\/sporeflyer\/SingFlyer2.jpg\" alt=\"\" \/>\r\n    <\/a>\r\n    <a href=\"https:\/\/www.verztec.com\/wp-content\/uploads\/events\/sporeflyer\/SingFlyer3.jpg\" class=\"gallery-item\">\r\n        <img decoding=\"async\" src=\"https:\/\/www.verztec.com\/wp-content\/uploads\/events\/sporeflyer\/SingFlyer3.jpg\" alt=\"\" \/>\r\n    <\/a>\r\n    <a href=\"https:\/\/www.verztec.com\/wp-content\/uploads\/events\/sporeflyer\/SingFlyer4.jpg\" class=\"gallery-item\">\r\n        <img decoding=\"async\" src=\"https:\/\/www.verztec.com\/wp-content\/uploads\/events\/sporeflyer\/SingFlyer4.jpg\" alt=\"\" \/>\r\n    <\/a>\r\n<\/div>\r\n<p>Bitte klicken Sie <a href=\"en\/testimonials.php#p\" target=\"_self\" rel=\"noopener\">hier<\/a>, um das von Adval verliehene Testimonial f\u00fcr Verztec anzusehen.<\/p>\r\n<p>F\u00fcr weitere Informationen \u00fcber den Singapore Flyer klicken Sie bitte <a href=\"http:\/\/www.singaporeflyer.com\" target=\"_blank\" rel=\"noopener\">hier<\/a>.<\/p>\r\n<hr style=\"margin-top: 20px; margin-bottom: 20px; border: 0; border-top: 1px solid rgb(238, 238, 238);\">\r\n<p><em>August 2008<\/em><\/p>\r\n<p><strong>Verztec ist stolz darauf, chinesische und japanische Dolmetscher f\u00fcr die erste Asian Intercultural Conference 2008 zu sponsern<\/strong><\/p>\r\n<p>Dieses f\u00fcnft\u00e4gige Event, das vom 28. Mai bis 1. Juni 2008 stattfand, wurde vom Theatre Training &amp; Research Programme in Singapur in Zusammenarbeit mit dem Theatre Studies Programme der National University of Singapore organisiert.<\/p>\r\n<p>Bitte klicken Sie auf die Thumbnails, um eine vergr\u00f6\u00dferte Ansicht der aufgenommenen Fotos zu sehen.<\/p>\r\n<div id=\"gallery\" class=\"small\">\r\n    <a href=\"https:\/\/www.verztec.com\/wp-content\/uploads\/events\/Interculturalconf\/ne01.jpg\" class=\"gallery-item\">\r\n        <img decoding=\"async\" src=\"https:\/\/www.verztec.com\/wp-content\/uploads\/events\/Interculturalconf\/ne01.jpg\" alt=\"\" \/>\r\n    <\/a>\r\n    <a href=\"https:\/\/www.verztec.com\/wp-content\/uploads\/events\/Interculturalconf\/ne02.jpg\" class=\"gallery-item\">\r\n        <img decoding=\"async\" src=\"https:\/\/www.verztec.com\/wp-content\/uploads\/events\/Interculturalconf\/ne02.jpg\" alt=\"\" \/>\r\n    <\/a>\r\n    <a href=\"https:\/\/www.verztec.com\/wp-content\/uploads\/events\/Interculturalconf\/ne03.jpg\" class=\"gallery-item\">\r\n        <img decoding=\"async\" src=\"https:\/\/www.verztec.com\/wp-content\/uploads\/events\/Interculturalconf\/ne03.jpg\" alt=\"\" \/>\r\n    <\/a>\r\n    <a href=\"https:\/\/www.verztec.com\/wp-content\/uploads\/events\/Interculturalconf\/ne04.jpg\" class=\"gallery-item\">\r\n        <img decoding=\"async\" src=\"https:\/\/www.verztec.com\/wp-content\/uploads\/events\/Interculturalconf\/ne04.jpg\" alt=\"\" \/>\r\n    <\/a>\r\n<\/div>\r\n<hr style=\"margin-top: 20px; margin-bottom: 20px; border: 0; border-top: 1px solid rgb(238, 238, 238);\">\r\n<p><em>Juni 2008<\/em><\/p>\r\n<p><strong>Verztec stellt auf LearnX und Ad-Tech aus<\/strong><\/p>\r\n<p>Verztec wird auf der LearnX Asia Pacific 2008 (Melbourne, Australien) und der ad-tech 2008 (Singapur) ausstellen. Besuchen Sie uns an unseren St\u00e4nden!<\/p>\r\n<p>F\u00fcr weitere Informationen \u00fcber die Veranstaltungen besuchen Sie bitte <a href=\"http:\/\/www.learnx.net\">http:\/\/www.learnx.net<\/a> und <a href=\"http:\/\/www.ad-tech.com\">http:\/\/www.ad-tech.com<\/a>.<\/p>\r\n<hr style=\"margin-top: 20px; margin-bottom: 20px; border: 0; border-top: 1px solid rgb(238, 238, 238);\">\r\n<p><em>Januar 2008<\/em><\/p>\r\n<p><strong>Verztec erh\u00e4lt ISO 9001:2000-Zertifizierung<\/strong><\/p>\r\n<p>Verztec ist stolz darauf, die strengen Anforderungen der ISO 9001:2000-Zertifizierung der International Organization for Standardization (ISO) erf\u00fcllt zu haben. Um die ISO 9001:2000-Zertifizierung zu erhalten, unterzog sich Verztec einer detaillierten Pr\u00fcfung durch ein ISO-zertifiziertes Audit-Unternehmen, das unter anderem die Strategieentwicklung, Planung, Projektmanagement, Qualit\u00e4tssicherung, Ressourcenmanagement, Systemimplementierung und Prozessdienstleistungen von Verztec untersuchte.<\/p>\r\n<p>F\u00fcr weitere Informationen \u00fcber die ISO 9001:2000-Zertifizierung von Verztec besuchen Sie bitte <a href=\"en\/iso.php\">https:\/\/www.verztec.com\/en\/iso.php<\/a>.<\/p>\r\n<hr style=\"margin-top: 20px; margin-bottom: 20px; border: 0; border-top: 1px solid rgb(238, 238, 238);\">\r\n<p><em>Oktober 2007<\/em><\/p>\r\n<p><strong>Verztec startet Instant-Telefon-Dolmetschdienst<\/strong><\/p>\r\n<p>Verztec freut sich, Verztec Telelanguage einzuf\u00fchren \u2013 einen Service, der Kunden sofortigen und bedarfsorientierten Zugang zu professionellen Dolmetschern am Telefon in mehr als 157 Fremdsprachen das ganze Jahr \u00fcber bietet!<\/p>\r\n<hr style=\"margin-top: 20px; margin-bottom: 20px; border: 0; border-top: 1px solid rgb(238, 238, 238);\">\r\n<p><em>Januar 2007<\/em><\/p>\r\n<p><strong>Verztec gewinnt Gro\u00dfauftrag von Clarion zur Verwaltung des Global Portals f\u00fcr Asien<\/strong><\/p>\r\n<p>Clarion Co. Ltd, der weltweit f\u00fchrende Anbieter von Navigations-, Audio- und Video-Technologien, hat Verztec als Kooperationspartner f\u00fcr die Lokalisierung, Verwaltung und Wartung seiner globalen Websites f\u00fcr Asien ernannt. Verztec wird f\u00fcr die Websites in Thailand, Indonesien, China, Korea, Malaysia und Indien verantwortlich sein. Zus\u00e4tzlich lokalisiert Verztec regelm\u00e4\u00dfig Bedienungsanleitungen und Marketingmaterialien f\u00fcr Clarion Co. Ltd in mehrere asiatische Sprachen und bietet Satzdienstleistungen an.<\/p>\r\n<p>F\u00fcr weitere Informationen \u00fcber Clarion besuchen Sie bitte <a class=\"blue\" href=\"http:\/\/www.clarion.com\" target=\"_blank\" rel=\"noopener\">http:\/\/www.clarion.com<\/a>.<\/p>\r\n<hr style=\"margin-top: 20px; margin-bottom: 20px; border: 0; border-top: 1px solid rgb(238, 238, 238);\">\r\n<p><em>November 2006<\/em><\/p>\r\n<p><strong>Verztec er\u00f6ffnet B\u00fcro in London<\/strong><\/p>\r\n<p>Verztec setzt seine Wachstumsstrategie mit der Er\u00f6ffnung eines neuen Vertriebsb\u00fcros in London, UK, fort.<\/p>\r\n<hr style=\"margin-top: 20px; margin-bottom: 20px; border: 0; border-top: 1px solid rgb(238, 238, 238);\">\r\n<p><em>Oktober 2006<\/em><\/p>\r\n<p><strong>ESPN Star Sports verl\u00e4ngert \u00dcbersetzungsvertrag mit Verztec f\u00fcr das zweite Jahr!<\/strong><\/p>\r\n<p>ESPN Star Sports hat den \u00dcbersetzungsvertrag mit Verztec als Kooperationspartner zur Lokalisierung, Verwaltung und Wartung des Nokia-Kundenportals &#8211; Nokia Football Crazy &#8211; verl\u00e4ngert. Verztec wird f\u00fcr die Websites in Thailand, Indonesien, China und Malaysia verantwortlich sein. Zus\u00e4tzlich \u00fcbersetzt Verztec regelm\u00e4\u00dfig Kommunikations- und Marketingmaterialien f\u00fcr ESPN Star Sports.<\/p>\r\n<p>F\u00fcr weitere Informationen \u00fcber ESPN Star Sports besuchen Sie bitte <a class=\"blue\" href=\"http:\/\/www.espnstar.com\" target=\"_blank\" rel=\"noopener\">http:\/\/www.espnstar.com<\/a>.<\/p>\r\n<p>F\u00fcr weitere Informationen \u00fcber Nokia Football Crazy besuchen Sie bitte <a class=\"blue\" href=\"http:\/\/footballcrazy.tv\" target=\"_blank\" rel=\"noopener\">http:\/\/footballcrazy.tv<\/a>.<\/p>\r\n<\/div>\r\n\r\n<div id=\"page12\" class=\"page\" style=\"display: none;\">\r\n<p class=\"first12\"><\/p> \r\n<p><em>Dezember 2005<\/em><\/p>\r\n<p><strong>Verztec hat Verztec Xtranet aufger\u00fcstet!<\/strong><\/p>\r\n<p>Verztec setzt seine globale Kontaktmanagement- und Ressourcenrekrutierungsstrategie fort, indem es neue und spannende Funktionen in sein Globales Extranet-Portal &#8211; Verztec Xtranet &#8211; einf\u00fchrt! Zu den neuen Funktionen geh\u00f6ren Echtzeit-Profilmanagement, PO-Archivmodule, Dateiaustauschfunktionen und vieles mehr&#8230;<\/p>\r\n<hr style=\"margin-top: 20px; margin-bottom: 20px; border: 0; border-top: 1px solid rgb(238, 238, 238);\">\r\n<p><em>Oktober 2005<\/em><\/p>\r\n<p><strong>ESPN Star Sports arbeitet mit Verztec zusammen<\/strong><\/p>\r\n<p>ESPN Star Sports, ein 50:50-Joint-Venture zwischen ESPN Inc. und STAR, arbeitet mit Verztec bei der Entwicklung, \u00dcbersetzung und Wartung des Nokia Football Crazy-Webportals in Mandarin, Malaiisch, Bahasa Indonesia und Thai zusammen.<\/p>\r\n<p>F\u00fcr weitere Informationen \u00fcber ESPN Star Sports besuchen Sie bitte <a class=\"blue\" href=\"http:\/\/www.espnstar.com\" target=\"_blank\" rel=\"noopener\">http:\/\/www.espnstar.com<\/a>.<\/p>\r\n<p>F\u00fcr weitere Informationen \u00fcber Nokia Football Crazy besuchen Sie bitte <a class=\"blue\" href=\"http:\/\/footballcrazy.tv\" target=\"_blank\" rel=\"noopener\">http:\/\/footballcrazy.tv<\/a>.<\/p>\r\n<\/div>\r\n\r\n<div class=\"pagination\">\r\n    <button id=\"startButton\" onclick=\"goToStart()\" disabled>Start<\/button> <!-- Start button -->\r\n    <button id=\"prevButton\" onclick=\"changePage(-1)\" disabled>Prev<\/button>\r\n    <span id=\"pageButtons\"><\/span> <!-- Container for page number buttons -->\r\n    <button id=\"nextButton\" onclick=\"changePage(1)\">Next<\/button>\r\n    <button id=\"endButton\" onclick=\"goToEnd()\">End<\/button> <!-- End button -->\r\n<\/div>\r\n\r\n<script>\r\nlet currentPage = 1;\r\nconst totalPages = document.querySelectorAll('.page').length;\r\n\r\n\/\/ Create page number buttons\r\nfunction createPageButtons() {\r\n    const pageButtonsContainer = document.getElementById('pageButtons');\r\n    pageButtonsContainer.innerHTML = ''; \/\/ Clear previous buttons\r\n\r\n    \/\/ Create page number buttons\r\n    for (let i = 1; i < totalPages; i++) {\r\n        const button = document.createElement('button');\r\n        button.innerText = i;\r\n        button.onclick = () => goToPage(i);\r\n        button.classList.add('page-button');\r\n\r\n        \/\/ Add 'active' class to the current page button\r\n        if (i === currentPage) {\r\n            button.classList.add('active');\r\n            button.disabled = true;\r\n        }\r\n\r\n        pageButtonsContainer.appendChild(button);\r\n    }\r\n\r\n    \/\/ Update Start and End button states\r\n    document.getElementById('startButton').disabled = currentPage === 1;\r\n    document.getElementById('endButton').disabled = currentPage === totalPages;\r\n}\r\n\r\nfunction changePage(direction) {\r\n    document.getElementById(`page${currentPage}`).style.display = 'none';\r\n    currentPage += direction;\r\n    const newPage = document.getElementById(`page${currentPage}`);\r\n    newPage.style.display = 'block';\r\n\r\n    \/\/ Add a slight delay to ensure rendering before scrolling\r\n    setTimeout(() => {\r\n        const titleElement = document.querySelector(`.first${currentPage}`);\r\n        if (titleElement) {\r\n            const position = titleElement.getBoundingClientRect().top + window.scrollY;\r\n            window.scrollTo({\r\n                top: position - 200, \/\/ Scroll to 200px above the title element\r\n                behavior: 'smooth',\r\n            });\r\n        }\r\n    }, 150); \/\/ 100ms delay\r\n\r\n    \/\/ Update button states\r\n    document.getElementById('prevButton').disabled = currentPage === 1;\r\n    document.getElementById('nextButton').disabled = currentPage === totalPages;\r\n\r\n    createPageButtons();\r\n}\r\n\r\nfunction goToPage(pageNumber) {\r\n    document.getElementById(`page${currentPage}`).style.display = 'none';\r\n    currentPage = pageNumber;\r\n    const newPage = document.getElementById(`page${currentPage}`);\r\n    newPage.style.display = 'block';\r\n\r\n    \/\/ Add a slight delay to ensure rendering before scrolling\r\n    setTimeout(() => {\r\n        const titleElement = document.querySelector(`.first${currentPage}`);\r\n        if (titleElement) {\r\n            const position = titleElement.getBoundingClientRect().top + window.scrollY;\r\n            window.scrollTo({\r\n                top: position - 200, \/\/ Scroll to 200px above the title element\r\n                behavior: 'smooth',\r\n            });\r\n        }\r\n    }, 150);\r\n\r\n    document.getElementById('prevButton').disabled = currentPage === 1;\r\n    document.getElementById('nextButton').disabled = currentPage === totalPages;\r\n\r\n    createPageButtons();\r\n}\r\n\r\n\/\/ Go to the first page\r\nfunction goToStart() {\r\n    goToPage(1);\r\n}\r\n\r\n\/\/ Go to the last page\r\nfunction goToEnd() {\r\n    goToPage(totalPages);\r\n}\r\n\r\n\/\/ Initialize buttons when the page loads\r\ndocument.addEventListener('DOMContentLoaded', () => {\r\n    createPageButtons();\r\n});\r\n<\/script>\r\n","protected":false},"excerpt":{"rendered":"<p>Bleiben Sie auf dem neuesten Stand mit den neuesten Nachrichten und Veranstaltungen von Verztec! Entdecken Sie unsere Teilnahme an Branchenkonferenzen, bevorstehenden Seminaren und spannenden Initiativen. Begleiten Sie uns, w\u00e4hrend wir&hellip;<\/p>\n","protected":false},"author":1,"featured_media":2020,"parent":0,"menu_order":21,"comment_status":"closed","ping_status":"closed","template":"","meta":{"footnotes":""},"class_list":["post-607","page","type-page","status-publish","has-post-thumbnail","hentry"],"_links":{"self":[{"href":"https:\/\/www.verztec.com\/wp-json\/wp\/v2\/pages\/607"}],"collection":[{"href":"https:\/\/www.verztec.com\/wp-json\/wp\/v2\/pages"}],"about":[{"href":"https:\/\/www.verztec.com\/wp-json\/wp\/v2\/types\/page"}],"author":[{"embeddable":true,"href":"https:\/\/www.verztec.com\/wp-json\/wp\/v2\/users\/1"}],"replies":[{"embeddable":true,"href":"https:\/\/www.verztec.com\/wp-json\/wp\/v2\/comments?post=607"}],"version-history":[{"count":33,"href":"https:\/\/www.verztec.com\/wp-json\/wp\/v2\/pages\/607\/revisions"}],"predecessor-version":[{"id":3858,"href":"https:\/\/www.verztec.com\/wp-json\/wp\/v2\/pages\/607\/revisions\/3858"}],"wp:featuredmedia":[{"embeddable":true,"href":"https:\/\/www.verztec.com\/wp-json\/wp\/v2\/media\/2020"}],"wp:attachment":[{"href":"https:\/\/www.verztec.com\/wp-json\/wp\/v2\/media?parent=607"}],"curies":[{"name":"wp","href":"https:\/\/api.w.org\/{rel}","templated":true}]}}