{"id":1451,"date":"2010-08-26T02:33:13","date_gmt":"2010-08-26T02:33:13","guid":{"rendered":"http:\/\/staging.verztec.com\/verztec\/media-release\/"},"modified":"2025-03-18T07:20:41","modified_gmt":"2025-03-18T07:20:41","slug":"media-release","status":"publish","type":"page","link":"https:\/\/www.verztec.com\/media-release","title":{"rendered":"Communiqu\u00e9 de Presse"},"content":{"rendered":"<p>Verztec s&#8217;engage \u00e0 promouvoir la transparence et la communication avec ses parties prenantes. Notre page de communiqu\u00e9s de presse fournit des mises \u00e0 jour r\u00e9guli\u00e8res sur les actualit\u00e9s de l&#8217;entreprise, les \u00e9v\u00e9nements et les initiatives. En tant que participant actif aux conf\u00e9rences industrielles et leader dans les solutions num\u00e9riques et la localisation, nous nous effor\u00e7ons de tenir notre audience inform\u00e9e de nos contributions continues au march\u00e9 mondial. Restez connect\u00e9s avec nous pour en savoir plus sur nos derni\u00e8res r\u00e9alisations et nos projets futurs.<\/p>\n<p><em style=\"color: #000; font-weight: normal;\">14 avril 2020<\/em><\/p>\n<p><a style=\"text-decoration: none;\" title=\"Profitez de cette p\u00e9riode pour cr\u00e9er un puissant cheval de Troie num\u00e9rique (The Business Times)\" href=\"https:\/\/www.businesstimes.com.sg\/sme\/use-this-time-to-build-powerful-digital-trojan-horse\" target=\"_blank\" rel=\"noopener\">Profitez de cette p\u00e9riode pour cr\u00e9er un puissant cheval de Troie num\u00e9rique (The Business Times)<\/a><\/p>\n<hr style=\"border-top: 1px solid rgb(238, 238, 238); margin: 20px 0\" \/>\n<p><em style=\"color: #000; font-weight: normal;\">27 novembre 2019<\/em><\/p>\n<p><a style=\"text-decoration: none;\" title=\"L'histoire de Verztec mise en avant sur ChannelNewsAsia\" href=\"https:\/\/www.facebook.com\/verztec\/videos\/519553068631233\/\" target=\"_blank\" rel=\"noopener\">L&#8217;histoire de Verztec mise en avant sur ChannelNewsAsia<\/a><\/p>\n<hr style=\"border-top: 1px solid rgb(238, 238, 238); margin: 20px 0\" \/>\n<p><em style=\"color: #000; font-weight: normal;\">7 novembre 2017<\/em><\/p>\n<p><a style=\"text-decoration: none;\" title=\"Verztec nomm\u00e9 Champion du Bien par NVPC (The Straits Times)\" href=\"http:\/\/www.straitstimes.com\/singapore\/corporate-giving-not-just-a-business-practice-but-helps-to-build-a-caring-society-heng\" target=\"_blank\" rel=\"noopener\">Verztec nomm\u00e9 Champion du Bien par NVPC (The Straits Times)<\/a><\/p>\n<hr style=\"border-top: 1px solid rgb(238, 238, 238); margin: 20px 0\" \/>\n<p><em style=\"color: #000; font-weight: normal;\">15 octobre 2017<\/em><\/p>\n<p><a style=\"text-decoration: none;\" title=\"PORTFOLIO Magazine interviewe Verztec sur la RSE\" href=\"http:\/\/www.portfoliomagsg.com\/article\/looking-out-for-disadvantaged-children.html\" target=\"_blank\" rel=\"noopener\">PORTFOLIO Magazine interviewe Verztec sur la RSE<\/a><\/p>\n<hr style=\"border-top: 1px solid rgb(238, 238, 238); margin: 20px 0\" \/>\n<p><em style=\"color: #000; font-weight: normal;\">7 septembre 2017<\/em><\/p>\n<p><a style=\"text-decoration: none;\" title=\"ACE s'associe \u00e0 Verztec (The Straits Times)\" href=\"http:\/\/www.businesstimes.com.sg\/government-economy\/one-stop-centre-to-help-spore-startups-ace-it-abroad\" target=\"_blank\" rel=\"noopener\">ACE s&#8217;associe \u00e0 Verztec (The Straits Times)<\/a><\/p>\n<hr style=\"border-top: 1px solid rgb(238, 238, 238); margin: 20px 0\" \/>\n<p><em style=\"color: #000; font-weight: normal;\">13 mars 2017<\/em><\/p>\n<p><a style=\"text-decoration: none;\" title=\"Verztec choisit des partenaires caritatifs partageant ses priorit\u00e9s (The Business Times)\" href=\"http:\/\/www.businesstimes.com.sg\/companies-markets\/company-of-good\/verztec-selects-charity-partners-that-share-its-focus\" target=\"_blank\" rel=\"noopener\">Verztec choisit des partenaires caritatifs partageant ses priorit\u00e9s (The Business Times)<\/a><\/p>\n<hr style=\"border-top: 1px solid rgb(238, 238, 238); margin: 20px 0\" \/>\n<p><em style=\"color: #000; font-weight: normal;\">6 mars 2017<\/em><\/p>\n<p><a style=\"text-decoration: none;\" title=\"The Straits Times pr\u00e9sente SwiftTranslate, un service de traduction en ligne pour plusieurs langues asiatiques\" href=\"http:\/\/www.straitstimes.com\/business\/helping-businesses-to-overcome-language-barriers\" target=\"_blank\" rel=\"noopener\">The Straits Times pr\u00e9sente SwiftTranslate, un service de traduction en ligne pour plusieurs langues asiatiques<\/a><\/p>\n<hr style=\"border-top: 1px solid rgb(238, 238, 238); margin: 20px 0\" \/>\n<p><em style=\"color: #000; font-weight: normal;\">27 novembre 2015<\/em><\/p>\n<p><a style=\"text-decoration: none;\" title=\"Nouveau programme pour aider les PME \u00e0 se mondialiser en ligne (The Straits Times)\" href=\"http:\/\/www.straitstimes.com\/business\/new-scheme-to-help-smes-go-global-online\" target=\"_blank\" rel=\"noopener\">Nouveau programme pour aider les PME \u00e0 se mondialiser en ligne (The Straits Times)<\/a><\/p>\n<hr style=\"border-top: 1px solid rgb(238, 238, 238); margin: 20px 0\" \/>\n<p><em style=\"color: #000; font-weight: normal;\">13 juillet 2015<\/em><\/p>\n<p><a style=\"text-decoration: none;\" title=\"Verztec remporte le prix Influential Brands Award 2015\" href=\"http:\/\/www.prweb.com\/releases\/2015\/07\/prweb12843195.htm\" target=\"_blank\" rel=\"noopener\">Verztec remporte le prix Influential Brands Award 2015<\/a><\/p>\n<hr style=\"border-top: 1px solid rgb(238, 238, 238); margin: 20px 0\" \/>\n<p><em style=\"color: #000; font-weight: normal;\">5 mars 2015<\/em><\/p>\n<p><a style=\"text-decoration: none;\" title=\"Verztec lance FastTrack\u2122, une solution en ligne pratique pour un service de traduction rapide\" href=\"http:\/\/www.prweb.com\/releases\/2015\/03\/prweb12556713.htm\" target=\"_blank\" rel=\"noopener\">Verztec lance FastTrack\u2122, une solution en ligne pratique pour un service de traduction rapide<\/a><\/p>\n<hr style=\"border-top: 1px solid rgb(238, 238, 238); margin: 20px 0\" \/>\n<p><em style=\"color: #000; font-weight: normal;\">16 ao\u00fbt 2014<\/em><\/p>\n<p>Le PDG de Verztec &#8211; Nicholas Goh pr\u00e9sent\u00e9 dans The Business Times en tant que laur\u00e9at du prix Asia Pacific Entrepreneurship Award 2014, cat\u00e9gorie exceptionnelle<\/p>\n<hr style=\"border-top: 1px solid rgb(238, 238, 238); margin: 20px 0\" \/>\n<p><em style=\"color: #000; font-weight: normal;\">16 juin 2014<\/em><\/p>\n<p><a style=\"text-decoration: none;\" title=\"Verztec remporte le prix Business Superbrands 2014\" href=\"http:\/\/www.prweb.com\/releases\/2014\/06\/prweb11942271.htm\" target=\"_blank\" rel=\"noopener\">Verztec remporte le prix Business Superbrands 2014<\/a><\/p>\n<hr style=\"border-top: 1px solid rgb(238, 238, 238); margin: 20px 0\" \/>\n<p><em style=\"color: #000; font-weight: normal;\">11 f\u00e9vrier 2014<\/em><\/p>\n<p><a style=\"text-decoration: none;\" title=\"Verztec sponsorise la conf\u00e9rence inaugurale Localization World 2014 en Tha\u00eflande\" href=\"http:\/\/www.bangkokbusinessbrief.com\/2014\/02\/11\/verztec-sponsors-inaugural-localization-world-conference-2014-in-thailand\/#ixzz2sytgyf73\" target=\"_blank\" rel=\"noopener\">Verztec sponsorise la conf\u00e9rence inaugurale Localization World 2014 en Tha\u00eflande<\/a><\/p>\n<hr style=\"border-top: 1px solid rgb(238, 238, 238); margin: 20px 0\" \/>\n<p><em style=\"color: #000; font-weight: normal;\">20 janvier 2014<\/em><\/p>\n<p>Panorama pr\u00e9sente VerztecLearning\u2122 dans le cadre de discussions pour une coentreprise avec un partenaire laotien<\/p>\n<hr style=\"border-top: 1px solid rgb(238, 238, 238); margin: 20px 0\" \/>\n<p><em style=\"color: #000; font-weight: normal;\">15 janvier 2014<\/em><\/p>\n<p><a style=\"text-decoration: none;\" title=\"VerztecLearning\u2122 en discussions pour une coentreprise avec un partenaire laotien\" href=\"http:\/\/www.bangkokbusinessbrief.com\/2014\/01\/15\/verztec-learning-in-joint-venture-talks-with-laotian-counterpart\/#ixzz2rmDDnNby\" target=\"_blank\" rel=\"noopener\">VerztecLearning\u2122 en discussions pour une coentreprise avec un partenaire laotien<\/a><\/p>\n<hr style=\"border-top: 1px solid rgb(238, 238, 238); margin: 20px 0\" \/>\n<p><em style=\"color: #000; font-weight: normal;\">4 janvier 2014<\/em><\/p>\n<p><a style=\"text-decoration: none;\" title=\"Verztec annonce une suite eLearning &amp; d\u00e9veloppement corporatif pour les h\u00f4tels en Tha\u00eflande\" href=\"http:\/\/www.bangkokbusinessbrief.com\/2013\/01\/04\/verztec-announces-hotel-suite-of-corporate-elearning-development-for-hotels-in-thailand\/\" target=\"_blank\" rel=\"noopener\">Verztec annonce une suite eLearning &amp; d\u00e9veloppement corporatif pour les h\u00f4tels en Tha\u00eflande<\/a><\/p>\n<hr style=\"border-top: 1px solid rgb(238, 238, 238); margin: 20px 0\" \/>\n<p><em style=\"color: #000; font-weight: normal;\">10 ao\u00fbt 2013<\/em><\/p>\n<p>The Business Times met en lumi\u00e8re Verztec, laur\u00e9at du prix Emerging Enterprise Award 2013<\/p>\n<hr style=\"border-top: 1px solid rgb(238, 238, 238); margin: 20px 0\" \/>\n<p><em style=\"color: #000; font-weight: normal;\">27 juillet 2013<\/em><\/p>\n<p><a style=\"text-decoration: none;\" title=\"Le journal TODAY pr\u00e9sente Verztec lors du championnat de bowling Canon SuperSeries\" href=\"http:\/\/www.todayonline.com\/sports\/networking-and-bonding-through-bowling\" target=\"_blank\" rel=\"noopener\">Le journal TODAY pr\u00e9sente Verztec lors du championnat de bowling Canon SuperSeries<\/a><\/p>\n<hr style=\"border-top: 1px solid rgb(238, 238, 238); margin: 20px 0\" \/>\n<p><em style=\"color: #000; font-weight: normal;\">22 juillet 2013<\/em><\/p>\n<p>Singtel interviewe le PDG de Verztec, M. Nicholas Goh, sur la localisation et la traduction professionnelle<\/p>\n<hr style=\"border-top: 1px solid rgb(238, 238, 238); margin: 20px 0\" \/>\n<p><em style=\"color: #000; font-weight: normal;\">31 mai 2013<\/em><\/p>\n<p>Le SIMM signe un protocole d&#8217;accord avec Verztec<\/p>\n<hr style=\"border-top: 1px solid rgb(238, 238, 238); margin: 20px 0\" \/>\n<p><em style=\"color: #000; font-weight: normal;\">7 novembre 2012<\/em><\/p>\n<p>Verztec est le sponsor officiel de traduction de la conf\u00e9rence ASTD-STADA Asia Pacific 2012<\/p>\n<hr style=\"border-top: 1px solid rgb(238, 238, 238); margin: 20px 0\" \/>\n<p><em style=\"color: #000; font-weight: normal;\">23 ao\u00fbt 2012<\/em><\/p>\n<p>The Business Times met en vedette Verztec Consulting pour le prix Prominent Award of the Year 2012.<\/p>\n<hr style=\"border-top: 1px solid rgb(238, 238, 238); margin: 20px 0\" \/>\n<p><em style=\"color: #000; font-weight: normal;\">23 ao\u00fbt 2012<\/em><\/p>\n<p>Lianhe Zaobao met en avant Verztec Consulting pour le SME1 Asia Awards 2012.<\/p>\n<hr style=\"border-top: 1px solid rgb(238, 238, 238); margin: 20px 0\" \/>\n<p><em style=\"color: #000; font-weight: normal;\">2 ao\u00fbt 2012<\/em><\/p>\n<p>Verztec Consulting remporte le prix Arts Supporter Awards 2012.<\/p>\n<hr style=\"border-top: 1px solid rgb(238, 238, 238); margin: 20px 0\" \/>\n<p><em style=\"color: #000; font-weight: normal;\">1 ao\u00fbt 2012<\/em><\/p>\n<p>Verztec remporte le prix Platine dans Promising SME 500 2012.<\/p>\n<hr style=\"border-top: 1px solid rgb(238, 238, 238); margin: 20px 0\" \/>\n<p><em style=\"color: #000; font-weight: normal;\">30 juillet 2012<\/em><\/p>\n<p>Channel NewsAsia interviewe le PDG de Verztec, Nicholas Goh, lors des SME1 Asia Awards 2012.<\/p>\n<hr style=\"border-top: 1px solid rgb(238, 238, 238); margin: 20px 0\" \/>\n<p><em style=\"color: #000; font-weight: normal;\">24 juillet 2012<\/em><\/p>\n<p>Verztec Consulting remporte le prix Prominent Award of the Year lors des SME1 Asia Awards 2012.<\/p>\n<hr style=\"border-top: 1px solid rgb(238, 238, 238); margin: 20px 0\" \/>\n<p><em style=\"color: #000; font-weight: normal;\">22 f\u00e9vrier 2012<\/em><\/p>\n<p>Verztec s&#8217;associe au programme de fid\u00e9lit\u00e9 TUNE BIG.<\/p>\n<hr style=\"border-top: 1px solid rgb(238, 238, 238); margin: 20px 0\" \/>\n<p><em style=\"color: #000; font-weight: normal;\">8 juin 2011<\/em><\/p>\n<p>Verztec introduit des solutions de recrutement multilingues.<\/p>\n<hr style=\"border-top: 1px solid rgb(238, 238, 238); margin: 20px 0\" \/>\n<p><em style=\"color: #000; font-weight: normal;\">23 mai 2011<\/em><\/p>\n<p>Des solutions d&#8217;apprentissage et de d\u00e9veloppement revisitent la culture.<\/p>\n<hr style=\"border-top: 1px solid rgb(238, 238, 238); margin: 20px 0\" \/>\n<p><em style=\"color: #000; font-weight: normal;\">13 janvier 2011<\/em><\/p>\n<p><a style=\"text-decoration: none;\" title=\"Verztec annonce son incursion dans le monde de l'apprentissage et du d\u00e9veloppement en entreprise\" href=\"http:\/\/www.i-newswire.com\/verztec-announces-its-foray-into\/110504\" target=\"_blank\" rel=\"noopener\">Verztec annonce son incursion dans le monde de l&#8217;apprentissage et du d\u00e9veloppement en entreprise.<\/a><\/p>\n<hr style=\"border-top: 1px solid rgb(238, 238, 238); margin: 20px 0\" \/>\n<p><em style=\"color: #000; font-weight: normal;\">29 novembre 2010<\/em><\/p>\n<p>Verztec en lice pour le prix SPBA &#8211; Most Popular Brand Award.<\/p>\n<hr style=\"border-top: 1px solid rgb(238, 238, 238); margin: 20px 0\" \/>\n<p><em style=\"color: #000; font-weight: normal;\">3 ao\u00fbt 2010<\/em><\/p>\n<p>Lettre officielle de d\u00e9charge de Verztec clarifiant un malentendu pass\u00e9 concernant certains contenus web, d\u00fbment r\u00e9solu.<\/p>\n<hr style=\"border-top: 1px solid rgb(238, 238, 238); margin: 20px 0\" \/>\n<p><em style=\"color: #000; font-weight: normal;\">13 juillet 2010<\/em><\/p>\n<p>Le PDG de Verztec, M. Nicholas Goh, partage des conseils pour renforcer la communication avec les clients dans The Nation.<\/p>\n<hr style=\"border-top: 1px solid rgb(238, 238, 238); margin: 20px 0\" \/>\n<p><em style=\"color: #000; font-weight: normal;\">1 juillet 2010<\/em><\/p>\n<p>Le PDG de Verztec, Nicholas Goh, figure dans une interview exclusive avec The Nation (Tha\u00eflande).<\/p>\n<hr style=\"border-top: 1px solid rgb(238, 238, 238); margin: 20px 0\" \/>\n<p>Pour toute demande li\u00e9e aux m\u00e9dias, veuillez nous envoyer un e-mail \u00e0 l&#8217;adresse suivante : <a style=\"text-decoration: none;\" href=\"mailto:media@verztec.com\">media@verztec.com<\/a>.<\/p>\n","protected":false},"excerpt":{"rendered":"<p>Verztec s&#8217;engage \u00e0 promouvoir la transparence et la communication avec ses parties prenantes. Notre page de communiqu\u00e9s de presse fournit des mises \u00e0 jour r\u00e9guli\u00e8res sur les actualit\u00e9s de l&#8217;entreprise,&hellip;<\/p>\n","protected":false},"author":1,"featured_media":2024,"parent":0,"menu_order":11,"comment_status":"closed","ping_status":"closed","template":"","meta":{"footnotes":""},"class_list":["post-1451","page","type-page","status-publish","has-post-thumbnail","hentry"],"_links":{"self":[{"href":"https:\/\/www.verztec.com\/wp-json\/wp\/v2\/pages\/1451"}],"collection":[{"href":"https:\/\/www.verztec.com\/wp-json\/wp\/v2\/pages"}],"about":[{"href":"https:\/\/www.verztec.com\/wp-json\/wp\/v2\/types\/page"}],"author":[{"embeddable":true,"href":"https:\/\/www.verztec.com\/wp-json\/wp\/v2\/users\/1"}],"replies":[{"embeddable":true,"href":"https:\/\/www.verztec.com\/wp-json\/wp\/v2\/comments?post=1451"}],"version-history":[{"count":9,"href":"https:\/\/www.verztec.com\/wp-json\/wp\/v2\/pages\/1451\/revisions"}],"predecessor-version":[{"id":4247,"href":"https:\/\/www.verztec.com\/wp-json\/wp\/v2\/pages\/1451\/revisions\/4247"}],"wp:featuredmedia":[{"embeddable":true,"href":"https:\/\/www.verztec.com\/wp-json\/wp\/v2\/media\/2024"}],"wp:attachment":[{"href":"https:\/\/www.verztec.com\/wp-json\/wp\/v2\/media?parent=1451"}],"curies":[{"name":"wp","href":"https:\/\/api.w.org\/{rel}","templated":true}]}}